{"id":1409,"date":"2021-01-04T18:07:30","date_gmt":"2021-01-04T17:07:30","guid":{"rendered":"https:\/\/brancaia.cyon.site\/prodotti\/vini\/ilatraia\/"},"modified":"2025-07-15T14:49:25","modified_gmt":"2025-07-15T12:49:25","slug":"ilatraia","status":"publish","type":"page","link":"https:\/\/brancaia.com\/it\/prodotti\/vini\/ilatraia\/","title":{"rendered":"ilatraia"},"content":{"rendered":"<p>[et_pb_section fb_built=&#8221;1&#8243; module_class=&#8221;ba-product&#8221; _builder_version=&#8221;4.16&#8243; _module_preset=&#8221;default&#8221; global_colors_info=&#8221;{}&#8221;][et_pb_row _builder_version=&#8221;4.16&#8243; _module_preset=&#8221;default&#8221; global_colors_info=&#8221;{}&#8221;][et_pb_column type=&#8221;4_4&#8243; _builder_version=&#8221;4.16&#8243; _module_preset=&#8221;default&#8221; global_colors_info=&#8221;{}&#8221;][et_pb_text _builder_version=&#8221;4.16&#8243; _module_preset=&#8221;default&#8221; global_colors_info=&#8221;{}&#8221;]<\/p>\n<h1>ilatraia<\/h1>\n<p>&nbsp;<\/p>\n<p>[\/et_pb_text][\/et_pb_column][\/et_pb_row][et_pb_row column_structure=&#8221;1_2,1_2&#8243; _builder_version=&#8221;4.16&#8243; _module_preset=&#8221;default&#8221; global_colors_info=&#8221;{}&#8221;][et_pb_column type=&#8221;1_2&#8243; _builder_version=&#8221;4.16&#8243; _module_preset=&#8221;default&#8221; global_colors_info=&#8221;{}&#8221;][et_pb_text _builder_version=&#8221;4.16&#8243; _module_preset=&#8221;default&#8221; global_colors_info=&#8221;{}&#8221;]<\/p>\n<h2>La potenza incontra l&#8217;eleganza<\/h2>\n<p>L&#8217;Ilatraia \u00e8 il nostro vino di punta della Maremma: \u00e8 corposo e colpisce per la sua freschezza, precisione ed eleganza. Questo vino mostra un perfetto equilibrio tra maturit\u00e0 e finezza. \u00c8 estremamente setoso e levigato con tannini morbidi tipici della costa toscana. L&#8217;assemblaggio di 40% Petit Verdot, 40% Cabernet Sauvignon e 20% Cabernet Franc esprime tutta la bellezza di questo terroir. I tre vitigni possono maturare perfettamente senza irrigazione. Ilatraia viene affinato per 18 mesi in barrique francesi, di cui met\u00e0 nuove, e successivamente matura per almeno un anno in bottiglia. \u201cChe equilibrio tra maturit\u00e0 e finezza. Grande potenziale \u201d, dice James Suckling elogiando Ilatraia 2015.<\/p>\n<p>Ideale con piatti di carne, come piccione o fagiano. Il nostro abbinamento preferito \u00e8 con le tagliatelle fresche al rag\u00f9 di cinghiale.<\/p>\n<p>[\/et_pb_text][\/et_pb_column][et_pb_column type=&#8221;1_2&#8243; _builder_version=&#8221;4.16&#8243; _module_preset=&#8221;default&#8221; global_colors_info=&#8221;{}&#8221;][et_pb_image src=&#8221;https:\/\/brancaia.com\/wp-content\/uploads\/2025\/07\/Ilatraia_2022.png&#8221; alt=&#8221;Brancaia Ilatraia 2019&#8243; title_text=&#8221;Ilatraia_2022&#8243; align=&#8221;center&#8221; _builder_version=&#8221;4.27.4&#8243; _module_preset=&#8221;default&#8221; hover_enabled=&#8221;0&#8243; global_colors_info=&#8221;{}&#8221; sticky_enabled=&#8221;0&#8243;][\/et_pb_image][\/et_pb_column][\/et_pb_row][et_pb_row _builder_version=&#8221;4.16&#8243; _module_preset=&#8221;default&#8221; global_colors_info=&#8221;{}&#8221;][et_pb_column type=&#8221;4_4&#8243; _builder_version=&#8221;4.16&#8243; _module_preset=&#8221;default&#8221; global_colors_info=&#8221;{}&#8221;][et_pb_code _builder_version=&#8221;4.16&#8243; _module_preset=&#8221;default&#8221; global_colors_info=&#8221;{}&#8221;]\n\n\n<div id=\"wpv-view-layout-3605\" class=\"js-wpv-view-layout js-wpv-layout-responsive js-wpv-view-layout-3605\" data-viewnumber=\"3605\" data-pagination=\"{&quot;id&quot;:3605,&quot;query&quot;:&quot;normal&quot;,&quot;type&quot;:&quot;disabled&quot;,&quot;effect&quot;:&quot;fade&quot;,&quot;duration&quot;:500,&quot;speed&quot;:5,&quot;pause_on_hover&quot;:&quot;disabled&quot;,&quot;stop_rollover&quot;:&quot;false&quot;,&quot;cache_pages&quot;:&quot;enabled&quot;,&quot;preload_images&quot;:&quot;enabled&quot;,&quot;preload_pages&quot;:&quot;enabled&quot;,&quot;preload_reach&quot;:1,&quot;spinner&quot;:&quot;builtin&quot;,&quot;spinner_image&quot;:&quot;https:\/\/brancaia.com\/wp-content\/plugins\/wp-views\/embedded\/res\/img\/ajax-loader.gif&quot;,&quot;callback_next&quot;:&quot;&quot;,&quot;manage_history&quot;:&quot;enabled&quot;,&quot;has_controls_in_form&quot;:&quot;disabled&quot;,&quot;infinite_tolerance&quot;:&quot;0&quot;,&quot;max_pages&quot;:0,&quot;page&quot;:1,&quot;base_permalink&quot;:&quot;\/it\/wp-json\/wp\/v2\/pages\/1409?wpv_view_count=3605&amp;wpv_paged=WPV_PAGE_NUM&quot;,&quot;loop&quot;:{&quot;type&quot;:&quot;&quot;,&quot;name&quot;:&quot;&quot;,&quot;data&quot;:[],&quot;id&quot;:0}}\" data-permalink=\"\/it\/wp-json\/wp\/v2\/pages\/1409?wpv_view_count=3605\">\n\n\t\n\t<div id=\"ba-subnavi-years\">\n      \n      \n        <a class=\"ba-subnavi-years-item\" data-year=\"2022\" href=\"#ba-subnavi-years\">2022<\/a>\n      \n        <a class=\"ba-subnavi-years-item\" data-year=\"2021\" href=\"#ba-subnavi-years\">2021<\/a>\n      \n        <a class=\"ba-subnavi-years-item\" data-year=\"2020\" href=\"#ba-subnavi-years\">2020<\/a>\n      \n        <a class=\"ba-subnavi-years-item\" data-year=\"2019\" href=\"#ba-subnavi-years\">2019<\/a>\n      \n        <a class=\"ba-subnavi-years-item\" data-year=\"2018\" href=\"#ba-subnavi-years\">2018<\/a>\n      \n        <a class=\"ba-subnavi-years-item\" data-year=\"2017\" href=\"#ba-subnavi-years\">2017<\/a>\n      \n        <a class=\"ba-subnavi-years-item\" data-year=\"2016\" href=\"#ba-subnavi-years\">2016<\/a>\n      \n        <a class=\"ba-subnavi-years-item\" data-year=\"2015\" href=\"#ba-subnavi-years\">2015<\/a>\n      \n        <a class=\"ba-subnavi-years-item\" data-year=\"2014\" href=\"#ba-subnavi-years\">2014<\/a>\n      \n        <a class=\"ba-subnavi-years-item\" data-year=\"2013\" href=\"#ba-subnavi-years\">2013<\/a>\n      \n        <a class=\"ba-subnavi-years-item\" data-year=\"2012\" href=\"#ba-subnavi-years\">2012<\/a>\n      \n        <a class=\"ba-subnavi-years-item\" data-year=\"2011\" href=\"#ba-subnavi-years\">2011<\/a>\n      \n        <a class=\"ba-subnavi-years-item\" data-year=\"2010\" href=\"#ba-subnavi-years\">2010<\/a>\n      \n        <a class=\"ba-subnavi-years-item\" data-year=\"2009\" href=\"#ba-subnavi-years\">2009<\/a>\n      \n        <a class=\"ba-subnavi-years-item\" data-year=\"2008\" href=\"#ba-subnavi-years\">2008<\/a>\n      \n        <a class=\"ba-subnavi-years-item\" data-year=\"2007\" href=\"#ba-subnavi-years\">2007<\/a>\n      \n        <a class=\"ba-subnavi-years-item\" data-year=\"2006\" href=\"#ba-subnavi-years\">2006<\/a>\n      \n        <a class=\"ba-subnavi-years-item\" data-year=\"2005\" href=\"#ba-subnavi-years\">2005<\/a>\n      \n        <a class=\"ba-subnavi-years-item\" data-year=\"2004\" href=\"#ba-subnavi-years\">2004<\/a>\n      \n        <a class=\"ba-subnavi-years-item\" data-year=\"2003\" href=\"#ba-subnavi-years\">2003<\/a>\n      \n        <a class=\"ba-subnavi-years-item\" data-year=\"2002\" href=\"#ba-subnavi-years\">2002<\/a>\n      \n      \n\t<\/div>\n\t\n\t\n<\/div>\n[\/et_pb_code][et_pb_code _builder_version=&#8221;4.16&#8243; _module_preset=&#8221;default&#8221; global_colors_info=&#8221;{}&#8221;]\n\n\n<div id=\"wpv-view-layout-1329\" class=\"js-wpv-view-layout js-wpv-layout-responsive js-wpv-view-layout-1329\" data-viewnumber=\"1329\" data-pagination=\"{&quot;id&quot;:1329,&quot;query&quot;:&quot;normal&quot;,&quot;type&quot;:&quot;disabled&quot;,&quot;effect&quot;:&quot;fade&quot;,&quot;duration&quot;:500,&quot;speed&quot;:5,&quot;pause_on_hover&quot;:&quot;disabled&quot;,&quot;stop_rollover&quot;:&quot;false&quot;,&quot;cache_pages&quot;:&quot;enabled&quot;,&quot;preload_images&quot;:&quot;enabled&quot;,&quot;preload_pages&quot;:&quot;enabled&quot;,&quot;preload_reach&quot;:1,&quot;spinner&quot;:&quot;builtin&quot;,&quot;spinner_image&quot;:&quot;https:\/\/brancaia.com\/wp-content\/plugins\/wp-views\/embedded\/res\/img\/ajax-loader.gif&quot;,&quot;callback_next&quot;:&quot;&quot;,&quot;manage_history&quot;:&quot;enabled&quot;,&quot;has_controls_in_form&quot;:&quot;disabled&quot;,&quot;infinite_tolerance&quot;:&quot;0&quot;,&quot;max_pages&quot;:0,&quot;page&quot;:1,&quot;base_permalink&quot;:&quot;\/it\/wp-json\/wp\/v2\/pages\/1409?wpv_view_count=1329&amp;wpv_paged=WPV_PAGE_NUM&quot;,&quot;loop&quot;:{&quot;type&quot;:&quot;&quot;,&quot;name&quot;:&quot;&quot;,&quot;data&quot;:[],&quot;id&quot;:0}}\" data-permalink=\"\/it\/wp-json\/wp\/v2\/pages\/1409?wpv_view_count=1329\">\n\n\t\n\t\n\t\n\t\t<div class=\"ba-wine-specs 2022 hide\">\n  \n<div class=\"ba-wine-specs-col1\">\n\n    <div class=\"ba-wine-specs-group\">\n      <div class=\"ba-wine-specs-group-title\">Informazioni<\/div>\n      <div class=\"ba-wine-specs-attribute\">\n        <span class=\"ba-wine-specs-label\">Descrizione<\/span>\n        <p>ILATRAIA \u00e8 il nostro vino d\u2019eccellenza dalla zona della Maremma. Mostra un perfetto equilibrio tra maturit\u00e0 e raffinatezza, con tannini piacevoli, tipici dei vini della costa toscana. Il blend di 40% Petit Verdot, 40% Cabernet Sauvignon e 20% Cabernet Franc riflette tutta la bellezza del suo terroir.<\/p>\n\n      <\/div>\n      <div class=\"ba-wine-specs-attribute\">\n        <span class=\"ba-wine-specs-label\">Denominazione<\/span>\n        IGT Rosso Toscana\n      <\/div>\n      <div class=\"ba-wine-specs-attribute\">\n        <span class=\"ba-wine-specs-label\">Vitigni<\/span>\n        40%  Petit Verdot, 40% Cabernet Sauvignon, 20% Cabernet Franc\n      <\/div>\n    <\/div> <!-- group -->\n\n    <div class=\"ba-wine-specs-group\">\n      <div class=\"ba-wine-specs-group-title\">Vigneti e terroir<\/div>\n      <div class=\"ba-wine-specs-attribute\">\n        <span class=\"ba-wine-specs-label\">Vigneti<\/span>\n        Maremma\n      <\/div>\n    <\/div> <!-- group -->\n\n    <div class=\"ba-wine-specs-group\">\n      <div class=\"ba-wine-specs-group-title\">Vinificazione e affinamento<\/div>\n      <div class=\"ba-wine-specs-attribute\">\n        <span class=\"ba-wine-specs-label\">Alcol<\/span>\n        Grado alcolico: 14%; acidit\u00e0 totale: 5,85\u2030\n      <\/div>\n      <div class=\"ba-wine-specs-attribute\">\n        <span class=\"ba-wine-specs-label\">Maturazione in botte<\/span>\n        18 mesi, 1\/2 in barrique nuove, 1\/2 in barrique di secondo passaggio, ulteriori 3 mesi in vasche di cemento\n      <\/div>\n      <div class=\"ba-wine-specs-attribute\">\n        <span class=\"ba-wine-specs-label\">Affinamento in bottiglia<\/span>\n        Almeno 12 mesi\n      <\/div>\n      <div class=\"ba-wine-specs-attribute\">\n        <span class=\"ba-wine-specs-label\">Prima annata prodotta<\/span>\n        2002\n      <\/div>\n      <div class=\"ba-wine-specs-attribute\">\n        <span class=\"ba-wine-specs-label\">Potenziale evolutivo<\/span>\n        Fino a 25 anni\n      <\/div>\n    <\/div> <!-- group -->\n\n    <div class=\"ba-wine-specs-group\">\n      <div class=\"ba-wine-specs-group-title\">Note di degustazione<\/div>\n    <\/div> <!-- group -->\n      <div class=\"ba-wine-specs-attribute\">\n        <span class=\"ba-wine-specs-label\">Nota di degustazione<\/span>\n        <p>Al naso intensi profumi di frutta a bacca nera. Un vino elegante e di grande struttura, con tannini vellutati ed un finale generoso e persistente.<\/p>\n\n      <\/div>\n      <div class=\"ba-wine-specs-attribute\">\n        <span class=\"ba-wine-specs-label\">Abbinamenti<\/span>\n        <p>Cibi dai sapori intensi, cacciagione, carni brasate, arrosto o bollite.<\/p>\n\n      <\/div>\n<\/div> <!-- ba-wine-specs-col1 -->\n\n <div class=\"ba-wine-specs-col2\">\n\n     <div class=\"ba-wine-specs-group\">\n      <div class=\"ba-wine-specs-group-title\">Riconoscimenti<\/div>\n      <div class=\"ba-wine-specs-attribute\">\n        \n\n\n<div id=\"wpv-view-layout-2235-CPID19197\" class=\"js-wpv-view-layout js-wpv-layout-responsive js-wpv-view-layout-2235-CPID19197\" data-viewnumber=\"2235-CPID19197\" data-pagination=\"{&quot;id&quot;:2235,&quot;query&quot;:&quot;normal&quot;,&quot;type&quot;:&quot;disabled&quot;,&quot;effect&quot;:&quot;fade&quot;,&quot;duration&quot;:500,&quot;speed&quot;:5,&quot;pause_on_hover&quot;:&quot;disabled&quot;,&quot;stop_rollover&quot;:&quot;false&quot;,&quot;cache_pages&quot;:&quot;enabled&quot;,&quot;preload_images&quot;:&quot;enabled&quot;,&quot;preload_pages&quot;:&quot;enabled&quot;,&quot;preload_reach&quot;:1,&quot;spinner&quot;:&quot;builtin&quot;,&quot;spinner_image&quot;:&quot;&quot;,&quot;callback_next&quot;:&quot;&quot;,&quot;manage_history&quot;:&quot;enabled&quot;,&quot;has_controls_in_form&quot;:&quot;disabled&quot;,&quot;infinite_tolerance&quot;:0,&quot;max_pages&quot;:0,&quot;page&quot;:1,&quot;base_permalink&quot;:&quot;\/it\/wp-json\/wp\/v2\/pages\/1409?wpv_view_count=2235-CPID19197&amp;wpv_paged=WPV_PAGE_NUM&quot;,&quot;loop&quot;:{&quot;type&quot;:&quot;&quot;,&quot;name&quot;:&quot;&quot;,&quot;data&quot;:&#091;&#093;,&quot;id&quot;:0}}\" data-permalink=\"\/it\/wp-json\/wp\/v2\/pages\/1409?wpv_view_count=2235-CPID19197\">\n\n\t\n\t\n\t\n      <div class=\"ba-awards-table-row ba-awards-award ba-product-awards\">\n         <div class=\"ba-awards-attribute ba-awards-publication\">Wine Advocate<\/div>\n         <div class=\"ba-awards-attribute ba-awards-rating\">94<\/div>\n         <div class=\"ba-awards-attribute ba-awards-degustator\">Monica Larner<\/div>\n       <\/div>\n\t\n      <div class=\"ba-awards-table-row ba-awards-award ba-product-awards\">\n         <div class=\"ba-awards-attribute ba-awards-publication\">James Suckling<\/div>\n         <div class=\"ba-awards-attribute ba-awards-rating\">96<\/div>\n         <div class=\"ba-awards-attribute ba-awards-degustator\">James Suckling<\/div>\n       <\/div>\n\t\n      <div class=\"ba-awards-table-row ba-awards-award ba-product-awards\">\n         <div class=\"ba-awards-attribute ba-awards-publication\">Vinous<\/div>\n         <div class=\"ba-awards-attribute ba-awards-rating\">95<\/div>\n         <div class=\"ba-awards-attribute ba-awards-degustator\">Antonio Galloni<\/div>\n       <\/div>\n\t\n\t\n\t\n\t\n<\/div>\n      <\/div>\n    <\/div> <!-- group -->\n\n  <\/div> <!-- ba-wine-specs-col2 -->\n <\/div>\n\t\n\t\t<div class=\"ba-wine-specs 2021 hide\">\n  \n<div class=\"ba-wine-specs-col1\">\n\n    <div class=\"ba-wine-specs-group\">\n      <div class=\"ba-wine-specs-group-title\">Informazioni<\/div>\n      <div class=\"ba-wine-specs-attribute\">\n        <span class=\"ba-wine-specs-label\">Descrizione<\/span>\n        <p>ILATRAIA \u00e8 il nostro vino d\u2019eccellenza dalla zona della Maremma. Mostra un perfetto equilibrio tra maturit\u00e0 e raffinatezza, con tannini piacevoli, tipici dei vini della costa toscana. Il blend di 40% Petit Verdot, 40% Cabernet Sauvignon e 20% Cabernet Franc riflette tutta la bellezza del suo terroir.<\/p>\n\n      <\/div>\n      <div class=\"ba-wine-specs-attribute\">\n        <span class=\"ba-wine-specs-label\">Denominazione<\/span>\n        IGT Rosso Toscana\n      <\/div>\n      <div class=\"ba-wine-specs-attribute\">\n        <span class=\"ba-wine-specs-label\">Vitigni<\/span>\n        40%  Petit Verdot, 40% Cabernet Sauvignon, 20% Cabernet Franc\n      <\/div>\n    <\/div> <!-- group -->\n\n    <div class=\"ba-wine-specs-group\">\n      <div class=\"ba-wine-specs-group-title\">Vigneti e terroir<\/div>\n      <div class=\"ba-wine-specs-attribute\">\n        <span class=\"ba-wine-specs-label\">Vigneti<\/span>\n        Maremma\n      <\/div>\n    <\/div> <!-- group -->\n\n    <div class=\"ba-wine-specs-group\">\n      <div class=\"ba-wine-specs-group-title\">Vinificazione e affinamento<\/div>\n      <div class=\"ba-wine-specs-attribute\">\n        <span class=\"ba-wine-specs-label\">Alcol<\/span>\n        Grado alcolico: 14,5%; acidit\u00e0 totale: 5,65\u2030\n      <\/div>\n      <div class=\"ba-wine-specs-attribute\">\n        <span class=\"ba-wine-specs-label\">Maturazione in botte<\/span>\n        18 mesi, 1\/2 in barrique nuove, 1\/2 in barrique di secondo passaggio, ulteriori 3 mesi in vasche di cemento\n      <\/div>\n      <div class=\"ba-wine-specs-attribute\">\n        <span class=\"ba-wine-specs-label\">Affinamento in bottiglia<\/span>\n        Almeno 12 mesi\n      <\/div>\n      <div class=\"ba-wine-specs-attribute\">\n        <span class=\"ba-wine-specs-label\">Prima annata prodotta<\/span>\n        2002\n      <\/div>\n      <div class=\"ba-wine-specs-attribute\">\n        <span class=\"ba-wine-specs-label\">Potenziale evolutivo<\/span>\n        Fino a 25 anni\n      <\/div>\n    <\/div> <!-- group -->\n\n    <div class=\"ba-wine-specs-group\">\n      <div class=\"ba-wine-specs-group-title\">Note di degustazione<\/div>\n    <\/div> <!-- group -->\n      <div class=\"ba-wine-specs-attribute\">\n        <span class=\"ba-wine-specs-label\">Nota di degustazione<\/span>\n        <p>Al naso intensi profumi di frutta a bacca nera. Un vino elegante e di grande struttura, con tannini vellutati ed un finale generoso e persistente.<\/p>\n\n      <\/div>\n      <div class=\"ba-wine-specs-attribute\">\n        <span class=\"ba-wine-specs-label\">Abbinamenti<\/span>\n        <p>Cibi dai sapori intensi, cacciagione, carni brasate, arrosto o bollite.<\/p>\n\n      <\/div>\n<\/div> <!-- ba-wine-specs-col1 -->\n\n <div class=\"ba-wine-specs-col2\">\n\n     <div class=\"ba-wine-specs-group\">\n      <div class=\"ba-wine-specs-group-title\">Riconoscimenti<\/div>\n      <div class=\"ba-wine-specs-attribute\">\n        \n\n\n<div id=\"wpv-view-layout-2235-CPID15015\" class=\"js-wpv-view-layout js-wpv-layout-responsive js-wpv-view-layout-2235-CPID15015\" data-viewnumber=\"2235-CPID15015\" data-pagination=\"{&quot;id&quot;:2235,&quot;query&quot;:&quot;normal&quot;,&quot;type&quot;:&quot;disabled&quot;,&quot;effect&quot;:&quot;fade&quot;,&quot;duration&quot;:500,&quot;speed&quot;:5,&quot;pause_on_hover&quot;:&quot;disabled&quot;,&quot;stop_rollover&quot;:&quot;false&quot;,&quot;cache_pages&quot;:&quot;enabled&quot;,&quot;preload_images&quot;:&quot;enabled&quot;,&quot;preload_pages&quot;:&quot;enabled&quot;,&quot;preload_reach&quot;:1,&quot;spinner&quot;:&quot;builtin&quot;,&quot;spinner_image&quot;:&quot;&quot;,&quot;callback_next&quot;:&quot;&quot;,&quot;manage_history&quot;:&quot;enabled&quot;,&quot;has_controls_in_form&quot;:&quot;disabled&quot;,&quot;infinite_tolerance&quot;:0,&quot;max_pages&quot;:0,&quot;page&quot;:1,&quot;base_permalink&quot;:&quot;\/it\/wp-json\/wp\/v2\/pages\/1409?wpv_view_count=2235-CPID15015&amp;wpv_paged=WPV_PAGE_NUM&quot;,&quot;loop&quot;:{&quot;type&quot;:&quot;&quot;,&quot;name&quot;:&quot;&quot;,&quot;data&quot;:&#091;&#093;,&quot;id&quot;:0}}\" data-permalink=\"\/it\/wp-json\/wp\/v2\/pages\/1409?wpv_view_count=2235-CPID15015\">\n\n\t\n\t\n\t\n      <div class=\"ba-awards-table-row ba-awards-award ba-product-awards\">\n         <div class=\"ba-awards-attribute ba-awards-publication\">Vinum<\/div>\n         <div class=\"ba-awards-attribute ba-awards-rating\">94<\/div>\n         <div class=\"ba-awards-attribute ba-awards-degustator\"><\/div>\n       <\/div>\n\t\n      <div class=\"ba-awards-table-row ba-awards-award ba-product-awards\">\n         <div class=\"ba-awards-attribute ba-awards-publication\">I Vini di Veronelli<\/div>\n         <div class=\"ba-awards-attribute ba-awards-rating\">93<\/div>\n         <div class=\"ba-awards-attribute ba-awards-degustator\">Gigi Brozzoni<\/div>\n       <\/div>\n\t\n      <div class=\"ba-awards-table-row ba-awards-award ba-product-awards\">\n         <div class=\"ba-awards-attribute ba-awards-publication\">Wine Advocate<\/div>\n         <div class=\"ba-awards-attribute ba-awards-rating\">94<\/div>\n         <div class=\"ba-awards-attribute ba-awards-degustator\">Monica Larner<\/div>\n       <\/div>\n\t\n      <div class=\"ba-awards-table-row ba-awards-award ba-product-awards\">\n         <div class=\"ba-awards-attribute ba-awards-publication\">WinesCritic.com<\/div>\n         <div class=\"ba-awards-attribute ba-awards-rating\">95<\/div>\n         <div class=\"ba-awards-attribute ba-awards-degustator\">Raffaele Vecchione<\/div>\n       <\/div>\n\t\n      <div class=\"ba-awards-table-row ba-awards-award ba-product-awards\">\n         <div class=\"ba-awards-attribute ba-awards-publication\">Wine Enthusiast<\/div>\n         <div class=\"ba-awards-attribute ba-awards-rating\">94<\/div>\n         <div class=\"ba-awards-attribute ba-awards-degustator\"><\/div>\n       <\/div>\n\t\n      <div class=\"ba-awards-table-row ba-awards-award ba-product-awards\">\n         <div class=\"ba-awards-attribute ba-awards-publication\">James Suckling<\/div>\n         <div class=\"ba-awards-attribute ba-awards-rating\">96<\/div>\n         <div class=\"ba-awards-attribute ba-awards-degustator\">James Suckling<\/div>\n       <\/div>\n\t\n      <div class=\"ba-awards-table-row ba-awards-award ba-product-awards\">\n         <div class=\"ba-awards-attribute ba-awards-publication\">Falstaff<\/div>\n         <div class=\"ba-awards-attribute ba-awards-rating\">95<\/div>\n         <div class=\"ba-awards-attribute ba-awards-degustator\">Othmar Kiem, Simon Staffler<\/div>\n       <\/div>\n\t\n      <div class=\"ba-awards-table-row ba-awards-award ba-product-awards\">\n         <div class=\"ba-awards-attribute ba-awards-publication\">Vinous<\/div>\n         <div class=\"ba-awards-attribute ba-awards-rating\">94<\/div>\n         <div class=\"ba-awards-attribute ba-awards-degustator\">Antonio Galloni<\/div>\n       <\/div>\n\t\n\t\n\t\n\t\n<\/div>\n      <\/div>\n    <\/div> <!-- group -->\n\n  <\/div> <!-- ba-wine-specs-col2 -->\n <\/div>\n\t\n\t\t<div class=\"ba-wine-specs 2020 hide\">\n  \n<div class=\"ba-wine-specs-col1\">\n\n    <div class=\"ba-wine-specs-group\">\n      <div class=\"ba-wine-specs-group-title\">Informazioni<\/div>\n      <div class=\"ba-wine-specs-attribute\">\n        <span class=\"ba-wine-specs-label\">Descrizione<\/span>\n        <p>ILATRAIA \u00e8 il nostro vino d\u2019eccellenza dalla zona della Maremma. Mostra un perfetto equilibrio tra maturit\u00e0 e raffinatezza, con tannini piacevoli, tipici dei vini della costa toscana. Il blend di 40% Petit Verdot, 40% Cabernet Sauvignon e 20% Cabernet Franc riflette tutta la bellezza del suo terroir.<\/p>\n\n      <\/div>\n      <div class=\"ba-wine-specs-attribute\">\n        <span class=\"ba-wine-specs-label\">Denominazione<\/span>\n        IGT Rosso Toscana\n      <\/div>\n      <div class=\"ba-wine-specs-attribute\">\n        <span class=\"ba-wine-specs-label\">Vitigni<\/span>\n        40%  Petit Verdot, 40% Cabernet Sauvignon, 20% Cabernet Franc\n      <\/div>\n    <\/div> <!-- group -->\n\n    <div class=\"ba-wine-specs-group\">\n      <div class=\"ba-wine-specs-group-title\">Vigneti e terroir<\/div>\n      <div class=\"ba-wine-specs-attribute\">\n        <span class=\"ba-wine-specs-label\">Vigneti<\/span>\n        Maremma\n      <\/div>\n    <\/div> <!-- group -->\n\n    <div class=\"ba-wine-specs-group\">\n      <div class=\"ba-wine-specs-group-title\">Vinificazione e affinamento<\/div>\n      <div class=\"ba-wine-specs-attribute\">\n        <span class=\"ba-wine-specs-label\">Alcol<\/span>\n        Grado alcolico: 14,5%; acidit\u00e0 totale: 5,65\u2030\n      <\/div>\n      <div class=\"ba-wine-specs-attribute\">\n        <span class=\"ba-wine-specs-label\">Maturazione in botte<\/span>\n        18 mesi, 1\/2 in barrique nuove, 1\/2 in barrique di secondo passaggio\n      <\/div>\n      <div class=\"ba-wine-specs-attribute\">\n        <span class=\"ba-wine-specs-label\">Affinamento in bottiglia<\/span>\n        Almeno 12 mesi\n      <\/div>\n      <div class=\"ba-wine-specs-attribute\">\n        <span class=\"ba-wine-specs-label\">Prima annata prodotta<\/span>\n        2002\n      <\/div>\n      <div class=\"ba-wine-specs-attribute\">\n        <span class=\"ba-wine-specs-label\">Potenziale evolutivo<\/span>\n        Fino a 25 anni\n      <\/div>\n    <\/div> <!-- group -->\n\n    <div class=\"ba-wine-specs-group\">\n      <div class=\"ba-wine-specs-group-title\">Note di degustazione<\/div>\n    <\/div> <!-- group -->\n      <div class=\"ba-wine-specs-attribute\">\n        <span class=\"ba-wine-specs-label\">Nota di degustazione<\/span>\n        <p>Al naso intensi profumi di frutta a bacca nera. Un vino elegante e di grande struttura, con tannini vellutati ed un finale generoso e persistente.<\/p>\n\n      <\/div>\n      <div class=\"ba-wine-specs-attribute\">\n        <span class=\"ba-wine-specs-label\">Abbinamenti<\/span>\n        <p>Cibi dai sapori intensi, cacciagione, carni brasate, arrosto o bollite.<\/p>\n\n      <\/div>\n<\/div> <!-- ba-wine-specs-col1 -->\n\n <div class=\"ba-wine-specs-col2\">\n\n     <div class=\"ba-wine-specs-group\">\n      <div class=\"ba-wine-specs-group-title\">Riconoscimenti<\/div>\n      <div class=\"ba-wine-specs-attribute\">\n        \n\n\n<div id=\"wpv-view-layout-2235-CPID12667\" class=\"js-wpv-view-layout js-wpv-layout-responsive js-wpv-view-layout-2235-CPID12667\" data-viewnumber=\"2235-CPID12667\" data-pagination=\"{&quot;id&quot;:2235,&quot;query&quot;:&quot;normal&quot;,&quot;type&quot;:&quot;disabled&quot;,&quot;effect&quot;:&quot;fade&quot;,&quot;duration&quot;:500,&quot;speed&quot;:5,&quot;pause_on_hover&quot;:&quot;disabled&quot;,&quot;stop_rollover&quot;:&quot;false&quot;,&quot;cache_pages&quot;:&quot;enabled&quot;,&quot;preload_images&quot;:&quot;enabled&quot;,&quot;preload_pages&quot;:&quot;enabled&quot;,&quot;preload_reach&quot;:1,&quot;spinner&quot;:&quot;builtin&quot;,&quot;spinner_image&quot;:&quot;&quot;,&quot;callback_next&quot;:&quot;&quot;,&quot;manage_history&quot;:&quot;enabled&quot;,&quot;has_controls_in_form&quot;:&quot;disabled&quot;,&quot;infinite_tolerance&quot;:0,&quot;max_pages&quot;:0,&quot;page&quot;:1,&quot;base_permalink&quot;:&quot;\/it\/wp-json\/wp\/v2\/pages\/1409?wpv_view_count=2235-CPID12667&amp;wpv_paged=WPV_PAGE_NUM&quot;,&quot;loop&quot;:{&quot;type&quot;:&quot;&quot;,&quot;name&quot;:&quot;&quot;,&quot;data&quot;:&#091;&#093;,&quot;id&quot;:0}}\" data-permalink=\"\/it\/wp-json\/wp\/v2\/pages\/1409?wpv_view_count=2235-CPID12667\">\n\n\t\n\t\n\t\n      <div class=\"ba-awards-table-row ba-awards-award ba-product-awards\">\n         <div class=\"ba-awards-attribute ba-awards-publication\">WinesCritic.com<\/div>\n         <div class=\"ba-awards-attribute ba-awards-rating\">95<\/div>\n         <div class=\"ba-awards-attribute ba-awards-degustator\">Federica Ferone<\/div>\n       <\/div>\n\t\n      <div class=\"ba-awards-table-row ba-awards-award ba-product-awards\">\n         <div class=\"ba-awards-attribute ba-awards-publication\">Wine Advocate<\/div>\n         <div class=\"ba-awards-attribute ba-awards-rating\">94+<\/div>\n         <div class=\"ba-awards-attribute ba-awards-degustator\">Monica Larner<\/div>\n       <\/div>\n\t\n      <div class=\"ba-awards-table-row ba-awards-award ba-product-awards\">\n         <div class=\"ba-awards-attribute ba-awards-publication\">Falstaff<\/div>\n         <div class=\"ba-awards-attribute ba-awards-rating\">94<\/div>\n         <div class=\"ba-awards-attribute ba-awards-degustator\">Othmar Kiem, Simon Staffler<\/div>\n       <\/div>\n\t\n      <div class=\"ba-awards-table-row ba-awards-award ba-product-awards\">\n         <div class=\"ba-awards-attribute ba-awards-publication\">Vinous<\/div>\n         <div class=\"ba-awards-attribute ba-awards-rating\">94<\/div>\n         <div class=\"ba-awards-attribute ba-awards-degustator\">Antonio Galloni<\/div>\n       <\/div>\n\t\n      <div class=\"ba-awards-table-row ba-awards-award ba-product-awards\">\n         <div class=\"ba-awards-attribute ba-awards-publication\">James Suckling<\/div>\n         <div class=\"ba-awards-attribute ba-awards-rating\">95<\/div>\n         <div class=\"ba-awards-attribute ba-awards-degustator\">James Suckling<\/div>\n       <\/div>\n\t\n      <div class=\"ba-awards-table-row ba-awards-award ba-product-awards\">\n         <div class=\"ba-awards-attribute ba-awards-publication\">Wine Enthusiast<\/div>\n         <div class=\"ba-awards-attribute ba-awards-rating\">93<\/div>\n         <div class=\"ba-awards-attribute ba-awards-degustator\"><\/div>\n       <\/div>\n\t\n\t\n\t\n\t\n<\/div>\n      <\/div>\n    <\/div> <!-- group -->\n\n  <\/div> <!-- ba-wine-specs-col2 -->\n <\/div>\n\t\n\t\t<div class=\"ba-wine-specs 2019 hide\">\n  \n<div class=\"ba-wine-specs-col1\">\n\n    <div class=\"ba-wine-specs-group\">\n      <div class=\"ba-wine-specs-group-title\">Informazioni<\/div>\n      <div class=\"ba-wine-specs-attribute\">\n        <span class=\"ba-wine-specs-label\">Descrizione<\/span>\n        <p>ILATRAIA \u00e8 il nostro vino d\u2019eccellenza dalla zona della Maremma. Mostra un perfetto equilibrio tra maturit\u00e0 e raffinatezza, con tannini piacevoli, tipici dei vini della costa toscana. Il blend di 40% Petit Verdot, 40% Cabernet Sauvignon e 20% Cabernet Franc riflette tutta la bellezza del suo terroir.<\/p>\n\n      <\/div>\n      <div class=\"ba-wine-specs-attribute\">\n        <span class=\"ba-wine-specs-label\">Denominazione<\/span>\n        IGT Rosso Toscana\n      <\/div>\n      <div class=\"ba-wine-specs-attribute\">\n        <span class=\"ba-wine-specs-label\">Vitigni<\/span>\n        40%  Petit Verdot, 40% Cabernet Sauvignon, 20% Cabernet Franc\n      <\/div>\n    <\/div> <!-- group -->\n\n    <div class=\"ba-wine-specs-group\">\n      <div class=\"ba-wine-specs-group-title\">Vigneti e terroir<\/div>\n      <div class=\"ba-wine-specs-attribute\">\n        <span class=\"ba-wine-specs-label\">Vigneti<\/span>\n        Maremma\n      <\/div>\n    <\/div> <!-- group -->\n\n    <div class=\"ba-wine-specs-group\">\n      <div class=\"ba-wine-specs-group-title\">Vinificazione e affinamento<\/div>\n      <div class=\"ba-wine-specs-attribute\">\n        <span class=\"ba-wine-specs-label\">Alcol<\/span>\n        Grado alcolico: 14,5%; acidit\u00e0 totale: 5,60\u2030\n      <\/div>\n      <div class=\"ba-wine-specs-attribute\">\n        <span class=\"ba-wine-specs-label\">Maturazione in botte<\/span>\n        18 mesi, 1\/2 in barrique nuove, 1\/2 in barrique di secondo passaggio\n      <\/div>\n      <div class=\"ba-wine-specs-attribute\">\n        <span class=\"ba-wine-specs-label\">Affinamento in bottiglia<\/span>\n        Almeno 12 mesi\n      <\/div>\n      <div class=\"ba-wine-specs-attribute\">\n        <span class=\"ba-wine-specs-label\">Prima annata prodotta<\/span>\n        2002\n      <\/div>\n      <div class=\"ba-wine-specs-attribute\">\n        <span class=\"ba-wine-specs-label\">Potenziale evolutivo<\/span>\n        Fino a 25 anni\n      <\/div>\n    <\/div> <!-- group -->\n\n    <div class=\"ba-wine-specs-group\">\n      <div class=\"ba-wine-specs-group-title\">Note di degustazione<\/div>\n    <\/div> <!-- group -->\n      <div class=\"ba-wine-specs-attribute\">\n        <span class=\"ba-wine-specs-label\">Nota di degustazione<\/span>\n        <p>Al naso intensi profumi di frutta a bacca nera. Un vino elegante e di grande struttura, con tannini vellutati ed un finale generoso e persistente.<\/p>\n\n      <\/div>\n      <div class=\"ba-wine-specs-attribute\">\n        <span class=\"ba-wine-specs-label\">Abbinamenti<\/span>\n        <p>Cibi dai sapori intensi, cacciagione, carni brasate, arrosto o bollite.<\/p>\n\n      <\/div>\n<\/div> <!-- ba-wine-specs-col1 -->\n\n <div class=\"ba-wine-specs-col2\">\n\n     <div class=\"ba-wine-specs-group\">\n      <div class=\"ba-wine-specs-group-title\">Riconoscimenti<\/div>\n      <div class=\"ba-wine-specs-attribute\">\n        \n\n\n<div id=\"wpv-view-layout-2235-CPID10776\" class=\"js-wpv-view-layout js-wpv-layout-responsive js-wpv-view-layout-2235-CPID10776\" data-viewnumber=\"2235-CPID10776\" data-pagination=\"{&quot;id&quot;:2235,&quot;query&quot;:&quot;normal&quot;,&quot;type&quot;:&quot;disabled&quot;,&quot;effect&quot;:&quot;fade&quot;,&quot;duration&quot;:500,&quot;speed&quot;:5,&quot;pause_on_hover&quot;:&quot;disabled&quot;,&quot;stop_rollover&quot;:&quot;false&quot;,&quot;cache_pages&quot;:&quot;enabled&quot;,&quot;preload_images&quot;:&quot;enabled&quot;,&quot;preload_pages&quot;:&quot;enabled&quot;,&quot;preload_reach&quot;:1,&quot;spinner&quot;:&quot;builtin&quot;,&quot;spinner_image&quot;:&quot;&quot;,&quot;callback_next&quot;:&quot;&quot;,&quot;manage_history&quot;:&quot;enabled&quot;,&quot;has_controls_in_form&quot;:&quot;disabled&quot;,&quot;infinite_tolerance&quot;:0,&quot;max_pages&quot;:0,&quot;page&quot;:1,&quot;base_permalink&quot;:&quot;\/it\/wp-json\/wp\/v2\/pages\/1409?wpv_view_count=2235-CPID10776&amp;wpv_paged=WPV_PAGE_NUM&quot;,&quot;loop&quot;:{&quot;type&quot;:&quot;&quot;,&quot;name&quot;:&quot;&quot;,&quot;data&quot;:&#091;&#093;,&quot;id&quot;:0}}\" data-permalink=\"\/it\/wp-json\/wp\/v2\/pages\/1409?wpv_view_count=2235-CPID10776\">\n\n\t\n\t\n\t\n      <div class=\"ba-awards-table-row ba-awards-award ba-product-awards\">\n         <div class=\"ba-awards-attribute ba-awards-publication\">Decanter World Wine Awards<\/div>\n         <div class=\"ba-awards-attribute ba-awards-rating\">92<\/div>\n         <div class=\"ba-awards-attribute ba-awards-degustator\"><\/div>\n       <\/div>\n\t\n      <div class=\"ba-awards-table-row ba-awards-award ba-product-awards\">\n         <div class=\"ba-awards-attribute ba-awards-publication\">Vinous<\/div>\n         <div class=\"ba-awards-attribute ba-awards-rating\">94<\/div>\n         <div class=\"ba-awards-attribute ba-awards-degustator\">Antonio Galloni<\/div>\n       <\/div>\n\t\n      <div class=\"ba-awards-table-row ba-awards-award ba-product-awards\">\n         <div class=\"ba-awards-attribute ba-awards-publication\">Falstaff<\/div>\n         <div class=\"ba-awards-attribute ba-awards-rating\">95<\/div>\n         <div class=\"ba-awards-attribute ba-awards-degustator\">Othmar Kiem<\/div>\n       <\/div>\n\t\n      <div class=\"ba-awards-table-row ba-awards-award ba-product-awards\">\n         <div class=\"ba-awards-attribute ba-awards-publication\">James Suckling<\/div>\n         <div class=\"ba-awards-attribute ba-awards-rating\">97<\/div>\n         <div class=\"ba-awards-attribute ba-awards-degustator\">James Suckling<\/div>\n       <\/div>\n\t\n\t\n\t\n\t\n<\/div>\n      <\/div>\n    <\/div> <!-- group -->\n\n  <\/div> <!-- ba-wine-specs-col2 -->\n <\/div>\n\t\n\t\t<div class=\"ba-wine-specs 2018 hide\">\n  \n<div class=\"ba-wine-specs-col1\">\n\n    <div class=\"ba-wine-specs-group\">\n      <div class=\"ba-wine-specs-group-title\">Informazioni<\/div>\n      <div class=\"ba-wine-specs-attribute\">\n        <span class=\"ba-wine-specs-label\">Descrizione<\/span>\n        <p>ILATRAIA \u00e8 il nostro vino d\u2019eccellenza dalla zona della Maremma. Mostra un perfetto equilibrio tra maturit\u00e0 e raffinatezza, con tannini piacevoli, tipici dei vini della costa toscana. Il blend di 40% Petit Verdot, 40% Cabernet Sauvignon e 20% Cabernet Franc riflette tutta la bellezza del suo terroir.<\/p>\n\n      <\/div>\n      <div class=\"ba-wine-specs-attribute\">\n        <span class=\"ba-wine-specs-label\">Denominazione<\/span>\n        IGT Rosso Toscana\n      <\/div>\n      <div class=\"ba-wine-specs-attribute\">\n        <span class=\"ba-wine-specs-label\">Vitigni<\/span>\n        Petit Verdot 40%, Cabernet Sauvignon 40%, Cabernet Franc 20%\n      <\/div>\n    <\/div> <!-- group -->\n\n    <div class=\"ba-wine-specs-group\">\n      <div class=\"ba-wine-specs-group-title\">Vigneti e terroir<\/div>\n      <div class=\"ba-wine-specs-attribute\">\n        <span class=\"ba-wine-specs-label\">Vigneti<\/span>\n        Maremma\n      <\/div>\n    <\/div> <!-- group -->\n\n    <div class=\"ba-wine-specs-group\">\n      <div class=\"ba-wine-specs-group-title\">Vinificazione e affinamento<\/div>\n      <div class=\"ba-wine-specs-attribute\">\n        <span class=\"ba-wine-specs-label\">Alcol<\/span>\n        Grado alcolico: 14,5%; acidit\u00e0 totale: 5,60\u2030\n      <\/div>\n      <div class=\"ba-wine-specs-attribute\">\n        <span class=\"ba-wine-specs-label\">Maturazione in botte<\/span>\n        16 mesi, 1\/2 in barrique nuove, 1\/2 in barrique di secondo passaggio\n      <\/div>\n      <div class=\"ba-wine-specs-attribute\">\n        <span class=\"ba-wine-specs-label\">Affinamento in bottiglia<\/span>\n        12 mesi\n      <\/div>\n      <div class=\"ba-wine-specs-attribute\">\n        <span class=\"ba-wine-specs-label\">Prima annata prodotta<\/span>\n        2002\n      <\/div>\n      <div class=\"ba-wine-specs-attribute\">\n        <span class=\"ba-wine-specs-label\">Potenziale evolutivo<\/span>\n        Fino a 25 anni\n      <\/div>\n    <\/div> <!-- group -->\n\n    <div class=\"ba-wine-specs-group\">\n      <div class=\"ba-wine-specs-group-title\">Note di degustazione<\/div>\n    <\/div> <!-- group -->\n      <div class=\"ba-wine-specs-attribute\">\n        <span class=\"ba-wine-specs-label\">Nota di degustazione<\/span>\n        <p>Al naso intensi profumi di frutta a bacca nera. Un vino elegante e di grande struttura, con tannini vellutati ed un finale generoso e persistente.<\/p>\n\n      <\/div>\n      <div class=\"ba-wine-specs-attribute\">\n        <span class=\"ba-wine-specs-label\">Abbinamenti<\/span>\n        <p>Cibi dai sapori intensi, cacciagione, carni brasate, arrosto o bollite.<\/p>\n\n      <\/div>\n<\/div> <!-- ba-wine-specs-col1 -->\n\n <div class=\"ba-wine-specs-col2\">\n\n     <div class=\"ba-wine-specs-group\">\n      <div class=\"ba-wine-specs-group-title\">Riconoscimenti<\/div>\n      <div class=\"ba-wine-specs-attribute\">\n        \n\n\n<div id=\"wpv-view-layout-2235-CPID9486\" class=\"js-wpv-view-layout js-wpv-layout-responsive js-wpv-view-layout-2235-CPID9486\" data-viewnumber=\"2235-CPID9486\" data-pagination=\"{&quot;id&quot;:2235,&quot;query&quot;:&quot;normal&quot;,&quot;type&quot;:&quot;disabled&quot;,&quot;effect&quot;:&quot;fade&quot;,&quot;duration&quot;:500,&quot;speed&quot;:5,&quot;pause_on_hover&quot;:&quot;disabled&quot;,&quot;stop_rollover&quot;:&quot;false&quot;,&quot;cache_pages&quot;:&quot;enabled&quot;,&quot;preload_images&quot;:&quot;enabled&quot;,&quot;preload_pages&quot;:&quot;enabled&quot;,&quot;preload_reach&quot;:1,&quot;spinner&quot;:&quot;builtin&quot;,&quot;spinner_image&quot;:&quot;&quot;,&quot;callback_next&quot;:&quot;&quot;,&quot;manage_history&quot;:&quot;enabled&quot;,&quot;has_controls_in_form&quot;:&quot;disabled&quot;,&quot;infinite_tolerance&quot;:0,&quot;max_pages&quot;:0,&quot;page&quot;:1,&quot;base_permalink&quot;:&quot;\/it\/wp-json\/wp\/v2\/pages\/1409?wpv_view_count=2235-CPID9486&amp;wpv_paged=WPV_PAGE_NUM&quot;,&quot;loop&quot;:{&quot;type&quot;:&quot;&quot;,&quot;name&quot;:&quot;&quot;,&quot;data&quot;:&#091;&#093;,&quot;id&quot;:0}}\" data-permalink=\"\/it\/wp-json\/wp\/v2\/pages\/1409?wpv_view_count=2235-CPID9486\">\n\n\t\n\t\n\t\n      <div class=\"ba-awards-table-row ba-awards-award ba-product-awards\">\n         <div class=\"ba-awards-attribute ba-awards-publication\">James Suckling<\/div>\n         <div class=\"ba-awards-attribute ba-awards-rating\">97<\/div>\n         <div class=\"ba-awards-attribute ba-awards-degustator\">James Suckling<\/div>\n       <\/div>\n\t\n      <div class=\"ba-awards-table-row ba-awards-award ba-product-awards\">\n         <div class=\"ba-awards-attribute ba-awards-publication\">WinesCritic.com<\/div>\n         <div class=\"ba-awards-attribute ba-awards-rating\">96<\/div>\n         <div class=\"ba-awards-attribute ba-awards-degustator\">Raffaele Vecchione<\/div>\n       <\/div>\n\t\n      <div class=\"ba-awards-table-row ba-awards-award ba-product-awards\">\n         <div class=\"ba-awards-attribute ba-awards-publication\">Vinous<\/div>\n         <div class=\"ba-awards-attribute ba-awards-rating\">94<\/div>\n         <div class=\"ba-awards-attribute ba-awards-degustator\">Antonio Galloni<\/div>\n       <\/div>\n\t\n      <div class=\"ba-awards-table-row ba-awards-award ba-product-awards\">\n         <div class=\"ba-awards-attribute ba-awards-publication\">Falstaff<\/div>\n         <div class=\"ba-awards-attribute ba-awards-rating\">94<\/div>\n         <div class=\"ba-awards-attribute ba-awards-degustator\">Othmar Kiem, Simon Staffler<\/div>\n       <\/div>\n\t\n\t\n\t\n\t\n<\/div>\n      <\/div>\n    <\/div> <!-- group -->\n\n  <\/div> <!-- ba-wine-specs-col2 -->\n <\/div>\n\t\n\t\t<div class=\"ba-wine-specs 2017 hide\">\n  \n<div class=\"ba-wine-specs-col1\">\n\n    <div class=\"ba-wine-specs-group\">\n      <div class=\"ba-wine-specs-group-title\">Informazioni<\/div>\n      <div class=\"ba-wine-specs-attribute\">\n        <span class=\"ba-wine-specs-label\">Descrizione<\/span>\n        <p>ILATRAIA \u00e8 il nostro vino d\u2019eccellenza dalla zona della Maremma. Mostra un perfetto equilibrio tra maturit\u00e0 e raffinatezza, con tannini piacevoli, tipici dei vini della costa toscana. Il blend di 40% Petit Verdot, 40% Cabernet Sauvignon e 20% Cabernet Franc riflette tutta la bellezza del suo terroir.<\/p>\n\n      <\/div>\n      <div class=\"ba-wine-specs-attribute\">\n        <span class=\"ba-wine-specs-label\">Denominazione<\/span>\n        IGT Rosso Toscana\n      <\/div>\n      <div class=\"ba-wine-specs-attribute\">\n        <span class=\"ba-wine-specs-label\">Vitigni<\/span>\n        Petit Verdot 40%, Cabernet Sauvignon 40%, Cabernet Franc 20%\n      <\/div>\n    <\/div> <!-- group -->\n\n    <div class=\"ba-wine-specs-group\">\n      <div class=\"ba-wine-specs-group-title\">Vigneti e terroir<\/div>\n      <div class=\"ba-wine-specs-attribute\">\n        <span class=\"ba-wine-specs-label\">Vigneti<\/span>\n        Maremma.\n      <\/div>\n    <\/div> <!-- group -->\n\n    <div class=\"ba-wine-specs-group\">\n      <div class=\"ba-wine-specs-group-title\">Vinificazione e affinamento<\/div>\n      <div class=\"ba-wine-specs-attribute\">\n        <span class=\"ba-wine-specs-label\">Alcol<\/span>\n        Grado alcolico: 14,5%; acidit\u00e0 totale: 6,10\u2030\n      <\/div>\n      <div class=\"ba-wine-specs-attribute\">\n        <span class=\"ba-wine-specs-label\">Maturazione in botte<\/span>\n        18 mesi, 1\/2 in barrique nuove, 1\/2 in barrique di secondo passaggio\n      <\/div>\n      <div class=\"ba-wine-specs-attribute\">\n        <span class=\"ba-wine-specs-label\">Affinamento in bottiglia<\/span>\n        12 mesi\n      <\/div>\n      <div class=\"ba-wine-specs-attribute\">\n        <span class=\"ba-wine-specs-label\">Prima annata prodotta<\/span>\n        2002\n      <\/div>\n      <div class=\"ba-wine-specs-attribute\">\n        <span class=\"ba-wine-specs-label\">Potenziale evolutivo<\/span>\n        Fino a 25 anni\n      <\/div>\n    <\/div> <!-- group -->\n\n    <div class=\"ba-wine-specs-group\">\n      <div class=\"ba-wine-specs-group-title\">Note di degustazione<\/div>\n    <\/div> <!-- group -->\n      <div class=\"ba-wine-specs-attribute\">\n        <span class=\"ba-wine-specs-label\">Nota di degustazione<\/span>\n        <p>Al naso intensi profumi di frutta a bacca nera. Un vino elegante e di grande struttura, con tannini vellutati ed un finale generoso e persistente.<\/p>\n\n      <\/div>\n      <div class=\"ba-wine-specs-attribute\">\n        <span class=\"ba-wine-specs-label\">Abbinamenti<\/span>\n        <p>Cibi dai sapori intensi, cacciagione, carni brasate, arrosto o bollite.<\/p>\n\n      <\/div>\n<\/div> <!-- ba-wine-specs-col1 -->\n\n <div class=\"ba-wine-specs-col2\">\n\n     <div class=\"ba-wine-specs-group\">\n      <div class=\"ba-wine-specs-group-title\">Riconoscimenti<\/div>\n      <div class=\"ba-wine-specs-attribute\">\n        \n\n\n<div id=\"wpv-view-layout-2235-CPID3128\" class=\"js-wpv-view-layout js-wpv-layout-responsive js-wpv-view-layout-2235-CPID3128\" data-viewnumber=\"2235-CPID3128\" data-pagination=\"{&quot;id&quot;:2235,&quot;query&quot;:&quot;normal&quot;,&quot;type&quot;:&quot;disabled&quot;,&quot;effect&quot;:&quot;fade&quot;,&quot;duration&quot;:500,&quot;speed&quot;:5,&quot;pause_on_hover&quot;:&quot;disabled&quot;,&quot;stop_rollover&quot;:&quot;false&quot;,&quot;cache_pages&quot;:&quot;enabled&quot;,&quot;preload_images&quot;:&quot;enabled&quot;,&quot;preload_pages&quot;:&quot;enabled&quot;,&quot;preload_reach&quot;:1,&quot;spinner&quot;:&quot;builtin&quot;,&quot;spinner_image&quot;:&quot;&quot;,&quot;callback_next&quot;:&quot;&quot;,&quot;manage_history&quot;:&quot;enabled&quot;,&quot;has_controls_in_form&quot;:&quot;disabled&quot;,&quot;infinite_tolerance&quot;:0,&quot;max_pages&quot;:0,&quot;page&quot;:1,&quot;base_permalink&quot;:&quot;\/it\/wp-json\/wp\/v2\/pages\/1409?wpv_view_count=2235-CPID3128&amp;wpv_paged=WPV_PAGE_NUM&quot;,&quot;loop&quot;:{&quot;type&quot;:&quot;&quot;,&quot;name&quot;:&quot;&quot;,&quot;data&quot;:&#091;&#093;,&quot;id&quot;:0}}\" data-permalink=\"\/it\/wp-json\/wp\/v2\/pages\/1409?wpv_view_count=2235-CPID3128\">\n\n\t\n\t\n\t\n      <div class=\"ba-awards-table-row ba-awards-award ba-product-awards\">\n         <div class=\"ba-awards-attribute ba-awards-publication\">Intravino<\/div>\n         <div class=\"ba-awards-attribute ba-awards-rating\">94<\/div>\n         <div class=\"ba-awards-attribute ba-awards-degustator\">Andrea Gori<\/div>\n       <\/div>\n\t\n      <div class=\"ba-awards-table-row ba-awards-award ba-product-awards\">\n         <div class=\"ba-awards-attribute ba-awards-publication\">Wine Advocate<\/div>\n         <div class=\"ba-awards-attribute ba-awards-rating\">95<\/div>\n         <div class=\"ba-awards-attribute ba-awards-degustator\">Monica Larner<\/div>\n       <\/div>\n\t\n      <div class=\"ba-awards-table-row ba-awards-award ba-product-awards\">\n         <div class=\"ba-awards-attribute ba-awards-publication\">Wine Enthusiast<\/div>\n         <div class=\"ba-awards-attribute ba-awards-rating\">92<\/div>\n         <div class=\"ba-awards-attribute ba-awards-degustator\">Kerin O'Keefe<\/div>\n       <\/div>\n\t\n      <div class=\"ba-awards-table-row ba-awards-award ba-product-awards\">\n         <div class=\"ba-awards-attribute ba-awards-publication\">Vinous<\/div>\n         <div class=\"ba-awards-attribute ba-awards-rating\">93<\/div>\n         <div class=\"ba-awards-attribute ba-awards-degustator\">Antonio Galloni<\/div>\n       <\/div>\n\t\n      <div class=\"ba-awards-table-row ba-awards-award ba-product-awards\">\n         <div class=\"ba-awards-attribute ba-awards-publication\">Falstaff<\/div>\n         <div class=\"ba-awards-attribute ba-awards-rating\">93<\/div>\n         <div class=\"ba-awards-attribute ba-awards-degustator\">Othmar Kiem, Simon Staffler<\/div>\n       <\/div>\n\t\n      <div class=\"ba-awards-table-row ba-awards-award ba-product-awards\">\n         <div class=\"ba-awards-attribute ba-awards-publication\">James Suckling<\/div>\n         <div class=\"ba-awards-attribute ba-awards-rating\">94<\/div>\n         <div class=\"ba-awards-attribute ba-awards-degustator\">James Suckling<\/div>\n       <\/div>\n\t\n      <div class=\"ba-awards-table-row ba-awards-award ba-product-awards\">\n         <div class=\"ba-awards-attribute ba-awards-publication\">Bibenda<\/div>\n         <div class=\"ba-awards-attribute ba-awards-rating\">5 grappoli<\/div>\n         <div class=\"ba-awards-attribute ba-awards-degustator\"><\/div>\n       <\/div>\n\t\n      <div class=\"ba-awards-table-row ba-awards-award ba-product-awards\">\n         <div class=\"ba-awards-attribute ba-awards-publication\">WinesCritic.com<\/div>\n         <div class=\"ba-awards-attribute ba-awards-rating\">96<\/div>\n         <div class=\"ba-awards-attribute ba-awards-degustator\">Raffaele Vecchione<\/div>\n       <\/div>\n\t\n\t\n\t\n\t\n<\/div>\n      <\/div>\n    <\/div> <!-- group -->\n\n  <\/div> <!-- ba-wine-specs-col2 -->\n <\/div>\n\t\n\t\t<div class=\"ba-wine-specs 2016 hide\">\n  \n<div class=\"ba-wine-specs-col1\">\n\n    <div class=\"ba-wine-specs-group\">\n      <div class=\"ba-wine-specs-group-title\">Informazioni<\/div>\n      <div class=\"ba-wine-specs-attribute\">\n        <span class=\"ba-wine-specs-label\">Descrizione<\/span>\n        <p>ILATRAIA \u00e8 il nostro vino d\u2019eccellenza dalla zona della Maremma. Mostra un perfetto equilibrio tra maturit\u00e0 e raffinatezza, con tannini piacevoli, tipici dei vini della costa toscana. Il blend di 40% Petit Verdot, 40% Cabernet Sauvignon e 20% Cabernet Franc riflette tutta la bellezza del suo terroir.<\/p>\n\n      <\/div>\n      <div class=\"ba-wine-specs-attribute\">\n        <span class=\"ba-wine-specs-label\">Denominazione<\/span>\n        IGT Rosso Toscana\n      <\/div>\n      <div class=\"ba-wine-specs-attribute\">\n        <span class=\"ba-wine-specs-label\">Vitigni<\/span>\n        Petit Verdot 40%, Cabernet Sauvignon 40%, Cabernet Franc 20%\n      <\/div>\n    <\/div> <!-- group -->\n\n    <div class=\"ba-wine-specs-group\">\n      <div class=\"ba-wine-specs-group-title\">Vigneti e terroir<\/div>\n      <div class=\"ba-wine-specs-attribute\">\n        <span class=\"ba-wine-specs-label\">Vigneti<\/span>\n        Maremma\n      <\/div>\n    <\/div> <!-- group -->\n\n    <div class=\"ba-wine-specs-group\">\n      <div class=\"ba-wine-specs-group-title\">Vinificazione e affinamento<\/div>\n      <div class=\"ba-wine-specs-attribute\">\n        <span class=\"ba-wine-specs-label\">Alcol<\/span>\n        Grado alcolico: 14%; acidit\u00e0 totale: 5,90\u2030\n      <\/div>\n      <div class=\"ba-wine-specs-attribute\">\n        <span class=\"ba-wine-specs-label\">Maturazione in botte<\/span>\n        18 mesi, 1\/2 in barrique nuove, 1\/2 in barrique di secondo passaggio\n      <\/div>\n      <div class=\"ba-wine-specs-attribute\">\n        <span class=\"ba-wine-specs-label\">Affinamento in bottiglia<\/span>\n        12 mesi\n      <\/div>\n      <div class=\"ba-wine-specs-attribute\">\n        <span class=\"ba-wine-specs-label\">Prima annata prodotta<\/span>\n        2002\n      <\/div>\n      <div class=\"ba-wine-specs-attribute\">\n        <span class=\"ba-wine-specs-label\">Potenziale evolutivo<\/span>\n        Fino a 25 anni\n      <\/div>\n    <\/div> <!-- group -->\n\n    <div class=\"ba-wine-specs-group\">\n      <div class=\"ba-wine-specs-group-title\">Note di degustazione<\/div>\n    <\/div> <!-- group -->\n      <div class=\"ba-wine-specs-attribute\">\n        <span class=\"ba-wine-specs-label\">Nota di degustazione<\/span>\n        <p>Al naso intensi profumi di frutta a bacca nera. Un vino elegante e di grande struttura, con tannini vellutati ed un finale generoso e persistente.<\/p>\n\n      <\/div>\n      <div class=\"ba-wine-specs-attribute\">\n        <span class=\"ba-wine-specs-label\">Abbinamenti<\/span>\n        <p>Cibi dai sapori intensi, cacciagione, carni brasate, arrosto o bollite.<\/p>\n\n      <\/div>\n<\/div> <!-- ba-wine-specs-col1 -->\n\n <div class=\"ba-wine-specs-col2\">\n\n     <div class=\"ba-wine-specs-group\">\n      <div class=\"ba-wine-specs-group-title\">Riconoscimenti<\/div>\n      <div class=\"ba-wine-specs-attribute\">\n        \n\n\n<div id=\"wpv-view-layout-2235-CPID2941\" class=\"js-wpv-view-layout js-wpv-layout-responsive js-wpv-view-layout-2235-CPID2941\" data-viewnumber=\"2235-CPID2941\" data-pagination=\"{&quot;id&quot;:2235,&quot;query&quot;:&quot;normal&quot;,&quot;type&quot;:&quot;disabled&quot;,&quot;effect&quot;:&quot;fade&quot;,&quot;duration&quot;:500,&quot;speed&quot;:5,&quot;pause_on_hover&quot;:&quot;disabled&quot;,&quot;stop_rollover&quot;:&quot;false&quot;,&quot;cache_pages&quot;:&quot;enabled&quot;,&quot;preload_images&quot;:&quot;enabled&quot;,&quot;preload_pages&quot;:&quot;enabled&quot;,&quot;preload_reach&quot;:1,&quot;spinner&quot;:&quot;builtin&quot;,&quot;spinner_image&quot;:&quot;&quot;,&quot;callback_next&quot;:&quot;&quot;,&quot;manage_history&quot;:&quot;enabled&quot;,&quot;has_controls_in_form&quot;:&quot;disabled&quot;,&quot;infinite_tolerance&quot;:0,&quot;max_pages&quot;:0,&quot;page&quot;:1,&quot;base_permalink&quot;:&quot;\/it\/wp-json\/wp\/v2\/pages\/1409?wpv_view_count=2235-CPID2941&amp;wpv_paged=WPV_PAGE_NUM&quot;,&quot;loop&quot;:{&quot;type&quot;:&quot;&quot;,&quot;name&quot;:&quot;&quot;,&quot;data&quot;:&#091;&#093;,&quot;id&quot;:0}}\" data-permalink=\"\/it\/wp-json\/wp\/v2\/pages\/1409?wpv_view_count=2235-CPID2941\">\n\n\t\n\t\n\t\n      <div class=\"ba-awards-table-row ba-awards-award ba-product-awards\">\n         <div class=\"ba-awards-attribute ba-awards-publication\">Vinous<\/div>\n         <div class=\"ba-awards-attribute ba-awards-rating\">93<\/div>\n         <div class=\"ba-awards-attribute ba-awards-degustator\">Antonio Galloni<\/div>\n       <\/div>\n\t\n      <div class=\"ba-awards-table-row ba-awards-award ba-product-awards\">\n         <div class=\"ba-awards-attribute ba-awards-publication\">Bibenda<\/div>\n         <div class=\"ba-awards-attribute ba-awards-rating\">5 grappoli<\/div>\n         <div class=\"ba-awards-attribute ba-awards-degustator\"><\/div>\n       <\/div>\n\t\n      <div class=\"ba-awards-table-row ba-awards-award ba-product-awards\">\n         <div class=\"ba-awards-attribute ba-awards-publication\">James Suckling<\/div>\n         <div class=\"ba-awards-attribute ba-awards-rating\">95<\/div>\n         <div class=\"ba-awards-attribute ba-awards-degustator\">James Suckling<\/div>\n       <\/div>\n\t\n      <div class=\"ba-awards-table-row ba-awards-award ba-product-awards\">\n         <div class=\"ba-awards-attribute ba-awards-publication\">Wine Advocate<\/div>\n         <div class=\"ba-awards-attribute ba-awards-rating\">96+<\/div>\n         <div class=\"ba-awards-attribute ba-awards-degustator\">Monica Larner<\/div>\n       <\/div>\n\t\n      <div class=\"ba-awards-table-row ba-awards-award ba-product-awards\">\n         <div class=\"ba-awards-attribute ba-awards-publication\">WinesCritic.com<\/div>\n         <div class=\"ba-awards-attribute ba-awards-rating\">97<\/div>\n         <div class=\"ba-awards-attribute ba-awards-degustator\">Raffaele Vecchione<\/div>\n       <\/div>\n\t\n\t\n\t\n\t\n<\/div>\n      <\/div>\n    <\/div> <!-- group -->\n\n  <\/div> <!-- ba-wine-specs-col2 -->\n <\/div>\n\t\n\t\t<div class=\"ba-wine-specs 2015 hide\">\n  \n<div class=\"ba-wine-specs-col1\">\n\n    <div class=\"ba-wine-specs-group\">\n      <div class=\"ba-wine-specs-group-title\">Informazioni<\/div>\n      <div class=\"ba-wine-specs-attribute\">\n        <span class=\"ba-wine-specs-label\">Descrizione<\/span>\n        <p>ILATRAIA \u00e8 il nostro vino d\u2019eccellenza dalla zona della Maremma. Mostra un perfetto equilibrio tra maturit\u00e0 e raffinatezza, con tannini piacevoli, tipici dei vini della costa toscana. Il blend di 40% Petit Verdot, 40% Cabernet Sauvignon e 20% Cabernet Franc riflette tutta la bellezza del suo terroir.<\/p>\n\n      <\/div>\n      <div class=\"ba-wine-specs-attribute\">\n        <span class=\"ba-wine-specs-label\">Denominazione<\/span>\n        IGT Rosso Toscana\n      <\/div>\n      <div class=\"ba-wine-specs-attribute\">\n        <span class=\"ba-wine-specs-label\">Vitigni<\/span>\n        Petit Verdot 40%, Cabernet Sauvignon 40%, Cabernet Franc 20%\n      <\/div>\n    <\/div> <!-- group -->\n\n    <div class=\"ba-wine-specs-group\">\n      <div class=\"ba-wine-specs-group-title\">Vigneti e terroir<\/div>\n      <div class=\"ba-wine-specs-attribute\">\n        <span class=\"ba-wine-specs-label\">Vigneti<\/span>\n        Maremma\n      <\/div>\n    <\/div> <!-- group -->\n\n    <div class=\"ba-wine-specs-group\">\n      <div class=\"ba-wine-specs-group-title\">Vinificazione e affinamento<\/div>\n      <div class=\"ba-wine-specs-attribute\">\n        <span class=\"ba-wine-specs-label\">Alcol<\/span>\n        Grado alcolico: 14,5%; acidit\u00e0 totale: 5,50\u2030\n      <\/div>\n      <div class=\"ba-wine-specs-attribute\">\n        <span class=\"ba-wine-specs-label\">Maturazione in botte<\/span>\n        18 mesi, 1\/2 in barrique nuove, 1\/2 in barrique di secondo passaggio\n      <\/div>\n      <div class=\"ba-wine-specs-attribute\">\n        <span class=\"ba-wine-specs-label\">Affinamento in bottiglia<\/span>\n        12 mesi\n      <\/div>\n      <div class=\"ba-wine-specs-attribute\">\n        <span class=\"ba-wine-specs-label\">Prima annata prodotta<\/span>\n        2002\n      <\/div>\n      <div class=\"ba-wine-specs-attribute\">\n        <span class=\"ba-wine-specs-label\">Potenziale evolutivo<\/span>\n        Fino a 25 anni\n      <\/div>\n    <\/div> <!-- group -->\n\n    <div class=\"ba-wine-specs-group\">\n      <div class=\"ba-wine-specs-group-title\">Note di degustazione<\/div>\n    <\/div> <!-- group -->\n      <div class=\"ba-wine-specs-attribute\">\n        <span class=\"ba-wine-specs-label\">Nota di degustazione<\/span>\n        <p>Al naso sentori di liquirizia e frutti di bosco a bacca nera. Vino di grande struttura, vellutato e dai tannini raffinati. Intenso e persistente.<\/p>\n\n      <\/div>\n      <div class=\"ba-wine-specs-attribute\">\n        <span class=\"ba-wine-specs-label\">Abbinamenti<\/span>\n        <p>Cibi dai sapori intensi, cacciagione, carni brasate, arrosto o bollite.<\/p>\n\n      <\/div>\n<\/div> <!-- ba-wine-specs-col1 -->\n\n <div class=\"ba-wine-specs-col2\">\n\n     <div class=\"ba-wine-specs-group\">\n      <div class=\"ba-wine-specs-group-title\">Riconoscimenti<\/div>\n      <div class=\"ba-wine-specs-attribute\">\n        \n\n\n<div id=\"wpv-view-layout-2235-CPID2942\" class=\"js-wpv-view-layout js-wpv-layout-responsive js-wpv-view-layout-2235-CPID2942\" data-viewnumber=\"2235-CPID2942\" data-pagination=\"{&quot;id&quot;:2235,&quot;query&quot;:&quot;normal&quot;,&quot;type&quot;:&quot;disabled&quot;,&quot;effect&quot;:&quot;fade&quot;,&quot;duration&quot;:500,&quot;speed&quot;:5,&quot;pause_on_hover&quot;:&quot;disabled&quot;,&quot;stop_rollover&quot;:&quot;false&quot;,&quot;cache_pages&quot;:&quot;enabled&quot;,&quot;preload_images&quot;:&quot;enabled&quot;,&quot;preload_pages&quot;:&quot;enabled&quot;,&quot;preload_reach&quot;:1,&quot;spinner&quot;:&quot;builtin&quot;,&quot;spinner_image&quot;:&quot;&quot;,&quot;callback_next&quot;:&quot;&quot;,&quot;manage_history&quot;:&quot;enabled&quot;,&quot;has_controls_in_form&quot;:&quot;disabled&quot;,&quot;infinite_tolerance&quot;:0,&quot;max_pages&quot;:0,&quot;page&quot;:1,&quot;base_permalink&quot;:&quot;\/it\/wp-json\/wp\/v2\/pages\/1409?wpv_view_count=2235-CPID2942&amp;wpv_paged=WPV_PAGE_NUM&quot;,&quot;loop&quot;:{&quot;type&quot;:&quot;&quot;,&quot;name&quot;:&quot;&quot;,&quot;data&quot;:&#091;&#093;,&quot;id&quot;:0}}\" data-permalink=\"\/it\/wp-json\/wp\/v2\/pages\/1409?wpv_view_count=2235-CPID2942\">\n\n\t\n\t\n\t\n      <div class=\"ba-awards-table-row ba-awards-award ba-product-awards\">\n         <div class=\"ba-awards-attribute ba-awards-publication\">Falstaff<\/div>\n         <div class=\"ba-awards-attribute ba-awards-rating\">93<\/div>\n         <div class=\"ba-awards-attribute ba-awards-degustator\">Othmar Kiem<\/div>\n       <\/div>\n\t\n      <div class=\"ba-awards-table-row ba-awards-award ba-product-awards\">\n         <div class=\"ba-awards-attribute ba-awards-publication\">Vinous<\/div>\n         <div class=\"ba-awards-attribute ba-awards-rating\">93<\/div>\n         <div class=\"ba-awards-attribute ba-awards-degustator\">Antonio Galloni<\/div>\n       <\/div>\n\t\n      <div class=\"ba-awards-table-row ba-awards-award ba-product-awards\">\n         <div class=\"ba-awards-attribute ba-awards-publication\">Wine Spectator<\/div>\n         <div class=\"ba-awards-attribute ba-awards-rating\">93<\/div>\n         <div class=\"ba-awards-attribute ba-awards-degustator\">Bruce Sanderson<\/div>\n       <\/div>\n\t\n      <div class=\"ba-awards-table-row ba-awards-award ba-product-awards\">\n         <div class=\"ba-awards-attribute ba-awards-publication\">Wine Advocate<\/div>\n         <div class=\"ba-awards-attribute ba-awards-rating\">95<\/div>\n         <div class=\"ba-awards-attribute ba-awards-degustator\">Monica Larner<\/div>\n       <\/div>\n\t\n      <div class=\"ba-awards-table-row ba-awards-award ba-product-awards\">\n         <div class=\"ba-awards-attribute ba-awards-publication\">James Suckling<\/div>\n         <div class=\"ba-awards-attribute ba-awards-rating\">96<\/div>\n         <div class=\"ba-awards-attribute ba-awards-degustator\">James Suckling<\/div>\n       <\/div>\n\t\n\t\n\t\n\t\n<\/div>\n      <\/div>\n    <\/div> <!-- group -->\n\n  <\/div> <!-- ba-wine-specs-col2 -->\n <\/div>\n\t\n\t\t<div class=\"ba-wine-specs 2014 hide\">\n  \n<div class=\"ba-wine-specs-col1\">\n\n    <div class=\"ba-wine-specs-group\">\n      <div class=\"ba-wine-specs-group-title\">Informazioni<\/div>\n      <div class=\"ba-wine-specs-attribute\">\n        <span class=\"ba-wine-specs-label\">Descrizione<\/span>\n        <p>ILATRAIA \u00e8 il nostro vino d\u2019eccellenza dalla zona della Maremma. Mostra un perfetto equilibrio tra maturit\u00e0 e raffinatezza, con tannini piacevoli, tipici dei vini della costa toscana. Il blend di 40% Petit Verdot, 40% Cabernet Sauvignon e 20% Cabernet Franc riflette tutta la bellezza del suo terroir.<\/p>\n\n      <\/div>\n      <div class=\"ba-wine-specs-attribute\">\n        <span class=\"ba-wine-specs-label\">Denominazione<\/span>\n        IGT Rosso Toscana\n      <\/div>\n      <div class=\"ba-wine-specs-attribute\">\n        <span class=\"ba-wine-specs-label\">Vitigni<\/span>\n        Petit Verdot 40%, Cabernet Sauvignon 40%, Cabernet Franc 20%\n      <\/div>\n    <\/div> <!-- group -->\n\n    <div class=\"ba-wine-specs-group\">\n      <div class=\"ba-wine-specs-group-title\">Vigneti e terroir<\/div>\n      <div class=\"ba-wine-specs-attribute\">\n        <span class=\"ba-wine-specs-label\">Vigneti<\/span>\n        Maremma\n      <\/div>\n    <\/div> <!-- group -->\n\n    <div class=\"ba-wine-specs-group\">\n      <div class=\"ba-wine-specs-group-title\">Vinificazione e affinamento<\/div>\n      <div class=\"ba-wine-specs-attribute\">\n        <span class=\"ba-wine-specs-label\">Alcol<\/span>\n        Grado alcolico: 14%; acidit\u00e0 totale: 5,80\u2030\n      <\/div>\n      <div class=\"ba-wine-specs-attribute\">\n        <span class=\"ba-wine-specs-label\">Maturazione in botte<\/span>\n        18 mesi, 1\/2 in barrique nuove, 1\/2 in barrique di secondo passaggio\n      <\/div>\n      <div class=\"ba-wine-specs-attribute\">\n        <span class=\"ba-wine-specs-label\">Affinamento in bottiglia<\/span>\n        12 mesi\n      <\/div>\n      <div class=\"ba-wine-specs-attribute\">\n        <span class=\"ba-wine-specs-label\">Prima annata prodotta<\/span>\n        2002\n      <\/div>\n      <div class=\"ba-wine-specs-attribute\">\n        <span class=\"ba-wine-specs-label\">Potenziale evolutivo<\/span>\n        Fino a 25 anni\n      <\/div>\n    <\/div> <!-- group -->\n\n    <div class=\"ba-wine-specs-group\">\n      <div class=\"ba-wine-specs-group-title\">Note di degustazione<\/div>\n    <\/div> <!-- group -->\n      <div class=\"ba-wine-specs-attribute\">\n        <span class=\"ba-wine-specs-label\">Nota di degustazione<\/span>\n        <p>Il vino regala sentori e aromi di mora, ribes nero e petali di rosa. Grande struttura, tannini vellutati e un finale affascinante e persistente.<\/p>\n\n      <\/div>\n      <div class=\"ba-wine-specs-attribute\">\n        <span class=\"ba-wine-specs-label\">Abbinamenti<\/span>\n        <p>Cibi dai sapori intensi, cacciagione, carni brasate, arrosto o bollite.<\/p>\n\n      <\/div>\n<\/div> <!-- ba-wine-specs-col1 -->\n\n <div class=\"ba-wine-specs-col2\">\n\n     <div class=\"ba-wine-specs-group\">\n      <div class=\"ba-wine-specs-group-title\">Riconoscimenti<\/div>\n      <div class=\"ba-wine-specs-attribute\">\n        \n\n\n<div id=\"wpv-view-layout-2235-CPID2944\" class=\"js-wpv-view-layout js-wpv-layout-responsive js-wpv-view-layout-2235-CPID2944\" data-viewnumber=\"2235-CPID2944\" data-pagination=\"{&quot;id&quot;:2235,&quot;query&quot;:&quot;normal&quot;,&quot;type&quot;:&quot;disabled&quot;,&quot;effect&quot;:&quot;fade&quot;,&quot;duration&quot;:500,&quot;speed&quot;:5,&quot;pause_on_hover&quot;:&quot;disabled&quot;,&quot;stop_rollover&quot;:&quot;false&quot;,&quot;cache_pages&quot;:&quot;enabled&quot;,&quot;preload_images&quot;:&quot;enabled&quot;,&quot;preload_pages&quot;:&quot;enabled&quot;,&quot;preload_reach&quot;:1,&quot;spinner&quot;:&quot;builtin&quot;,&quot;spinner_image&quot;:&quot;&quot;,&quot;callback_next&quot;:&quot;&quot;,&quot;manage_history&quot;:&quot;enabled&quot;,&quot;has_controls_in_form&quot;:&quot;disabled&quot;,&quot;infinite_tolerance&quot;:0,&quot;max_pages&quot;:0,&quot;page&quot;:1,&quot;base_permalink&quot;:&quot;\/it\/wp-json\/wp\/v2\/pages\/1409?wpv_view_count=2235-CPID2944&amp;wpv_paged=WPV_PAGE_NUM&quot;,&quot;loop&quot;:{&quot;type&quot;:&quot;&quot;,&quot;name&quot;:&quot;&quot;,&quot;data&quot;:&#091;&#093;,&quot;id&quot;:0}}\" data-permalink=\"\/it\/wp-json\/wp\/v2\/pages\/1409?wpv_view_count=2235-CPID2944\">\n\n\t\n\t\n\t\n      <div class=\"ba-awards-table-row ba-awards-award ba-product-awards\">\n         <div class=\"ba-awards-attribute ba-awards-publication\">Vinous<\/div>\n         <div class=\"ba-awards-attribute ba-awards-rating\">93<\/div>\n         <div class=\"ba-awards-attribute ba-awards-degustator\">Antonio Galloni<\/div>\n       <\/div>\n\t\n      <div class=\"ba-awards-table-row ba-awards-award ba-product-awards\">\n         <div class=\"ba-awards-attribute ba-awards-publication\">Wine Spectator<\/div>\n         <div class=\"ba-awards-attribute ba-awards-rating\">93<\/div>\n         <div class=\"ba-awards-attribute ba-awards-degustator\">Bruce Sanderson<\/div>\n       <\/div>\n\t\n      <div class=\"ba-awards-table-row ba-awards-award ba-product-awards\">\n         <div class=\"ba-awards-attribute ba-awards-publication\">Wine Advocate<\/div>\n         <div class=\"ba-awards-attribute ba-awards-rating\">93<\/div>\n         <div class=\"ba-awards-attribute ba-awards-degustator\">Monica Larner<\/div>\n       <\/div>\n\t\n      <div class=\"ba-awards-table-row ba-awards-award ba-product-awards\">\n         <div class=\"ba-awards-attribute ba-awards-publication\">James Suckling<\/div>\n         <div class=\"ba-awards-attribute ba-awards-rating\">93<\/div>\n         <div class=\"ba-awards-attribute ba-awards-degustator\">James Suckling<\/div>\n       <\/div>\n\t\n\t\n\t\n\t\n<\/div>\n      <\/div>\n    <\/div> <!-- group -->\n\n  <\/div> <!-- ba-wine-specs-col2 -->\n <\/div>\n\t\n\t\t<div class=\"ba-wine-specs 2013 hide\">\n  \n<div class=\"ba-wine-specs-col1\">\n\n    <div class=\"ba-wine-specs-group\">\n      <div class=\"ba-wine-specs-group-title\">Informazioni<\/div>\n      <div class=\"ba-wine-specs-attribute\">\n        <span class=\"ba-wine-specs-label\">Descrizione<\/span>\n        <p>ILATRAIA \u00e8 il nostro vino d\u2019eccellenza dalla zona della Maremma. Mostra un perfetto equilibrio tra maturit\u00e0 e raffinatezza, con tannini piacevoli, tipici dei vini della costa toscana. Il blend di 40% Petit Verdot, 40% Cabernet Sauvignon e 20% Cabernet Franc riflette tutta la bellezza del suo terroir.<\/p>\n\n      <\/div>\n      <div class=\"ba-wine-specs-attribute\">\n        <span class=\"ba-wine-specs-label\">Denominazione<\/span>\n        IGT Rosso Toscana\n      <\/div>\n      <div class=\"ba-wine-specs-attribute\">\n        <span class=\"ba-wine-specs-label\">Vitigni<\/span>\n        Petit Verdot 40%, Cabernet Sauvignon 40%, Cabernet Franc 20%\n      <\/div>\n    <\/div> <!-- group -->\n\n    <div class=\"ba-wine-specs-group\">\n      <div class=\"ba-wine-specs-group-title\">Vigneti e terroir<\/div>\n      <div class=\"ba-wine-specs-attribute\">\n        <span class=\"ba-wine-specs-label\">Vigneti<\/span>\n        Maremma\n      <\/div>\n    <\/div> <!-- group -->\n\n    <div class=\"ba-wine-specs-group\">\n      <div class=\"ba-wine-specs-group-title\">Vinificazione e affinamento<\/div>\n      <div class=\"ba-wine-specs-attribute\">\n        <span class=\"ba-wine-specs-label\">Alcol<\/span>\n        Grado alcolico: 14%; acidit\u00e0 totale: 5,70\u2030\n      <\/div>\n      <div class=\"ba-wine-specs-attribute\">\n        <span class=\"ba-wine-specs-label\">Maturazione in botte<\/span>\n        18 mesi, 1\/2 in barrique nuove, 1\/2 in barrique di secondo passaggio\n      <\/div>\n      <div class=\"ba-wine-specs-attribute\">\n        <span class=\"ba-wine-specs-label\">Affinamento in bottiglia<\/span>\n        12 mesi\n      <\/div>\n      <div class=\"ba-wine-specs-attribute\">\n        <span class=\"ba-wine-specs-label\">Prima annata prodotta<\/span>\n        2002\n      <\/div>\n      <div class=\"ba-wine-specs-attribute\">\n        <span class=\"ba-wine-specs-label\">Potenziale evolutivo<\/span>\n        Fino a 25 anni\n      <\/div>\n    <\/div> <!-- group -->\n\n    <div class=\"ba-wine-specs-group\">\n      <div class=\"ba-wine-specs-group-title\">Note di degustazione<\/div>\n    <\/div> <!-- group -->\n      <div class=\"ba-wine-specs-attribute\">\n        <span class=\"ba-wine-specs-label\">Nota di degustazione<\/span>\n        <p>Sentori di amarena e prugna incontrano note di spezie, ferro e tabacco. Ricco e avvolgente, con tannini decisi ed eleganti.<\/p>\n\n      <\/div>\n      <div class=\"ba-wine-specs-attribute\">\n        <span class=\"ba-wine-specs-label\">Abbinamenti<\/span>\n        <p>Cibi dai sapori intensi, cacciagione, carni brasate, arrosto o bollite.<\/p>\n\n      <\/div>\n<\/div> <!-- ba-wine-specs-col1 -->\n\n <div class=\"ba-wine-specs-col2\">\n\n     <div class=\"ba-wine-specs-group\">\n      <div class=\"ba-wine-specs-group-title\">Riconoscimenti<\/div>\n      <div class=\"ba-wine-specs-attribute\">\n        \n\n\n<div id=\"wpv-view-layout-2235-CPID2945\" class=\"js-wpv-view-layout js-wpv-layout-responsive js-wpv-view-layout-2235-CPID2945\" data-viewnumber=\"2235-CPID2945\" data-pagination=\"{&quot;id&quot;:2235,&quot;query&quot;:&quot;normal&quot;,&quot;type&quot;:&quot;disabled&quot;,&quot;effect&quot;:&quot;fade&quot;,&quot;duration&quot;:500,&quot;speed&quot;:5,&quot;pause_on_hover&quot;:&quot;disabled&quot;,&quot;stop_rollover&quot;:&quot;false&quot;,&quot;cache_pages&quot;:&quot;enabled&quot;,&quot;preload_images&quot;:&quot;enabled&quot;,&quot;preload_pages&quot;:&quot;enabled&quot;,&quot;preload_reach&quot;:1,&quot;spinner&quot;:&quot;builtin&quot;,&quot;spinner_image&quot;:&quot;&quot;,&quot;callback_next&quot;:&quot;&quot;,&quot;manage_history&quot;:&quot;enabled&quot;,&quot;has_controls_in_form&quot;:&quot;disabled&quot;,&quot;infinite_tolerance&quot;:0,&quot;max_pages&quot;:0,&quot;page&quot;:1,&quot;base_permalink&quot;:&quot;\/it\/wp-json\/wp\/v2\/pages\/1409?wpv_view_count=2235-CPID2945&amp;wpv_paged=WPV_PAGE_NUM&quot;,&quot;loop&quot;:{&quot;type&quot;:&quot;&quot;,&quot;name&quot;:&quot;&quot;,&quot;data&quot;:&#091;&#093;,&quot;id&quot;:0}}\" data-permalink=\"\/it\/wp-json\/wp\/v2\/pages\/1409?wpv_view_count=2235-CPID2945\">\n\n\t\n\t\n\t\n      <div class=\"ba-awards-table-row ba-awards-award ba-product-awards\">\n         <div class=\"ba-awards-attribute ba-awards-publication\">I Vini di Veronelli<\/div>\n         <div class=\"ba-awards-attribute ba-awards-rating\">93<\/div>\n         <div class=\"ba-awards-attribute ba-awards-degustator\">Gigi Brozzoni<\/div>\n       <\/div>\n\t\n      <div class=\"ba-awards-table-row ba-awards-award ba-product-awards\">\n         <div class=\"ba-awards-attribute ba-awards-publication\">Vinous<\/div>\n         <div class=\"ba-awards-attribute ba-awards-rating\">93<\/div>\n         <div class=\"ba-awards-attribute ba-awards-degustator\">Antonio Galloni<\/div>\n       <\/div>\n\t\n      <div class=\"ba-awards-table-row ba-awards-award ba-product-awards\">\n         <div class=\"ba-awards-attribute ba-awards-publication\">Simple Wine News<\/div>\n         <div class=\"ba-awards-attribute ba-awards-rating\">97<\/div>\n         <div class=\"ba-awards-attribute ba-awards-degustator\"><\/div>\n       <\/div>\n\t\n      <div class=\"ba-awards-table-row ba-awards-award ba-product-awards\">\n         <div class=\"ba-awards-attribute ba-awards-publication\">Wine Advocate<\/div>\n         <div class=\"ba-awards-attribute ba-awards-rating\">97<\/div>\n         <div class=\"ba-awards-attribute ba-awards-degustator\">Monica Larner<\/div>\n       <\/div>\n\t\n      <div class=\"ba-awards-table-row ba-awards-award ba-product-awards\">\n         <div class=\"ba-awards-attribute ba-awards-publication\">Falstaff<\/div>\n         <div class=\"ba-awards-attribute ba-awards-rating\">94<\/div>\n         <div class=\"ba-awards-attribute ba-awards-degustator\">Othmar Kiem<\/div>\n       <\/div>\n\t\n      <div class=\"ba-awards-table-row ba-awards-award ba-product-awards\">\n         <div class=\"ba-awards-attribute ba-awards-publication\">James Suckling<\/div>\n         <div class=\"ba-awards-attribute ba-awards-rating\">94<\/div>\n         <div class=\"ba-awards-attribute ba-awards-degustator\">James Suckling<\/div>\n       <\/div>\n\t\n\t\n\t\n\t\n<\/div>\n      <\/div>\n    <\/div> <!-- group -->\n\n  <\/div> <!-- ba-wine-specs-col2 -->\n <\/div>\n\t\n\t\t<div class=\"ba-wine-specs 2012 hide\">\n  \n<div class=\"ba-wine-specs-col1\">\n\n    <div class=\"ba-wine-specs-group\">\n      <div class=\"ba-wine-specs-group-title\">Informazioni<\/div>\n      <div class=\"ba-wine-specs-attribute\">\n        <span class=\"ba-wine-specs-label\">Descrizione<\/span>\n        <p>ILATRAIA \u00e8 il nostro vino d\u2019eccellenza dalla zona della Maremma. Mostra un perfetto equilibrio tra maturit\u00e0 e raffinatezza, con tannini piacevoli, tipici dei vini della costa toscana. Il blend di 40% Petit Verdot, 40% Cabernet Sauvignon e 20% Cabernet Franc riflette tutta la bellezza del suo terroir.<\/p>\n\n      <\/div>\n      <div class=\"ba-wine-specs-attribute\">\n        <span class=\"ba-wine-specs-label\">Denominazione<\/span>\n        IGT Rosso Toscana\n      <\/div>\n      <div class=\"ba-wine-specs-attribute\">\n        <span class=\"ba-wine-specs-label\">Vitigni<\/span>\n        Petit Verdot 40%, Cabernet Sauvignon 40%, Cabernet Franc 20%\n      <\/div>\n    <\/div> <!-- group -->\n\n    <div class=\"ba-wine-specs-group\">\n      <div class=\"ba-wine-specs-group-title\">Vigneti e terroir<\/div>\n      <div class=\"ba-wine-specs-attribute\">\n        <span class=\"ba-wine-specs-label\">Vigneti<\/span>\n        Maremma\n      <\/div>\n    <\/div> <!-- group -->\n\n    <div class=\"ba-wine-specs-group\">\n      <div class=\"ba-wine-specs-group-title\">Vinificazione e affinamento<\/div>\n      <div class=\"ba-wine-specs-attribute\">\n        <span class=\"ba-wine-specs-label\">Alcol<\/span>\n        Grado alcolico: 14%; acidit\u00e0 totale: 5,70\u2030\n      <\/div>\n      <div class=\"ba-wine-specs-attribute\">\n        <span class=\"ba-wine-specs-label\">Maturazione in botte<\/span>\n        18 mesi, 1\/2 in barrique nuove, 1\/2 in barrique di secondo passaggio\n      <\/div>\n      <div class=\"ba-wine-specs-attribute\">\n        <span class=\"ba-wine-specs-label\">Affinamento in bottiglia<\/span>\n        12 mesi\n      <\/div>\n      <div class=\"ba-wine-specs-attribute\">\n        <span class=\"ba-wine-specs-label\">Prima annata prodotta<\/span>\n        2002\n      <\/div>\n      <div class=\"ba-wine-specs-attribute\">\n        <span class=\"ba-wine-specs-label\">Potenziale evolutivo<\/span>\n        Fino a 25 anni\n      <\/div>\n    <\/div> <!-- group -->\n\n    <div class=\"ba-wine-specs-group\">\n      <div class=\"ba-wine-specs-group-title\">Note di degustazione<\/div>\n    <\/div> <!-- group -->\n      <div class=\"ba-wine-specs-attribute\">\n        <span class=\"ba-wine-specs-label\">Nota di degustazione<\/span>\n        <p>Intenso e avvolgente, con aromi di amarena e mirtillo. Note di cedro, fumo, catrame e tabacco aggiungono complessit\u00e0. Equilibrato e persistente, dal finale deciso.<\/p>\n\n      <\/div>\n      <div class=\"ba-wine-specs-attribute\">\n        <span class=\"ba-wine-specs-label\">Abbinamenti<\/span>\n        <p>Cibi dai sapori intensi, cacciagione, carni brasate, arrosto o bollite.<\/p>\n\n      <\/div>\n<\/div> <!-- ba-wine-specs-col1 -->\n\n <div class=\"ba-wine-specs-col2\">\n\n     <div class=\"ba-wine-specs-group\">\n      <div class=\"ba-wine-specs-group-title\">Riconoscimenti<\/div>\n      <div class=\"ba-wine-specs-attribute\">\n        \n\n\n<div id=\"wpv-view-layout-2235-CPID2946\" class=\"js-wpv-view-layout js-wpv-layout-responsive js-wpv-view-layout-2235-CPID2946\" data-viewnumber=\"2235-CPID2946\" data-pagination=\"{&quot;id&quot;:2235,&quot;query&quot;:&quot;normal&quot;,&quot;type&quot;:&quot;disabled&quot;,&quot;effect&quot;:&quot;fade&quot;,&quot;duration&quot;:500,&quot;speed&quot;:5,&quot;pause_on_hover&quot;:&quot;disabled&quot;,&quot;stop_rollover&quot;:&quot;false&quot;,&quot;cache_pages&quot;:&quot;enabled&quot;,&quot;preload_images&quot;:&quot;enabled&quot;,&quot;preload_pages&quot;:&quot;enabled&quot;,&quot;preload_reach&quot;:1,&quot;spinner&quot;:&quot;builtin&quot;,&quot;spinner_image&quot;:&quot;&quot;,&quot;callback_next&quot;:&quot;&quot;,&quot;manage_history&quot;:&quot;enabled&quot;,&quot;has_controls_in_form&quot;:&quot;disabled&quot;,&quot;infinite_tolerance&quot;:0,&quot;max_pages&quot;:0,&quot;page&quot;:1,&quot;base_permalink&quot;:&quot;\/it\/wp-json\/wp\/v2\/pages\/1409?wpv_view_count=2235-CPID2946&amp;wpv_paged=WPV_PAGE_NUM&quot;,&quot;loop&quot;:{&quot;type&quot;:&quot;&quot;,&quot;name&quot;:&quot;&quot;,&quot;data&quot;:&#091;&#093;,&quot;id&quot;:0}}\" data-permalink=\"\/it\/wp-json\/wp\/v2\/pages\/1409?wpv_view_count=2235-CPID2946\">\n\n\t\n\t\n\t\n      <div class=\"ba-awards-table-row ba-awards-award ba-product-awards\">\n         <div class=\"ba-awards-attribute ba-awards-publication\">Luca Maroni<\/div>\n         <div class=\"ba-awards-attribute ba-awards-rating\">92<\/div>\n         <div class=\"ba-awards-attribute ba-awards-degustator\">Luca Maroni<\/div>\n       <\/div>\n\t\n      <div class=\"ba-awards-table-row ba-awards-award ba-product-awards\">\n         <div class=\"ba-awards-attribute ba-awards-publication\">Wine Advocate<\/div>\n         <div class=\"ba-awards-attribute ba-awards-rating\">93<\/div>\n         <div class=\"ba-awards-attribute ba-awards-degustator\">Monica Larner<\/div>\n       <\/div>\n\t\n      <div class=\"ba-awards-table-row ba-awards-award ba-product-awards\">\n         <div class=\"ba-awards-attribute ba-awards-publication\">James Suckling<\/div>\n         <div class=\"ba-awards-attribute ba-awards-rating\">93<\/div>\n         <div class=\"ba-awards-attribute ba-awards-degustator\">James Suckling<\/div>\n       <\/div>\n\t\n      <div class=\"ba-awards-table-row ba-awards-award ba-product-awards\">\n         <div class=\"ba-awards-attribute ba-awards-publication\">Falstaff<\/div>\n         <div class=\"ba-awards-attribute ba-awards-rating\">94<\/div>\n         <div class=\"ba-awards-attribute ba-awards-degustator\">Othmar Kiem<\/div>\n       <\/div>\n\t\n      <div class=\"ba-awards-table-row ba-awards-award ba-product-awards\">\n         <div class=\"ba-awards-attribute ba-awards-publication\">Wine Spectator<\/div>\n         <div class=\"ba-awards-attribute ba-awards-rating\">94<\/div>\n         <div class=\"ba-awards-attribute ba-awards-degustator\">Bruce Sanderson<\/div>\n       <\/div>\n\t\n      <div class=\"ba-awards-table-row ba-awards-award ba-product-awards\">\n         <div class=\"ba-awards-attribute ba-awards-publication\">Decanter<\/div>\n         <div class=\"ba-awards-attribute ba-awards-rating\">95 - Gold Medal<\/div>\n         <div class=\"ba-awards-attribute ba-awards-degustator\"><\/div>\n       <\/div>\n\t\n\t\n\t\n\t\n<\/div>\n      <\/div>\n    <\/div> <!-- group -->\n\n  <\/div> <!-- ba-wine-specs-col2 -->\n <\/div>\n\t\n\t\t<div class=\"ba-wine-specs 2011 hide\">\n  \n<div class=\"ba-wine-specs-col1\">\n\n    <div class=\"ba-wine-specs-group\">\n      <div class=\"ba-wine-specs-group-title\">Informazioni<\/div>\n      <div class=\"ba-wine-specs-attribute\">\n        <span class=\"ba-wine-specs-label\">Descrizione<\/span>\n        <p>ILATRAIA \u00e8 il nostro vino d\u2019eccellenza dalla zona della Maremma. Mostra un perfetto equilibrio tra maturit\u00e0 e raffinatezza, con tannini piacevoli, tipici dei vini della costa toscana. Il blend di 40% Petit Verdot, 40% Cabernet Sauvignon e 20% Cabernet Franc riflette tutta la bellezza del suo terroir.<\/p>\n\n      <\/div>\n      <div class=\"ba-wine-specs-attribute\">\n        <span class=\"ba-wine-specs-label\">Denominazione<\/span>\n        IGT Rosso Toscana\n      <\/div>\n      <div class=\"ba-wine-specs-attribute\">\n        <span class=\"ba-wine-specs-label\">Vitigni<\/span>\n        Petit Verdot 40%, Cabernet Sauvignon 40%, Cabernet Franc 20%\n      <\/div>\n    <\/div> <!-- group -->\n\n    <div class=\"ba-wine-specs-group\">\n      <div class=\"ba-wine-specs-group-title\">Vigneti e terroir<\/div>\n      <div class=\"ba-wine-specs-attribute\">\n        <span class=\"ba-wine-specs-label\">Vigneti<\/span>\n        Maremma\n      <\/div>\n    <\/div> <!-- group -->\n\n    <div class=\"ba-wine-specs-group\">\n      <div class=\"ba-wine-specs-group-title\">Vinificazione e affinamento<\/div>\n      <div class=\"ba-wine-specs-attribute\">\n        <span class=\"ba-wine-specs-label\">Alcol<\/span>\n        Grado alcolico: 14%; acidit\u00e0 totale: 5,40\u2030\n      <\/div>\n      <div class=\"ba-wine-specs-attribute\">\n        <span class=\"ba-wine-specs-label\">Maturazione in botte<\/span>\n        18 mesi, 1\/2 in barrique nuove, 1\/2 in barrique di secondo passaggio\n      <\/div>\n      <div class=\"ba-wine-specs-attribute\">\n        <span class=\"ba-wine-specs-label\">Affinamento in bottiglia<\/span>\n        12 mesi\n      <\/div>\n      <div class=\"ba-wine-specs-attribute\">\n        <span class=\"ba-wine-specs-label\">Prima annata prodotta<\/span>\n        2002\n      <\/div>\n      <div class=\"ba-wine-specs-attribute\">\n        <span class=\"ba-wine-specs-label\">Potenziale evolutivo<\/span>\n        Fino a 25 anni\n      <\/div>\n    <\/div> <!-- group -->\n\n    <div class=\"ba-wine-specs-group\">\n      <div class=\"ba-wine-specs-group-title\">Note di degustazione<\/div>\n    <\/div> <!-- group -->\n      <div class=\"ba-wine-specs-attribute\">\n        <span class=\"ba-wine-specs-label\">Nota di degustazione<\/span>\n        <p>Sentori di ciliegia e fragola con note terziarie di cuoio e spezie dolci. Il finale persistente rivela tannini decisi.<\/p>\n\n      <\/div>\n      <div class=\"ba-wine-specs-attribute\">\n        <span class=\"ba-wine-specs-label\">Abbinamenti<\/span>\n        <p>Cibi dai sapori intensi, cacciagione, carni brasate, arrosto o bollite.<\/p>\n\n      <\/div>\n<\/div> <!-- ba-wine-specs-col1 -->\n\n <div class=\"ba-wine-specs-col2\">\n\n     <div class=\"ba-wine-specs-group\">\n      <div class=\"ba-wine-specs-group-title\">Riconoscimenti<\/div>\n      <div class=\"ba-wine-specs-attribute\">\n        \n\n\n<div id=\"wpv-view-layout-2235-CPID2947\" class=\"js-wpv-view-layout js-wpv-layout-responsive js-wpv-view-layout-2235-CPID2947\" data-viewnumber=\"2235-CPID2947\" data-pagination=\"{&quot;id&quot;:2235,&quot;query&quot;:&quot;normal&quot;,&quot;type&quot;:&quot;disabled&quot;,&quot;effect&quot;:&quot;fade&quot;,&quot;duration&quot;:500,&quot;speed&quot;:5,&quot;pause_on_hover&quot;:&quot;disabled&quot;,&quot;stop_rollover&quot;:&quot;false&quot;,&quot;cache_pages&quot;:&quot;enabled&quot;,&quot;preload_images&quot;:&quot;enabled&quot;,&quot;preload_pages&quot;:&quot;enabled&quot;,&quot;preload_reach&quot;:1,&quot;spinner&quot;:&quot;builtin&quot;,&quot;spinner_image&quot;:&quot;&quot;,&quot;callback_next&quot;:&quot;&quot;,&quot;manage_history&quot;:&quot;enabled&quot;,&quot;has_controls_in_form&quot;:&quot;disabled&quot;,&quot;infinite_tolerance&quot;:0,&quot;max_pages&quot;:0,&quot;page&quot;:1,&quot;base_permalink&quot;:&quot;\/it\/wp-json\/wp\/v2\/pages\/1409?wpv_view_count=2235-CPID2947&amp;wpv_paged=WPV_PAGE_NUM&quot;,&quot;loop&quot;:{&quot;type&quot;:&quot;&quot;,&quot;name&quot;:&quot;&quot;,&quot;data&quot;:&#091;&#093;,&quot;id&quot;:0}}\" data-permalink=\"\/it\/wp-json\/wp\/v2\/pages\/1409?wpv_view_count=2235-CPID2947\">\n\n\t\n\t\n\t\n      <div class=\"ba-awards-table-row ba-awards-award ba-product-awards\">\n         <div class=\"ba-awards-attribute ba-awards-publication\">I Vini di Veronelli<\/div>\n         <div class=\"ba-awards-attribute ba-awards-rating\">92<\/div>\n         <div class=\"ba-awards-attribute ba-awards-degustator\">Daniel Thomases<\/div>\n       <\/div>\n\t\n      <div class=\"ba-awards-table-row ba-awards-award ba-product-awards\">\n         <div class=\"ba-awards-attribute ba-awards-publication\">AIS Duemilavini<\/div>\n         <div class=\"ba-awards-attribute ba-awards-rating\">4 viti<\/div>\n         <div class=\"ba-awards-attribute ba-awards-degustator\"><\/div>\n       <\/div>\n\t\n      <div class=\"ba-awards-table-row ba-awards-award ba-product-awards\">\n         <div class=\"ba-awards-attribute ba-awards-publication\">Wine Enthusiast<\/div>\n         <div class=\"ba-awards-attribute ba-awards-rating\">92<\/div>\n         <div class=\"ba-awards-attribute ba-awards-degustator\">Kerin O'Keefe<\/div>\n       <\/div>\n\t\n      <div class=\"ba-awards-table-row ba-awards-award ba-product-awards\">\n         <div class=\"ba-awards-attribute ba-awards-publication\">Wine Spectator<\/div>\n         <div class=\"ba-awards-attribute ba-awards-rating\">92<\/div>\n         <div class=\"ba-awards-attribute ba-awards-degustator\">Bruce Sanderson<\/div>\n       <\/div>\n\t\n      <div class=\"ba-awards-table-row ba-awards-award ba-product-awards\">\n         <div class=\"ba-awards-attribute ba-awards-publication\">Wine Advocate<\/div>\n         <div class=\"ba-awards-attribute ba-awards-rating\">92<\/div>\n         <div class=\"ba-awards-attribute ba-awards-degustator\">Monica Larner<\/div>\n       <\/div>\n\t\n      <div class=\"ba-awards-table-row ba-awards-award ba-product-awards\">\n         <div class=\"ba-awards-attribute ba-awards-publication\">James Suckling<\/div>\n         <div class=\"ba-awards-attribute ba-awards-rating\">94<\/div>\n         <div class=\"ba-awards-attribute ba-awards-degustator\">James Suckling<\/div>\n       <\/div>\n\t\n\t\n\t\n\t\n<\/div>\n      <\/div>\n    <\/div> <!-- group -->\n\n  <\/div> <!-- ba-wine-specs-col2 -->\n <\/div>\n\t\n\t\t<div class=\"ba-wine-specs 2010 hide\">\n  \n<div class=\"ba-wine-specs-col1\">\n\n    <div class=\"ba-wine-specs-group\">\n      <div class=\"ba-wine-specs-group-title\">Informazioni<\/div>\n      <div class=\"ba-wine-specs-attribute\">\n        <span class=\"ba-wine-specs-label\">Descrizione<\/span>\n        <p>ILATRAIA \u00e8 il nostro vino d\u2019eccellenza dalla zona della Maremma. Mostra un perfetto equilibrio tra maturit\u00e0 e raffinatezza, con tannini piacevoli, tipici dei vini della costa toscana. Il blend di 40% Petit Verdot, 40% Cabernet Sauvignon e 20% Cabernet Franc riflette tutta la bellezza del suo terroir.<\/p>\n\n      <\/div>\n      <div class=\"ba-wine-specs-attribute\">\n        <span class=\"ba-wine-specs-label\">Denominazione<\/span>\n        IGT Rosso Toscana\n      <\/div>\n      <div class=\"ba-wine-specs-attribute\">\n        <span class=\"ba-wine-specs-label\">Vitigni<\/span>\n        Petit Verdot 40%, Cabernet Sauvignon 40%, Cabernet Franc 20%\n      <\/div>\n    <\/div> <!-- group -->\n\n    <div class=\"ba-wine-specs-group\">\n      <div class=\"ba-wine-specs-group-title\">Vigneti e terroir<\/div>\n      <div class=\"ba-wine-specs-attribute\">\n        <span class=\"ba-wine-specs-label\">Vigneti<\/span>\n        Maremma\n      <\/div>\n    <\/div> <!-- group -->\n\n    <div class=\"ba-wine-specs-group\">\n      <div class=\"ba-wine-specs-group-title\">Vinificazione e affinamento<\/div>\n      <div class=\"ba-wine-specs-attribute\">\n        <span class=\"ba-wine-specs-label\">Alcol<\/span>\n        Grado alcolico: 14%; acidit\u00e0 totale: 5,80\u2030\n      <\/div>\n      <div class=\"ba-wine-specs-attribute\">\n        <span class=\"ba-wine-specs-label\">Maturazione in botte<\/span>\n        18 mesi, 1\/2 in barrique nuove, 1\/2 in barrique di secondo passaggio\n      <\/div>\n      <div class=\"ba-wine-specs-attribute\">\n        <span class=\"ba-wine-specs-label\">Affinamento in bottiglia<\/span>\n        12 mesi\n      <\/div>\n      <div class=\"ba-wine-specs-attribute\">\n        <span class=\"ba-wine-specs-label\">Prima annata prodotta<\/span>\n        2002\n      <\/div>\n      <div class=\"ba-wine-specs-attribute\">\n        <span class=\"ba-wine-specs-label\">Potenziale evolutivo<\/span>\n        Fino a 25 anni\n      <\/div>\n    <\/div> <!-- group -->\n\n    <div class=\"ba-wine-specs-group\">\n      <div class=\"ba-wine-specs-group-title\">Note di degustazione<\/div>\n    <\/div> <!-- group -->\n      <div class=\"ba-wine-specs-attribute\">\n        <span class=\"ba-wine-specs-label\">Nota di degustazione<\/span>\n        <p>Sentori di ribes nero, viola e spezie dolci, con un pizzico di tabacco. Presenta tannini raffinati ed un finale persistente con note di ribes nero e spezie.<\/p>\n\n      <\/div>\n      <div class=\"ba-wine-specs-attribute\">\n        <span class=\"ba-wine-specs-label\">Abbinamenti<\/span>\n        <p>Cibi dai sapori intensi, cacciagione, carni brasate, arrosto o bollite.<\/p>\n\n      <\/div>\n<\/div> <!-- ba-wine-specs-col1 -->\n\n <div class=\"ba-wine-specs-col2\">\n\n     <div class=\"ba-wine-specs-group\">\n      <div class=\"ba-wine-specs-group-title\">Riconoscimenti<\/div>\n      <div class=\"ba-wine-specs-attribute\">\n        \n\n\n<div id=\"wpv-view-layout-2235-CPID2948\" class=\"js-wpv-view-layout js-wpv-layout-responsive js-wpv-view-layout-2235-CPID2948\" data-viewnumber=\"2235-CPID2948\" data-pagination=\"{&quot;id&quot;:2235,&quot;query&quot;:&quot;normal&quot;,&quot;type&quot;:&quot;disabled&quot;,&quot;effect&quot;:&quot;fade&quot;,&quot;duration&quot;:500,&quot;speed&quot;:5,&quot;pause_on_hover&quot;:&quot;disabled&quot;,&quot;stop_rollover&quot;:&quot;false&quot;,&quot;cache_pages&quot;:&quot;enabled&quot;,&quot;preload_images&quot;:&quot;enabled&quot;,&quot;preload_pages&quot;:&quot;enabled&quot;,&quot;preload_reach&quot;:1,&quot;spinner&quot;:&quot;builtin&quot;,&quot;spinner_image&quot;:&quot;&quot;,&quot;callback_next&quot;:&quot;&quot;,&quot;manage_history&quot;:&quot;enabled&quot;,&quot;has_controls_in_form&quot;:&quot;disabled&quot;,&quot;infinite_tolerance&quot;:0,&quot;max_pages&quot;:0,&quot;page&quot;:1,&quot;base_permalink&quot;:&quot;\/it\/wp-json\/wp\/v2\/pages\/1409?wpv_view_count=2235-CPID2948&amp;wpv_paged=WPV_PAGE_NUM&quot;,&quot;loop&quot;:{&quot;type&quot;:&quot;&quot;,&quot;name&quot;:&quot;&quot;,&quot;data&quot;:&#091;&#093;,&quot;id&quot;:0}}\" data-permalink=\"\/it\/wp-json\/wp\/v2\/pages\/1409?wpv_view_count=2235-CPID2948\">\n\n\t\n\t\n\t\n      <div class=\"ba-awards-table-row ba-awards-award ba-product-awards\">\n         <div class=\"ba-awards-attribute ba-awards-publication\">www.blindtested.com<\/div>\n         <div class=\"ba-awards-attribute ba-awards-rating\">92<\/div>\n         <div class=\"ba-awards-attribute ba-awards-degustator\">Markus Del Monego, Andreas Larsson<\/div>\n       <\/div>\n\t\n      <div class=\"ba-awards-table-row ba-awards-award ba-product-awards\">\n         <div class=\"ba-awards-attribute ba-awards-publication\">I Vini di Veronelli<\/div>\n         <div class=\"ba-awards-attribute ba-awards-rating\">92<\/div>\n         <div class=\"ba-awards-attribute ba-awards-degustator\">Daniel Thomases<\/div>\n       <\/div>\n\t\n      <div class=\"ba-awards-table-row ba-awards-award ba-product-awards\">\n         <div class=\"ba-awards-attribute ba-awards-publication\">Falstaff<\/div>\n         <div class=\"ba-awards-attribute ba-awards-rating\">93<\/div>\n         <div class=\"ba-awards-attribute ba-awards-degustator\">Othmar Kiem<\/div>\n       <\/div>\n\t\n      <div class=\"ba-awards-table-row ba-awards-award ba-product-awards\">\n         <div class=\"ba-awards-attribute ba-awards-publication\">Wine Advocate<\/div>\n         <div class=\"ba-awards-attribute ba-awards-rating\">93<\/div>\n         <div class=\"ba-awards-attribute ba-awards-degustator\">Monica Larner<\/div>\n       <\/div>\n\t\n      <div class=\"ba-awards-table-row ba-awards-award ba-product-awards\">\n         <div class=\"ba-awards-attribute ba-awards-publication\">James Suckling<\/div>\n         <div class=\"ba-awards-attribute ba-awards-rating\">93<\/div>\n         <div class=\"ba-awards-attribute ba-awards-degustator\">James Suckling<\/div>\n       <\/div>\n\t\n      <div class=\"ba-awards-table-row ba-awards-award ba-product-awards\">\n         <div class=\"ba-awards-attribute ba-awards-publication\">Wine Spectator<\/div>\n         <div class=\"ba-awards-attribute ba-awards-rating\">94<\/div>\n         <div class=\"ba-awards-attribute ba-awards-degustator\">Bruce Sanderson<\/div>\n       <\/div>\n\t\n\t\n\t\n\t\n<\/div>\n      <\/div>\n    <\/div> <!-- group -->\n\n  <\/div> <!-- ba-wine-specs-col2 -->\n <\/div>\n\t\n\t\t<div class=\"ba-wine-specs 2009 hide\">\n  \n<div class=\"ba-wine-specs-col1\">\n\n    <div class=\"ba-wine-specs-group\">\n      <div class=\"ba-wine-specs-group-title\">Informazioni<\/div>\n      <div class=\"ba-wine-specs-attribute\">\n        <span class=\"ba-wine-specs-label\">Descrizione<\/span>\n        <p>ILATRAIA \u00e8 il nostro vino d\u2019eccellenza dalla zona della Maremma. Mostra un perfetto equilibrio tra maturit\u00e0 e raffinatezza, con tannini piacevoli, tipici dei vini della costa toscana. Il blend di 40% Petit Verdot, 40% Cabernet Sauvignon e 20% Cabernet Franc riflette tutta la bellezza del suo terroir.<\/p>\n\n      <\/div>\n      <div class=\"ba-wine-specs-attribute\">\n        <span class=\"ba-wine-specs-label\">Denominazione<\/span>\n        IGT Rosso Toscana\n      <\/div>\n      <div class=\"ba-wine-specs-attribute\">\n        <span class=\"ba-wine-specs-label\">Vitigni<\/span>\n        Petit Verdot 40%, Cabernet Sauvignon 40%, Cabernet Franc 20%\n      <\/div>\n    <\/div> <!-- group -->\n\n    <div class=\"ba-wine-specs-group\">\n      <div class=\"ba-wine-specs-group-title\">Vigneti e terroir<\/div>\n      <div class=\"ba-wine-specs-attribute\">\n        <span class=\"ba-wine-specs-label\">Vigneti<\/span>\n        Maremma.\n      <\/div>\n    <\/div> <!-- group -->\n\n    <div class=\"ba-wine-specs-group\">\n      <div class=\"ba-wine-specs-group-title\">Vinificazione e affinamento<\/div>\n      <div class=\"ba-wine-specs-attribute\">\n        <span class=\"ba-wine-specs-label\">Alcol<\/span>\n        Grado alcolico: 14%; acidit\u00e0 totale: 6\u2030\n      <\/div>\n      <div class=\"ba-wine-specs-attribute\">\n        <span class=\"ba-wine-specs-label\">Maturazione in botte<\/span>\n        18 mesi, 1\/2 in barrique nuove, 1\/2 in barrique di secondo passaggio\n      <\/div>\n      <div class=\"ba-wine-specs-attribute\">\n        <span class=\"ba-wine-specs-label\">Affinamento in bottiglia<\/span>\n        12 mesi\n      <\/div>\n      <div class=\"ba-wine-specs-attribute\">\n        <span class=\"ba-wine-specs-label\">Prima annata prodotta<\/span>\n        2002\n      <\/div>\n      <div class=\"ba-wine-specs-attribute\">\n        <span class=\"ba-wine-specs-label\">Potenziale evolutivo<\/span>\n        Fino a 25 anni\n      <\/div>\n    <\/div> <!-- group -->\n\n    <div class=\"ba-wine-specs-group\">\n      <div class=\"ba-wine-specs-group-title\">Note di degustazione<\/div>\n    <\/div> <!-- group -->\n      <div class=\"ba-wine-specs-attribute\">\n        <span class=\"ba-wine-specs-label\">Nota di degustazione<\/span>\n        <p>Frutti a bacca nera, olive nere ed erbe aromatiche come salvia e rosmarino sono alcune delle seducenti note espresse nel bicchiere. Finale elegante e persistente.<\/p>\n\n      <\/div>\n      <div class=\"ba-wine-specs-attribute\">\n        <span class=\"ba-wine-specs-label\">Abbinamenti<\/span>\n        <p>Cibi dai sapori intensi, cacciagione, carni brasate, arrosto o bollite.<\/p>\n\n      <\/div>\n<\/div> <!-- ba-wine-specs-col1 -->\n\n <div class=\"ba-wine-specs-col2\">\n\n     <div class=\"ba-wine-specs-group\">\n      <div class=\"ba-wine-specs-group-title\">Riconoscimenti<\/div>\n      <div class=\"ba-wine-specs-attribute\">\n        \n\n\n<div id=\"wpv-view-layout-2235-CPID3009\" class=\"js-wpv-view-layout js-wpv-layout-responsive js-wpv-view-layout-2235-CPID3009\" data-viewnumber=\"2235-CPID3009\" data-pagination=\"{&quot;id&quot;:2235,&quot;query&quot;:&quot;normal&quot;,&quot;type&quot;:&quot;disabled&quot;,&quot;effect&quot;:&quot;fade&quot;,&quot;duration&quot;:500,&quot;speed&quot;:5,&quot;pause_on_hover&quot;:&quot;disabled&quot;,&quot;stop_rollover&quot;:&quot;false&quot;,&quot;cache_pages&quot;:&quot;enabled&quot;,&quot;preload_images&quot;:&quot;enabled&quot;,&quot;preload_pages&quot;:&quot;enabled&quot;,&quot;preload_reach&quot;:1,&quot;spinner&quot;:&quot;builtin&quot;,&quot;spinner_image&quot;:&quot;&quot;,&quot;callback_next&quot;:&quot;&quot;,&quot;manage_history&quot;:&quot;enabled&quot;,&quot;has_controls_in_form&quot;:&quot;disabled&quot;,&quot;infinite_tolerance&quot;:0,&quot;max_pages&quot;:0,&quot;page&quot;:1,&quot;base_permalink&quot;:&quot;\/it\/wp-json\/wp\/v2\/pages\/1409?wpv_view_count=2235-CPID3009&amp;wpv_paged=WPV_PAGE_NUM&quot;,&quot;loop&quot;:{&quot;type&quot;:&quot;&quot;,&quot;name&quot;:&quot;&quot;,&quot;data&quot;:&#091;&#093;,&quot;id&quot;:0}}\" data-permalink=\"\/it\/wp-json\/wp\/v2\/pages\/1409?wpv_view_count=2235-CPID3009\">\n\n\t\n\t\n\t\n      <div class=\"ba-awards-table-row ba-awards-award ba-product-awards\">\n         <div class=\"ba-awards-attribute ba-awards-publication\">AIS Duemilavini<\/div>\n         <div class=\"ba-awards-attribute ba-awards-rating\">4 viti<\/div>\n         <div class=\"ba-awards-attribute ba-awards-degustator\"><\/div>\n       <\/div>\n\t\n      <div class=\"ba-awards-table-row ba-awards-award ba-product-awards\">\n         <div class=\"ba-awards-attribute ba-awards-publication\">I Vini di Veronelli<\/div>\n         <div class=\"ba-awards-attribute ba-awards-rating\">92<\/div>\n         <div class=\"ba-awards-attribute ba-awards-degustator\">Gigi Brozzoni<\/div>\n       <\/div>\n\t\n      <div class=\"ba-awards-table-row ba-awards-award ba-product-awards\">\n         <div class=\"ba-awards-attribute ba-awards-publication\">Falstaff<\/div>\n         <div class=\"ba-awards-attribute ba-awards-rating\">94<\/div>\n         <div class=\"ba-awards-attribute ba-awards-degustator\">Othmar Kiem<\/div>\n       <\/div>\n\t\n\t\n\t\n\t\n<\/div>\n      <\/div>\n    <\/div> <!-- group -->\n\n  <\/div> <!-- ba-wine-specs-col2 -->\n <\/div>\n\t\n\t\t<div class=\"ba-wine-specs 2008 hide\">\n  \n<div class=\"ba-wine-specs-col1\">\n\n    <div class=\"ba-wine-specs-group\">\n      <div class=\"ba-wine-specs-group-title\">Informazioni<\/div>\n      <div class=\"ba-wine-specs-attribute\">\n        <span class=\"ba-wine-specs-label\">Descrizione<\/span>\n        <p>ILATRAIA \u00e8 il nostro primo vino prodotto con le uve delle vigne di Brancaia Maremma: un vino intenso ed elegante che esprime tutta la tipicit\u00e0 del territorio. Per secoli Ilatraia \u00e8 stato il nome di una delle colline di Brancaia in Maremma, quella dove, oggi, cresce il nostro migliore Petit verdot.<\/p>\n\n      <\/div>\n      <div class=\"ba-wine-specs-attribute\">\n        <span class=\"ba-wine-specs-label\">Denominazione<\/span>\n        IGT Rosso Toscana\n      <\/div>\n      <div class=\"ba-wine-specs-attribute\">\n        <span class=\"ba-wine-specs-label\">Vitigni<\/span>\n        60% Cabernet Sauvignon, 30% Sangiovese, 10% Petit Verdot\n      <\/div>\n    <\/div> <!-- group -->\n\n    <div class=\"ba-wine-specs-group\">\n      <div class=\"ba-wine-specs-group-title\">Vigneti e terroir<\/div>\n      <div class=\"ba-wine-specs-attribute\">\n        <span class=\"ba-wine-specs-label\">Vigneti<\/span>\n        Maremma.\n      <\/div>\n    <\/div> <!-- group -->\n\n    <div class=\"ba-wine-specs-group\">\n      <div class=\"ba-wine-specs-group-title\">Vinificazione e affinamento<\/div>\n      <div class=\"ba-wine-specs-attribute\">\n        <span class=\"ba-wine-specs-label\">Alcol<\/span>\n        Grado alcolico: 14%; acidit\u00e0 totale: 6\u2030\n      <\/div>\n      <div class=\"ba-wine-specs-attribute\">\n        <span class=\"ba-wine-specs-label\">Maturazione in botte<\/span>\n        18 mesi, 1\/2 in barrique nuove, 1\/2 in barrique di secondo passaggio\n      <\/div>\n      <div class=\"ba-wine-specs-attribute\">\n        <span class=\"ba-wine-specs-label\">Affinamento in bottiglia<\/span>\n        12 mesi\n      <\/div>\n      <div class=\"ba-wine-specs-attribute\">\n        <span class=\"ba-wine-specs-label\">Prima annata prodotta<\/span>\n        2002\n      <\/div>\n      <div class=\"ba-wine-specs-attribute\">\n        <span class=\"ba-wine-specs-label\">Potenziale evolutivo<\/span>\n        Fino a 25 anni\n      <\/div>\n    <\/div> <!-- group -->\n\n    <div class=\"ba-wine-specs-group\">\n      <div class=\"ba-wine-specs-group-title\">Note di degustazione<\/div>\n    <\/div> <!-- group -->\n      <div class=\"ba-wine-specs-attribute\">\n        <span class=\"ba-wine-specs-label\">Nota di degustazione<\/span>\n        <p>Vino elegante e di grande struttura, con aromi di succosi frutti a bacca scura maturi ed un finale ricco e persistente.<\/p>\n\n      <\/div>\n      <div class=\"ba-wine-specs-attribute\">\n        <span class=\"ba-wine-specs-label\">Abbinamenti<\/span>\n        <p>Cibi dai sapori intensi, cacciagione, carni brasate, arrosto o bollite.<\/p>\n\n      <\/div>\n<\/div> <!-- ba-wine-specs-col1 -->\n\n <div class=\"ba-wine-specs-col2\">\n\n     <div class=\"ba-wine-specs-group\">\n      <div class=\"ba-wine-specs-group-title\">Riconoscimenti<\/div>\n      <div class=\"ba-wine-specs-attribute\">\n        \n\n\n<div id=\"wpv-view-layout-2235-CPID3005\" class=\"js-wpv-view-layout js-wpv-layout-responsive js-wpv-view-layout-2235-CPID3005\" data-viewnumber=\"2235-CPID3005\" data-pagination=\"{&quot;id&quot;:2235,&quot;query&quot;:&quot;normal&quot;,&quot;type&quot;:&quot;disabled&quot;,&quot;effect&quot;:&quot;fade&quot;,&quot;duration&quot;:500,&quot;speed&quot;:5,&quot;pause_on_hover&quot;:&quot;disabled&quot;,&quot;stop_rollover&quot;:&quot;false&quot;,&quot;cache_pages&quot;:&quot;enabled&quot;,&quot;preload_images&quot;:&quot;enabled&quot;,&quot;preload_pages&quot;:&quot;enabled&quot;,&quot;preload_reach&quot;:1,&quot;spinner&quot;:&quot;builtin&quot;,&quot;spinner_image&quot;:&quot;&quot;,&quot;callback_next&quot;:&quot;&quot;,&quot;manage_history&quot;:&quot;enabled&quot;,&quot;has_controls_in_form&quot;:&quot;disabled&quot;,&quot;infinite_tolerance&quot;:0,&quot;max_pages&quot;:0,&quot;page&quot;:1,&quot;base_permalink&quot;:&quot;\/it\/wp-json\/wp\/v2\/pages\/1409?wpv_view_count=2235-CPID3005&amp;wpv_paged=WPV_PAGE_NUM&quot;,&quot;loop&quot;:{&quot;type&quot;:&quot;&quot;,&quot;name&quot;:&quot;&quot;,&quot;data&quot;:&#091;&#093;,&quot;id&quot;:0}}\" data-permalink=\"\/it\/wp-json\/wp\/v2\/pages\/1409?wpv_view_count=2235-CPID3005\">\n\n\t\n\t\n\t\n      <div class=\"ba-awards-table-row ba-awards-award ba-product-awards\">\n         <div class=\"ba-awards-attribute ba-awards-publication\">I Vini di Veronelli<\/div>\n         <div class=\"ba-awards-attribute ba-awards-rating\">91<\/div>\n         <div class=\"ba-awards-attribute ba-awards-degustator\">Daniel Thomases<\/div>\n       <\/div>\n\t\n      <div class=\"ba-awards-table-row ba-awards-award ba-product-awards\">\n         <div class=\"ba-awards-attribute ba-awards-publication\">AIS Duemilavini<\/div>\n         <div class=\"ba-awards-attribute ba-awards-rating\">4 viti<\/div>\n         <div class=\"ba-awards-attribute ba-awards-degustator\"><\/div>\n       <\/div>\n\t\n      <div class=\"ba-awards-table-row ba-awards-award ba-product-awards\">\n         <div class=\"ba-awards-attribute ba-awards-publication\">Falstaff<\/div>\n         <div class=\"ba-awards-attribute ba-awards-rating\">91<\/div>\n         <div class=\"ba-awards-attribute ba-awards-degustator\">Othmar Kiem<\/div>\n       <\/div>\n\t\n      <div class=\"ba-awards-table-row ba-awards-award ba-product-awards\">\n         <div class=\"ba-awards-attribute ba-awards-publication\">Wine Spectator<\/div>\n         <div class=\"ba-awards-attribute ba-awards-rating\">91<\/div>\n         <div class=\"ba-awards-attribute ba-awards-degustator\">James Suckling<\/div>\n       <\/div>\n\t\n\t\n\t\n\t\n<\/div>\n      <\/div>\n    <\/div> <!-- group -->\n\n  <\/div> <!-- ba-wine-specs-col2 -->\n <\/div>\n\t\n\t\t<div class=\"ba-wine-specs 2007 hide\">\n  \n<div class=\"ba-wine-specs-col1\">\n\n    <div class=\"ba-wine-specs-group\">\n      <div class=\"ba-wine-specs-group-title\">Informazioni<\/div>\n      <div class=\"ba-wine-specs-attribute\">\n        <span class=\"ba-wine-specs-label\">Descrizione<\/span>\n        <p>ILATRAIA \u00e8 il nostro primo vino prodotto con le uve delle vigne di Brancaia Maremma: un vino intenso ed elegante che esprime tutta la tipicit\u00e0 del territorio. Per secoli Ilatraia \u00e8 stato il nome di una delle colline di Brancaia in Maremma, quella dove, oggi, cresce il nostro migliore Petit verdot.<\/p>\n\n      <\/div>\n      <div class=\"ba-wine-specs-attribute\">\n        <span class=\"ba-wine-specs-label\">Denominazione<\/span>\n        IGT Rosso Toscana\n      <\/div>\n      <div class=\"ba-wine-specs-attribute\">\n        <span class=\"ba-wine-specs-label\">Vitigni<\/span>\n        60% Cabernet Sauvignon, 30% Sangiovese, 10% Petit Verdot\n      <\/div>\n    <\/div> <!-- group -->\n\n    <div class=\"ba-wine-specs-group\">\n      <div class=\"ba-wine-specs-group-title\">Vigneti e terroir<\/div>\n      <div class=\"ba-wine-specs-attribute\">\n        <span class=\"ba-wine-specs-label\">Vigneti<\/span>\n        Maremma.\n      <\/div>\n    <\/div> <!-- group -->\n\n    <div class=\"ba-wine-specs-group\">\n      <div class=\"ba-wine-specs-group-title\">Vinificazione e affinamento<\/div>\n      <div class=\"ba-wine-specs-attribute\">\n        <span class=\"ba-wine-specs-label\">Alcol<\/span>\n        Grado alcolico: 14%; acidit\u00e0 totale: 6\u2030\n      <\/div>\n      <div class=\"ba-wine-specs-attribute\">\n        <span class=\"ba-wine-specs-label\">Maturazione in botte<\/span>\n        18 mesi, 1\/2 in barrique nuove, 1\/2 in barrique di secondo passaggio\n      <\/div>\n      <div class=\"ba-wine-specs-attribute\">\n        <span class=\"ba-wine-specs-label\">Affinamento in bottiglia<\/span>\n        12 mesi\n      <\/div>\n      <div class=\"ba-wine-specs-attribute\">\n        <span class=\"ba-wine-specs-label\">Prima annata prodotta<\/span>\n        2002\n      <\/div>\n      <div class=\"ba-wine-specs-attribute\">\n        <span class=\"ba-wine-specs-label\">Potenziale evolutivo<\/span>\n        Fino a 25 anni\n      <\/div>\n    <\/div> <!-- group -->\n\n    <div class=\"ba-wine-specs-group\">\n      <div class=\"ba-wine-specs-group-title\">Note di degustazione<\/div>\n    <\/div> <!-- group -->\n      <div class=\"ba-wine-specs-attribute\">\n        <span class=\"ba-wine-specs-label\">Nota di degustazione<\/span>\n        <p>Note di ribes nero, mora, menta e liquirizia. Tannini vellutati ed un finale lungo e ricco.<\/p>\n\n      <\/div>\n      <div class=\"ba-wine-specs-attribute\">\n        <span class=\"ba-wine-specs-label\">Abbinamenti<\/span>\n        <p>Cibi dai sapori intensi, cacciagione, carni brasate, arrosto o bollite.<\/p>\n\n      <\/div>\n<\/div> <!-- ba-wine-specs-col1 -->\n\n <div class=\"ba-wine-specs-col2\">\n\n     <div class=\"ba-wine-specs-group\">\n      <div class=\"ba-wine-specs-group-title\">Riconoscimenti<\/div>\n      <div class=\"ba-wine-specs-attribute\">\n        \n\n\n<div id=\"wpv-view-layout-2235-CPID3006\" class=\"js-wpv-view-layout js-wpv-layout-responsive js-wpv-view-layout-2235-CPID3006\" data-viewnumber=\"2235-CPID3006\" data-pagination=\"{&quot;id&quot;:2235,&quot;query&quot;:&quot;normal&quot;,&quot;type&quot;:&quot;disabled&quot;,&quot;effect&quot;:&quot;fade&quot;,&quot;duration&quot;:500,&quot;speed&quot;:5,&quot;pause_on_hover&quot;:&quot;disabled&quot;,&quot;stop_rollover&quot;:&quot;false&quot;,&quot;cache_pages&quot;:&quot;enabled&quot;,&quot;preload_images&quot;:&quot;enabled&quot;,&quot;preload_pages&quot;:&quot;enabled&quot;,&quot;preload_reach&quot;:1,&quot;spinner&quot;:&quot;builtin&quot;,&quot;spinner_image&quot;:&quot;&quot;,&quot;callback_next&quot;:&quot;&quot;,&quot;manage_history&quot;:&quot;enabled&quot;,&quot;has_controls_in_form&quot;:&quot;disabled&quot;,&quot;infinite_tolerance&quot;:0,&quot;max_pages&quot;:0,&quot;page&quot;:1,&quot;base_permalink&quot;:&quot;\/it\/wp-json\/wp\/v2\/pages\/1409?wpv_view_count=2235-CPID3006&amp;wpv_paged=WPV_PAGE_NUM&quot;,&quot;loop&quot;:{&quot;type&quot;:&quot;&quot;,&quot;name&quot;:&quot;&quot;,&quot;data&quot;:&#091;&#093;,&quot;id&quot;:0}}\" data-permalink=\"\/it\/wp-json\/wp\/v2\/pages\/1409?wpv_view_count=2235-CPID3006\">\n\n\t\n\t\n\t\n      <div class=\"ba-awards-table-row ba-awards-award ba-product-awards\">\n         <div class=\"ba-awards-attribute ba-awards-publication\">AIS Duemilavini<\/div>\n         <div class=\"ba-awards-attribute ba-awards-rating\">4 viti<\/div>\n         <div class=\"ba-awards-attribute ba-awards-degustator\"><\/div>\n       <\/div>\n\t\n      <div class=\"ba-awards-table-row ba-awards-award ba-product-awards\">\n         <div class=\"ba-awards-attribute ba-awards-publication\">Falstaff<\/div>\n         <div class=\"ba-awards-attribute ba-awards-rating\">91<\/div>\n         <div class=\"ba-awards-attribute ba-awards-degustator\">Othmar Kiem<\/div>\n       <\/div>\n\t\n      <div class=\"ba-awards-table-row ba-awards-award ba-product-awards\">\n         <div class=\"ba-awards-attribute ba-awards-publication\">Wine Advocate<\/div>\n         <div class=\"ba-awards-attribute ba-awards-rating\">92<\/div>\n         <div class=\"ba-awards-attribute ba-awards-degustator\">Antonio Galloni<\/div>\n       <\/div>\n\t\n      <div class=\"ba-awards-table-row ba-awards-award ba-product-awards\">\n         <div class=\"ba-awards-attribute ba-awards-publication\">Wine Spectator<\/div>\n         <div class=\"ba-awards-attribute ba-awards-rating\">96<\/div>\n         <div class=\"ba-awards-attribute ba-awards-degustator\">James Suckling<\/div>\n       <\/div>\n\t\n\t\n\t\n\t\n<\/div>\n      <\/div>\n    <\/div> <!-- group -->\n\n  <\/div> <!-- ba-wine-specs-col2 -->\n <\/div>\n\t\n\t\t<div class=\"ba-wine-specs 2006 hide\">\n  \n<div class=\"ba-wine-specs-col1\">\n\n    <div class=\"ba-wine-specs-group\">\n      <div class=\"ba-wine-specs-group-title\">Informazioni<\/div>\n      <div class=\"ba-wine-specs-attribute\">\n        <span class=\"ba-wine-specs-label\">Descrizione<\/span>\n        <p>ILATRAIA \u00e8 il nostro primo vino prodotto con le uve delle vigne di Brancaia Maremma: un vino intenso ed elegante che esprime tutta la tipicit\u00e0 del territorio. Per secoli Ilatraia \u00e8 stato il nome di una delle colline di Brancaia in Maremma, quella dove, oggi, cresce il nostro migliore Petit verdot.<\/p>\n\n      <\/div>\n      <div class=\"ba-wine-specs-attribute\">\n        <span class=\"ba-wine-specs-label\">Denominazione<\/span>\n        IGT Rosso Toscana\n      <\/div>\n      <div class=\"ba-wine-specs-attribute\">\n        <span class=\"ba-wine-specs-label\">Vitigni<\/span>\n        60% Cabernet Sauvignon, 30% Sangiovese, 10% Petit Verdot\n      <\/div>\n    <\/div> <!-- group -->\n\n    <div class=\"ba-wine-specs-group\">\n      <div class=\"ba-wine-specs-group-title\">Vigneti e terroir<\/div>\n      <div class=\"ba-wine-specs-attribute\">\n        <span class=\"ba-wine-specs-label\">Vigneti<\/span>\n        Maremma.\n      <\/div>\n    <\/div> <!-- group -->\n\n    <div class=\"ba-wine-specs-group\">\n      <div class=\"ba-wine-specs-group-title\">Vinificazione e affinamento<\/div>\n      <div class=\"ba-wine-specs-attribute\">\n        <span class=\"ba-wine-specs-label\">Alcol<\/span>\n        Grado alcolico: 14%; acidit\u00e0 totale: 5,70\u2030\n      <\/div>\n      <div class=\"ba-wine-specs-attribute\">\n        <span class=\"ba-wine-specs-label\">Maturazione in botte<\/span>\n        18 mesi, 1\/2 in barrique nuove, 1\/2 in barrique di secondo passaggio\n      <\/div>\n      <div class=\"ba-wine-specs-attribute\">\n        <span class=\"ba-wine-specs-label\">Affinamento in bottiglia<\/span>\n        12 mesi\n      <\/div>\n      <div class=\"ba-wine-specs-attribute\">\n        <span class=\"ba-wine-specs-label\">Prima annata prodotta<\/span>\n        2002\n      <\/div>\n      <div class=\"ba-wine-specs-attribute\">\n        <span class=\"ba-wine-specs-label\">Potenziale evolutivo<\/span>\n        Fino a 25 anni\n      <\/div>\n    <\/div> <!-- group -->\n\n    <div class=\"ba-wine-specs-group\">\n      <div class=\"ba-wine-specs-group-title\">Note di degustazione<\/div>\n    <\/div> <!-- group -->\n      <div class=\"ba-wine-specs-attribute\">\n        <span class=\"ba-wine-specs-label\">Nota di degustazione<\/span>\n        <p>Sentori di ribes e note vegetali. Vino di corpo, con tannini raffinati ed un finale ricco e bilanciato.<\/p>\n\n      <\/div>\n      <div class=\"ba-wine-specs-attribute\">\n        <span class=\"ba-wine-specs-label\">Abbinamenti<\/span>\n        <p>Cibi dai sapori intensi, cacciagione, carni brasate, arrosto o bollite.<\/p>\n\n      <\/div>\n<\/div> <!-- ba-wine-specs-col1 -->\n\n <div class=\"ba-wine-specs-col2\">\n\n     <div class=\"ba-wine-specs-group\">\n      <div class=\"ba-wine-specs-group-title\">Riconoscimenti<\/div>\n      <div class=\"ba-wine-specs-attribute\">\n        \n\n\n<div id=\"wpv-view-layout-2235-CPID3010\" class=\"js-wpv-view-layout js-wpv-layout-responsive js-wpv-view-layout-2235-CPID3010\" data-viewnumber=\"2235-CPID3010\" data-pagination=\"{&quot;id&quot;:2235,&quot;query&quot;:&quot;normal&quot;,&quot;type&quot;:&quot;disabled&quot;,&quot;effect&quot;:&quot;fade&quot;,&quot;duration&quot;:500,&quot;speed&quot;:5,&quot;pause_on_hover&quot;:&quot;disabled&quot;,&quot;stop_rollover&quot;:&quot;false&quot;,&quot;cache_pages&quot;:&quot;enabled&quot;,&quot;preload_images&quot;:&quot;enabled&quot;,&quot;preload_pages&quot;:&quot;enabled&quot;,&quot;preload_reach&quot;:1,&quot;spinner&quot;:&quot;builtin&quot;,&quot;spinner_image&quot;:&quot;&quot;,&quot;callback_next&quot;:&quot;&quot;,&quot;manage_history&quot;:&quot;enabled&quot;,&quot;has_controls_in_form&quot;:&quot;disabled&quot;,&quot;infinite_tolerance&quot;:0,&quot;max_pages&quot;:0,&quot;page&quot;:1,&quot;base_permalink&quot;:&quot;\/it\/wp-json\/wp\/v2\/pages\/1409?wpv_view_count=2235-CPID3010&amp;wpv_paged=WPV_PAGE_NUM&quot;,&quot;loop&quot;:{&quot;type&quot;:&quot;&quot;,&quot;name&quot;:&quot;&quot;,&quot;data&quot;:&#091;&#093;,&quot;id&quot;:0}}\" data-permalink=\"\/it\/wp-json\/wp\/v2\/pages\/1409?wpv_view_count=2235-CPID3010\">\n\n\t\n\t\n\t\n      <div class=\"ba-awards-table-row ba-awards-award ba-product-awards\">\n         <div class=\"ba-awards-attribute ba-awards-publication\">Decanter World Wine Awards<\/div>\n         <div class=\"ba-awards-attribute ba-awards-rating\">Gold Medal<\/div>\n         <div class=\"ba-awards-attribute ba-awards-degustator\"><\/div>\n       <\/div>\n\t\n      <div class=\"ba-awards-table-row ba-awards-award ba-product-awards\">\n         <div class=\"ba-awards-attribute ba-awards-publication\">Wine Enthusiast<\/div>\n         <div class=\"ba-awards-attribute ba-awards-rating\">92<\/div>\n         <div class=\"ba-awards-attribute ba-awards-degustator\">Monica Larner<\/div>\n       <\/div>\n\t\n      <div class=\"ba-awards-table-row ba-awards-award ba-product-awards\">\n         <div class=\"ba-awards-attribute ba-awards-publication\">Wine Spectator<\/div>\n         <div class=\"ba-awards-attribute ba-awards-rating\">92<\/div>\n         <div class=\"ba-awards-attribute ba-awards-degustator\">James Suckling<\/div>\n       <\/div>\n\t\n      <div class=\"ba-awards-table-row ba-awards-award ba-product-awards\">\n         <div class=\"ba-awards-attribute ba-awards-publication\">Vinous<\/div>\n         <div class=\"ba-awards-attribute ba-awards-rating\">93<\/div>\n         <div class=\"ba-awards-attribute ba-awards-degustator\">Antonio Galloni<\/div>\n       <\/div>\n\t\n      <div class=\"ba-awards-table-row ba-awards-award ba-product-awards\">\n         <div class=\"ba-awards-attribute ba-awards-publication\">Falstaff<\/div>\n         <div class=\"ba-awards-attribute ba-awards-rating\">94<\/div>\n         <div class=\"ba-awards-attribute ba-awards-degustator\">Othmar Kiem<\/div>\n       <\/div>\n\t\n\t\n\t\n\t\n<\/div>\n      <\/div>\n    <\/div> <!-- group -->\n\n  <\/div> <!-- ba-wine-specs-col2 -->\n <\/div>\n\t\n\t\t<div class=\"ba-wine-specs 2005 hide\">\n  \n<div class=\"ba-wine-specs-col1\">\n\n    <div class=\"ba-wine-specs-group\">\n      <div class=\"ba-wine-specs-group-title\">Informazioni<\/div>\n      <div class=\"ba-wine-specs-attribute\">\n        <span class=\"ba-wine-specs-label\">Descrizione<\/span>\n        <p>ILATRAIA \u00e8 il nostro primo vino prodotto con le uve delle vigne di Brancaia Maremma: un vino intenso ed elegante che esprime tutta la tipicit\u00e0 del territorio. Per secoli Ilatraia \u00e8 stato il nome di una delle colline di Brancaia in Maremma, quella dove, oggi, cresce il nostro migliore Petit verdot.<\/p>\n\n      <\/div>\n      <div class=\"ba-wine-specs-attribute\">\n        <span class=\"ba-wine-specs-label\">Denominazione<\/span>\n        IGT Rosso Toscana\n      <\/div>\n      <div class=\"ba-wine-specs-attribute\">\n        <span class=\"ba-wine-specs-label\">Vitigni<\/span>\n        60% Cabernet Sauvignon, 30% Sangiovese, 10% Petit Verdot\n      <\/div>\n    <\/div> <!-- group -->\n\n    <div class=\"ba-wine-specs-group\">\n      <div class=\"ba-wine-specs-group-title\">Vigneti e terroir<\/div>\n      <div class=\"ba-wine-specs-attribute\">\n        <span class=\"ba-wine-specs-label\">Vigneti<\/span>\n        Maremma.\n      <\/div>\n    <\/div> <!-- group -->\n\n    <div class=\"ba-wine-specs-group\">\n      <div class=\"ba-wine-specs-group-title\">Vinificazione e affinamento<\/div>\n      <div class=\"ba-wine-specs-attribute\">\n        <span class=\"ba-wine-specs-label\">Alcol<\/span>\n        Grado alcolico: 14%; acidit\u00e0 totale: 5,50\u2030\n      <\/div>\n      <div class=\"ba-wine-specs-attribute\">\n        <span class=\"ba-wine-specs-label\">Maturazione in botte<\/span>\n        18 mesi, 1\/2 in barrique nuove, 1\/2 in barrique di secondo passaggio\n      <\/div>\n      <div class=\"ba-wine-specs-attribute\">\n        <span class=\"ba-wine-specs-label\">Affinamento in bottiglia<\/span>\n        12 mesi\n      <\/div>\n      <div class=\"ba-wine-specs-attribute\">\n        <span class=\"ba-wine-specs-label\">Prima annata prodotta<\/span>\n        2002\n      <\/div>\n      <div class=\"ba-wine-specs-attribute\">\n        <span class=\"ba-wine-specs-label\">Potenziale evolutivo<\/span>\n        Fino a 25 anni\n      <\/div>\n    <\/div> <!-- group -->\n\n    <div class=\"ba-wine-specs-group\">\n      <div class=\"ba-wine-specs-group-title\">Note di degustazione<\/div>\n    <\/div> <!-- group -->\n      <div class=\"ba-wine-specs-attribute\">\n        <span class=\"ba-wine-specs-label\">Nota di degustazione<\/span>\n        <p>Al naso note fruttate di mora, con sentori di erbe fresche. Vino di grane struttura, con tannini eleganti e un finale vellutato e persistente.<\/p>\n\n      <\/div>\n      <div class=\"ba-wine-specs-attribute\">\n        <span class=\"ba-wine-specs-label\">Abbinamenti<\/span>\n        <p>Cibi dai sapori intensi, cacciagione, carni brasate, arrosto o bollite.<\/p>\n\n      <\/div>\n<\/div> <!-- ba-wine-specs-col1 -->\n\n <div class=\"ba-wine-specs-col2\">\n\n     <div class=\"ba-wine-specs-group\">\n      <div class=\"ba-wine-specs-group-title\">Riconoscimenti<\/div>\n      <div class=\"ba-wine-specs-attribute\">\n        \n\n\n<div id=\"wpv-view-layout-2235-CPID3011\" class=\"js-wpv-view-layout js-wpv-layout-responsive js-wpv-view-layout-2235-CPID3011\" data-viewnumber=\"2235-CPID3011\" data-pagination=\"{&quot;id&quot;:2235,&quot;query&quot;:&quot;normal&quot;,&quot;type&quot;:&quot;disabled&quot;,&quot;effect&quot;:&quot;fade&quot;,&quot;duration&quot;:500,&quot;speed&quot;:5,&quot;pause_on_hover&quot;:&quot;disabled&quot;,&quot;stop_rollover&quot;:&quot;false&quot;,&quot;cache_pages&quot;:&quot;enabled&quot;,&quot;preload_images&quot;:&quot;enabled&quot;,&quot;preload_pages&quot;:&quot;enabled&quot;,&quot;preload_reach&quot;:1,&quot;spinner&quot;:&quot;builtin&quot;,&quot;spinner_image&quot;:&quot;&quot;,&quot;callback_next&quot;:&quot;&quot;,&quot;manage_history&quot;:&quot;enabled&quot;,&quot;has_controls_in_form&quot;:&quot;disabled&quot;,&quot;infinite_tolerance&quot;:0,&quot;max_pages&quot;:0,&quot;page&quot;:1,&quot;base_permalink&quot;:&quot;\/it\/wp-json\/wp\/v2\/pages\/1409?wpv_view_count=2235-CPID3011&amp;wpv_paged=WPV_PAGE_NUM&quot;,&quot;loop&quot;:{&quot;type&quot;:&quot;&quot;,&quot;name&quot;:&quot;&quot;,&quot;data&quot;:&#091;&#093;,&quot;id&quot;:0}}\" data-permalink=\"\/it\/wp-json\/wp\/v2\/pages\/1409?wpv_view_count=2235-CPID3011\">\n\n\t\n\t\n\t\n      <div class=\"ba-awards-table-row ba-awards-award ba-product-awards\">\n         <div class=\"ba-awards-attribute ba-awards-publication\">AIS Duemilavini<\/div>\n         <div class=\"ba-awards-attribute ba-awards-rating\">4 viti<\/div>\n         <div class=\"ba-awards-attribute ba-awards-degustator\"><\/div>\n       <\/div>\n\t\n      <div class=\"ba-awards-table-row ba-awards-award ba-product-awards\">\n         <div class=\"ba-awards-attribute ba-awards-publication\">Vinous<\/div>\n         <div class=\"ba-awards-attribute ba-awards-rating\">91<\/div>\n         <div class=\"ba-awards-attribute ba-awards-degustator\">Antonio Galloni<\/div>\n       <\/div>\n\t\n      <div class=\"ba-awards-table-row ba-awards-award ba-product-awards\">\n         <div class=\"ba-awards-attribute ba-awards-publication\">Wine Enthusiast<\/div>\n         <div class=\"ba-awards-attribute ba-awards-rating\">91<\/div>\n         <div class=\"ba-awards-attribute ba-awards-degustator\">Monica Larner<\/div>\n       <\/div>\n\t\n      <div class=\"ba-awards-table-row ba-awards-award ba-product-awards\">\n         <div class=\"ba-awards-attribute ba-awards-publication\">Mondo Wein der Welt<\/div>\n         <div class=\"ba-awards-attribute ba-awards-rating\">92<\/div>\n         <div class=\"ba-awards-attribute ba-awards-degustator\">Gerhard Eichelmann<\/div>\n       <\/div>\n\t\n      <div class=\"ba-awards-table-row ba-awards-award ba-product-awards\">\n         <div class=\"ba-awards-attribute ba-awards-publication\">Falstaff<\/div>\n         <div class=\"ba-awards-attribute ba-awards-rating\">92<\/div>\n         <div class=\"ba-awards-attribute ba-awards-degustator\">Othmar Kiem<\/div>\n       <\/div>\n\t\n      <div class=\"ba-awards-table-row ba-awards-award ba-product-awards\">\n         <div class=\"ba-awards-attribute ba-awards-publication\">Wine Spectator<\/div>\n         <div class=\"ba-awards-attribute ba-awards-rating\">95<\/div>\n         <div class=\"ba-awards-attribute ba-awards-degustator\">James Suckling<\/div>\n       <\/div>\n\t\n\t\n\t\n\t\n<\/div>\n      <\/div>\n    <\/div> <!-- group -->\n\n  <\/div> <!-- ba-wine-specs-col2 -->\n <\/div>\n\t\n\t\t<div class=\"ba-wine-specs 2004 hide\">\n  \n<div class=\"ba-wine-specs-col1\">\n\n    <div class=\"ba-wine-specs-group\">\n      <div class=\"ba-wine-specs-group-title\">Informazioni<\/div>\n      <div class=\"ba-wine-specs-attribute\">\n        <span class=\"ba-wine-specs-label\">Descrizione<\/span>\n        <p>ILATRAIA \u00e8 il nostro primo vino prodotto con le uve delle vigne di Brancaia Maremma: un vino intenso ed elegante che esprime tutta la tipicit\u00e0 del territorio. Per secoli Ilatraia \u00e8 stato il nome di una delle colline di Brancaia in Maremma, quella dove, oggi, cresce il nostro migliore Petit verdot.<\/p>\n\n      <\/div>\n      <div class=\"ba-wine-specs-attribute\">\n        <span class=\"ba-wine-specs-label\">Denominazione<\/span>\n        IGT Rosso Toscana\n      <\/div>\n      <div class=\"ba-wine-specs-attribute\">\n        <span class=\"ba-wine-specs-label\">Vitigni<\/span>\n        60% Cabernet Sauvignon, 30% Sangiovese, 10% Petit Verdot\n      <\/div>\n    <\/div> <!-- group -->\n\n    <div class=\"ba-wine-specs-group\">\n      <div class=\"ba-wine-specs-group-title\">Vigneti e terroir<\/div>\n      <div class=\"ba-wine-specs-attribute\">\n        <span class=\"ba-wine-specs-label\">Vigneti<\/span>\n        Maremma.\n      <\/div>\n    <\/div> <!-- group -->\n\n    <div class=\"ba-wine-specs-group\">\n      <div class=\"ba-wine-specs-group-title\">Vinificazione e affinamento<\/div>\n      <div class=\"ba-wine-specs-attribute\">\n        <span class=\"ba-wine-specs-label\">Alcol<\/span>\n        Grado alcolico: 13,5%; acidit\u00e0 totale: 5,70\u2030\n      <\/div>\n      <div class=\"ba-wine-specs-attribute\">\n        <span class=\"ba-wine-specs-label\">Maturazione in botte<\/span>\n        18 mesi, 1\/2 in barrique nuove, 1\/2 in barrique di secondo passaggio\n      <\/div>\n      <div class=\"ba-wine-specs-attribute\">\n        <span class=\"ba-wine-specs-label\">Affinamento in bottiglia<\/span>\n        12 mesi\n      <\/div>\n      <div class=\"ba-wine-specs-attribute\">\n        <span class=\"ba-wine-specs-label\">Prima annata prodotta<\/span>\n        2002\n      <\/div>\n      <div class=\"ba-wine-specs-attribute\">\n        <span class=\"ba-wine-specs-label\">Potenziale evolutivo<\/span>\n        Fino a 25 anni\n      <\/div>\n    <\/div> <!-- group -->\n\n    <div class=\"ba-wine-specs-group\">\n      <div class=\"ba-wine-specs-group-title\">Note di degustazione<\/div>\n    <\/div> <!-- group -->\n      <div class=\"ba-wine-specs-attribute\">\n        <span class=\"ba-wine-specs-label\">Nota di degustazione<\/span>\n        <p>Sentori di liquirizia, mora, cioccolato e note minerali. Vino di grande corpo, con tannini eccezionalmente raffinati ed un lungo finale.<\/p>\n\n      <\/div>\n      <div class=\"ba-wine-specs-attribute\">\n        <span class=\"ba-wine-specs-label\">Abbinamenti<\/span>\n        <p>Cibi dai sapori intensi, cacciagione, carni brasate, arrosto o bollite.<\/p>\n\n      <\/div>\n<\/div> <!-- ba-wine-specs-col1 -->\n\n <div class=\"ba-wine-specs-col2\">\n\n     <div class=\"ba-wine-specs-group\">\n      <div class=\"ba-wine-specs-group-title\">Riconoscimenti<\/div>\n      <div class=\"ba-wine-specs-attribute\">\n        \n\n\n<div id=\"wpv-view-layout-2235-CPID3012\" class=\"js-wpv-view-layout js-wpv-layout-responsive js-wpv-view-layout-2235-CPID3012\" data-viewnumber=\"2235-CPID3012\" data-pagination=\"{&quot;id&quot;:2235,&quot;query&quot;:&quot;normal&quot;,&quot;type&quot;:&quot;disabled&quot;,&quot;effect&quot;:&quot;fade&quot;,&quot;duration&quot;:500,&quot;speed&quot;:5,&quot;pause_on_hover&quot;:&quot;disabled&quot;,&quot;stop_rollover&quot;:&quot;false&quot;,&quot;cache_pages&quot;:&quot;enabled&quot;,&quot;preload_images&quot;:&quot;enabled&quot;,&quot;preload_pages&quot;:&quot;enabled&quot;,&quot;preload_reach&quot;:1,&quot;spinner&quot;:&quot;builtin&quot;,&quot;spinner_image&quot;:&quot;&quot;,&quot;callback_next&quot;:&quot;&quot;,&quot;manage_history&quot;:&quot;enabled&quot;,&quot;has_controls_in_form&quot;:&quot;disabled&quot;,&quot;infinite_tolerance&quot;:0,&quot;max_pages&quot;:0,&quot;page&quot;:1,&quot;base_permalink&quot;:&quot;\/it\/wp-json\/wp\/v2\/pages\/1409?wpv_view_count=2235-CPID3012&amp;wpv_paged=WPV_PAGE_NUM&quot;,&quot;loop&quot;:{&quot;type&quot;:&quot;&quot;,&quot;name&quot;:&quot;&quot;,&quot;data&quot;:&#091;&#093;,&quot;id&quot;:0}}\" data-permalink=\"\/it\/wp-json\/wp\/v2\/pages\/1409?wpv_view_count=2235-CPID3012\">\n\n\t\n\t\n\t\n      <div class=\"ba-awards-table-row ba-awards-award ba-product-awards\">\n         <div class=\"ba-awards-attribute ba-awards-publication\">I Vini di Veronelli<\/div>\n         <div class=\"ba-awards-attribute ba-awards-rating\">91<\/div>\n         <div class=\"ba-awards-attribute ba-awards-degustator\">Daniel Thomases<\/div>\n       <\/div>\n\t\n      <div class=\"ba-awards-table-row ba-awards-award ba-product-awards\">\n         <div class=\"ba-awards-attribute ba-awards-publication\">Falstaff<\/div>\n         <div class=\"ba-awards-attribute ba-awards-rating\">92<\/div>\n         <div class=\"ba-awards-attribute ba-awards-degustator\">Othmar Kiem<\/div>\n       <\/div>\n\t\n      <div class=\"ba-awards-table-row ba-awards-award ba-product-awards\">\n         <div class=\"ba-awards-attribute ba-awards-publication\">Mondo Wein der Welt<\/div>\n         <div class=\"ba-awards-attribute ba-awards-rating\">92<\/div>\n         <div class=\"ba-awards-attribute ba-awards-degustator\">Gerhard Eichelmann<\/div>\n       <\/div>\n\t\n      <div class=\"ba-awards-table-row ba-awards-award ba-product-awards\">\n         <div class=\"ba-awards-attribute ba-awards-publication\">Wine Spectator<\/div>\n         <div class=\"ba-awards-attribute ba-awards-rating\">92<\/div>\n         <div class=\"ba-awards-attribute ba-awards-degustator\">James Suckling<\/div>\n       <\/div>\n\t\n\t\n\t\n\t\n<\/div>\n      <\/div>\n    <\/div> <!-- group -->\n\n  <\/div> <!-- ba-wine-specs-col2 -->\n <\/div>\n\t\n\t\t<div class=\"ba-wine-specs 2003 hide\">\n  \n<div class=\"ba-wine-specs-col1\">\n\n    <div class=\"ba-wine-specs-group\">\n      <div class=\"ba-wine-specs-group-title\">Informazioni<\/div>\n      <div class=\"ba-wine-specs-attribute\">\n        <span class=\"ba-wine-specs-label\">Descrizione<\/span>\n        <p>ILATRAIA \u00e8 il nostro primo vino prodotto con le uve delle vigne di Brancaia Maremma: un vino intenso ed elegante che esprime tutta la tipicit\u00e0 del territorio. Per secoli Ilatraia \u00e8 stato il nome di una delle colline di Brancaia in Maremma, quella dove, oggi, cresce il nostro migliore Petit verdot.<\/p>\n\n      <\/div>\n      <div class=\"ba-wine-specs-attribute\">\n        <span class=\"ba-wine-specs-label\">Denominazione<\/span>\n        IGT Rosso Toscana\n      <\/div>\n      <div class=\"ba-wine-specs-attribute\">\n        <span class=\"ba-wine-specs-label\">Vitigni<\/span>\n        60% Cabernet Sauvignon, 30% Sangiovese, 10% Petit Verdot\n      <\/div>\n    <\/div> <!-- group -->\n\n    <div class=\"ba-wine-specs-group\">\n      <div class=\"ba-wine-specs-group-title\">Vigneti e terroir<\/div>\n      <div class=\"ba-wine-specs-attribute\">\n        <span class=\"ba-wine-specs-label\">Vigneti<\/span>\n        Maremma.\n      <\/div>\n    <\/div> <!-- group -->\n\n    <div class=\"ba-wine-specs-group\">\n      <div class=\"ba-wine-specs-group-title\">Vinificazione e affinamento<\/div>\n      <div class=\"ba-wine-specs-attribute\">\n        <span class=\"ba-wine-specs-label\">Alcol<\/span>\n        Grado alcolico: 13,5%; acidit\u00e0 totale: 5,90\u2030\n      <\/div>\n      <div class=\"ba-wine-specs-attribute\">\n        <span class=\"ba-wine-specs-label\">Maturazione in botte<\/span>\n        18 mesi, 1\/2 in barrique nuove, 1\/2 in barrique di secondo passaggio\n      <\/div>\n      <div class=\"ba-wine-specs-attribute\">\n        <span class=\"ba-wine-specs-label\">Affinamento in bottiglia<\/span>\n        12 mesi\n      <\/div>\n      <div class=\"ba-wine-specs-attribute\">\n        <span class=\"ba-wine-specs-label\">Prima annata prodotta<\/span>\n        2002\n      <\/div>\n      <div class=\"ba-wine-specs-attribute\">\n        <span class=\"ba-wine-specs-label\">Potenziale evolutivo<\/span>\n        Fino a 25 anni\n      <\/div>\n    <\/div> <!-- group -->\n\n    <div class=\"ba-wine-specs-group\">\n      <div class=\"ba-wine-specs-group-title\">Note di degustazione<\/div>\n    <\/div> <!-- group -->\n      <div class=\"ba-wine-specs-attribute\">\n        <span class=\"ba-wine-specs-label\">Nota di degustazione<\/span>\n        <p>Aromi di mora e lampone maturo e note tostate al naso. Grande struttura, tannini vellutati al palato ed un finale persistente.<\/p>\n\n      <\/div>\n      <div class=\"ba-wine-specs-attribute\">\n        <span class=\"ba-wine-specs-label\">Abbinamenti<\/span>\n        <p>Cibi dai sapori intensi, cacciagione, carni brasate, arrosto o bollite.<\/p>\n\n      <\/div>\n<\/div> <!-- ba-wine-specs-col1 -->\n\n <div class=\"ba-wine-specs-col2\">\n\n     <div class=\"ba-wine-specs-group\">\n      <div class=\"ba-wine-specs-group-title\">Riconoscimenti<\/div>\n      <div class=\"ba-wine-specs-attribute\">\n        \n\n\n<div id=\"wpv-view-layout-2235-CPID3013\" class=\"js-wpv-view-layout js-wpv-layout-responsive js-wpv-view-layout-2235-CPID3013\" data-viewnumber=\"2235-CPID3013\" data-pagination=\"{&quot;id&quot;:2235,&quot;query&quot;:&quot;normal&quot;,&quot;type&quot;:&quot;disabled&quot;,&quot;effect&quot;:&quot;fade&quot;,&quot;duration&quot;:500,&quot;speed&quot;:5,&quot;pause_on_hover&quot;:&quot;disabled&quot;,&quot;stop_rollover&quot;:&quot;false&quot;,&quot;cache_pages&quot;:&quot;enabled&quot;,&quot;preload_images&quot;:&quot;enabled&quot;,&quot;preload_pages&quot;:&quot;enabled&quot;,&quot;preload_reach&quot;:1,&quot;spinner&quot;:&quot;builtin&quot;,&quot;spinner_image&quot;:&quot;&quot;,&quot;callback_next&quot;:&quot;&quot;,&quot;manage_history&quot;:&quot;enabled&quot;,&quot;has_controls_in_form&quot;:&quot;disabled&quot;,&quot;infinite_tolerance&quot;:0,&quot;max_pages&quot;:0,&quot;page&quot;:1,&quot;base_permalink&quot;:&quot;\/it\/wp-json\/wp\/v2\/pages\/1409?wpv_view_count=2235-CPID3013&amp;wpv_paged=WPV_PAGE_NUM&quot;,&quot;loop&quot;:{&quot;type&quot;:&quot;&quot;,&quot;name&quot;:&quot;&quot;,&quot;data&quot;:&#091;&#093;,&quot;id&quot;:0}}\" data-permalink=\"\/it\/wp-json\/wp\/v2\/pages\/1409?wpv_view_count=2235-CPID3013\">\n\n\t\n\t\n\t\n      <div class=\"ba-awards-table-row ba-awards-award ba-product-awards\">\n         <div class=\"ba-awards-attribute ba-awards-publication\">Mondo Wein der Welt<\/div>\n         <div class=\"ba-awards-attribute ba-awards-rating\">90<\/div>\n         <div class=\"ba-awards-attribute ba-awards-degustator\">Gerhard Eichelmann<\/div>\n       <\/div>\n\t\n      <div class=\"ba-awards-table-row ba-awards-award ba-product-awards\">\n         <div class=\"ba-awards-attribute ba-awards-publication\">I Vini di Veronelli<\/div>\n         <div class=\"ba-awards-attribute ba-awards-rating\">91<\/div>\n         <div class=\"ba-awards-attribute ba-awards-degustator\">Daniel Thomases<\/div>\n       <\/div>\n\t\n      <div class=\"ba-awards-table-row ba-awards-award ba-product-awards\">\n         <div class=\"ba-awards-attribute ba-awards-publication\">Falstaff<\/div>\n         <div class=\"ba-awards-attribute ba-awards-rating\">92<\/div>\n         <div class=\"ba-awards-attribute ba-awards-degustator\">Othmar Kiem<\/div>\n       <\/div>\n\t\n      <div class=\"ba-awards-table-row ba-awards-award ba-product-awards\">\n         <div class=\"ba-awards-attribute ba-awards-publication\">Wine Spectator<\/div>\n         <div class=\"ba-awards-attribute ba-awards-rating\">96<\/div>\n         <div class=\"ba-awards-attribute ba-awards-degustator\">James Suckling<\/div>\n       <\/div>\n\t\n\t\n\t\n\t\n<\/div>\n      <\/div>\n    <\/div> <!-- group -->\n\n  <\/div> <!-- ba-wine-specs-col2 -->\n <\/div>\n\t\n\t\t<div class=\"ba-wine-specs 2002 hide\">\n  \n<div class=\"ba-wine-specs-col1\">\n\n    <div class=\"ba-wine-specs-group\">\n      <div class=\"ba-wine-specs-group-title\">Informazioni<\/div>\n      <div class=\"ba-wine-specs-attribute\">\n        <span class=\"ba-wine-specs-label\">Descrizione<\/span>\n        <p>ILATRAIA \u00e8 il nostro primo vino prodotto con le uve delle vigne di Brancaia Maremma: un vino intenso ed elegante che esprime tutta la tipicit\u00e0 del territorio. Per secoli Ilatraia \u00e8 stato il nome di una delle colline di Brancaia in Maremma, quella dove, oggi, cresce il nostro migliore Petit verdot.<\/p>\n\n      <\/div>\n      <div class=\"ba-wine-specs-attribute\">\n        <span class=\"ba-wine-specs-label\">Denominazione<\/span>\n        IGT Rosso Toscana\n      <\/div>\n      <div class=\"ba-wine-specs-attribute\">\n        <span class=\"ba-wine-specs-label\">Vitigni<\/span>\n        60% Cabernet Sauvignon, 30% Sangiovese, 10% Petit Verdot\n      <\/div>\n    <\/div> <!-- group -->\n\n    <div class=\"ba-wine-specs-group\">\n      <div class=\"ba-wine-specs-group-title\">Vigneti e terroir<\/div>\n      <div class=\"ba-wine-specs-attribute\">\n        <span class=\"ba-wine-specs-label\">Vigneti<\/span>\n        Maremma.\n      <\/div>\n    <\/div> <!-- group -->\n\n    <div class=\"ba-wine-specs-group\">\n      <div class=\"ba-wine-specs-group-title\">Vinificazione e affinamento<\/div>\n      <div class=\"ba-wine-specs-attribute\">\n        <span class=\"ba-wine-specs-label\">Alcol<\/span>\n        Grado alcolico: 13%; acidit\u00e0 totale: 5,70\u2030\n      <\/div>\n      <div class=\"ba-wine-specs-attribute\">\n        <span class=\"ba-wine-specs-label\">Maturazione in botte<\/span>\n        18 mesi, 1\/2 in barrique nuove, 1\/2 in barrique di secondo passaggio\n      <\/div>\n      <div class=\"ba-wine-specs-attribute\">\n        <span class=\"ba-wine-specs-label\">Affinamento in bottiglia<\/span>\n        12 mesi\n      <\/div>\n      <div class=\"ba-wine-specs-attribute\">\n        <span class=\"ba-wine-specs-label\">Prima annata prodotta<\/span>\n        2002\n      <\/div>\n      <div class=\"ba-wine-specs-attribute\">\n        <span class=\"ba-wine-specs-label\">Potenziale evolutivo<\/span>\n        Fino a 25 anni\n      <\/div>\n    <\/div> <!-- group -->\n\n    <div class=\"ba-wine-specs-group\">\n      <div class=\"ba-wine-specs-group-title\">Note di degustazione<\/div>\n    <\/div> <!-- group -->\n      <div class=\"ba-wine-specs-attribute\">\n        <span class=\"ba-wine-specs-label\">Nota di degustazione<\/span>\n        <p>Al naso sentori di mora, ciliegia e vaniglia. Vino dalla grande struttura, intenso e persistente<\/p>\n\n      <\/div>\n      <div class=\"ba-wine-specs-attribute\">\n        <span class=\"ba-wine-specs-label\">Abbinamenti<\/span>\n        <p>Cibi dai sapori intensi, cacciagione, carni brasate, arrosto o bollite.<\/p>\n\n      <\/div>\n<\/div> <!-- ba-wine-specs-col1 -->\n\n <div class=\"ba-wine-specs-col2\">\n\n     <div class=\"ba-wine-specs-group\">\n      <div class=\"ba-wine-specs-group-title\">Riconoscimenti<\/div>\n      <div class=\"ba-wine-specs-attribute\">\n        \n\n\n<div id=\"wpv-view-layout-2235-CPID3014\" class=\"js-wpv-view-layout js-wpv-layout-responsive js-wpv-view-layout-2235-CPID3014\" data-viewnumber=\"2235-CPID3014\" data-pagination=\"{&quot;id&quot;:2235,&quot;query&quot;:&quot;normal&quot;,&quot;type&quot;:&quot;disabled&quot;,&quot;effect&quot;:&quot;fade&quot;,&quot;duration&quot;:500,&quot;speed&quot;:5,&quot;pause_on_hover&quot;:&quot;disabled&quot;,&quot;stop_rollover&quot;:&quot;false&quot;,&quot;cache_pages&quot;:&quot;enabled&quot;,&quot;preload_images&quot;:&quot;enabled&quot;,&quot;preload_pages&quot;:&quot;enabled&quot;,&quot;preload_reach&quot;:1,&quot;spinner&quot;:&quot;builtin&quot;,&quot;spinner_image&quot;:&quot;&quot;,&quot;callback_next&quot;:&quot;&quot;,&quot;manage_history&quot;:&quot;enabled&quot;,&quot;has_controls_in_form&quot;:&quot;disabled&quot;,&quot;infinite_tolerance&quot;:0,&quot;max_pages&quot;:0,&quot;page&quot;:1,&quot;base_permalink&quot;:&quot;\/it\/wp-json\/wp\/v2\/pages\/1409?wpv_view_count=2235-CPID3014&amp;wpv_paged=WPV_PAGE_NUM&quot;,&quot;loop&quot;:{&quot;type&quot;:&quot;&quot;,&quot;name&quot;:&quot;&quot;,&quot;data&quot;:&#091;&#093;,&quot;id&quot;:0}}\" data-permalink=\"\/it\/wp-json\/wp\/v2\/pages\/1409?wpv_view_count=2235-CPID3014\">\n\n\t\n\t\n\t\n      <div class=\"ba-awards-table-row ba-awards-award ba-product-awards\">\n         <div class=\"ba-awards-attribute ba-awards-publication\">AIS Duemilavini<\/div>\n         <div class=\"ba-awards-attribute ba-awards-rating\">4 viti<\/div>\n         <div class=\"ba-awards-attribute ba-awards-degustator\"><\/div>\n       <\/div>\n\t\n      <div class=\"ba-awards-table-row ba-awards-award ba-product-awards\">\n         <div class=\"ba-awards-attribute ba-awards-publication\">Wine Spectator<\/div>\n         <div class=\"ba-awards-attribute ba-awards-rating\">92<\/div>\n         <div class=\"ba-awards-attribute ba-awards-degustator\">James Suckling<\/div>\n       <\/div>\n\t\n      <div class=\"ba-awards-table-row ba-awards-award ba-product-awards\">\n         <div class=\"ba-awards-attribute ba-awards-publication\">Wine International<\/div>\n         <div class=\"ba-awards-attribute ba-awards-rating\">95<\/div>\n         <div class=\"ba-awards-attribute ba-awards-degustator\">Simon Woods<\/div>\n       <\/div>\n\t\n\t\n\t\n\t\n<\/div>\n      <\/div>\n    <\/div> <!-- group -->\n\n  <\/div> <!-- ba-wine-specs-col2 -->\n <\/div>\n\t\n\t\n\t\n\t\n<\/div>\n[\/et_pb_code][\/et_pb_column][\/et_pb_row][\/et_pb_section]<\/p>\n","protected":false},"excerpt":{"rendered":"<p>ilatraia &nbsp;La potenza incontra l&#8217;eleganza L&#8217;Ilatraia \u00e8 il nostro vino di punta della Maremma: \u00e8 corposo e colpisce per la sua freschezza, precisione ed eleganza. Questo vino mostra un perfetto equilibrio tra maturit\u00e0 e finezza. \u00c8 estremamente setoso e levigato con tannini morbidi tipici della costa toscana. L&#8217;assemblaggio di 40% Petit Verdot, 40% Cabernet Sauvignon [&hellip;]<\/p>\n","protected":false},"author":1,"featured_media":0,"parent":922,"menu_order":3,"comment_status":"closed","ping_status":"closed","template":"","meta":{"_et_pb_use_builder":"on","_et_pb_old_content":"","_et_gb_content_width":"","footnotes":""},"class_list":["post-1409","page","type-page","status-publish","hentry"],"yoast_head":"<!-- This site is optimized with the Yoast SEO plugin v27.4 - https:\/\/yoast.com\/product\/yoast-seo-wordpress\/ -->\n<title>ilatraia - BRANCAIA<\/title>\n<meta name=\"robots\" content=\"index, follow, max-snippet:-1, max-image-preview:large, max-video-preview:-1\" \/>\n<link rel=\"canonical\" href=\"https:\/\/brancaia.com\/it\/prodotti\/vini\/ilatraia\/\" \/>\n<meta property=\"og:locale\" content=\"it_IT\" \/>\n<meta property=\"og:type\" content=\"article\" \/>\n<meta property=\"og:title\" content=\"ilatraia - BRANCAIA\" \/>\n<meta property=\"og:description\" content=\"ilatraia &nbsp;La potenza incontra l&#039;eleganza L&#039;Ilatraia \u00e8 il nostro vino di punta della Maremma: \u00e8 corposo e colpisce per la sua freschezza, precisione ed eleganza. Questo vino mostra un perfetto equilibrio tra maturit\u00e0 e finezza. \u00c8 estremamente setoso e levigato con tannini morbidi tipici della costa toscana. L&#039;assemblaggio di 40% Petit Verdot, 40% Cabernet Sauvignon [&hellip;]\" \/>\n<meta property=\"og:url\" content=\"https:\/\/brancaia.com\/it\/prodotti\/vini\/ilatraia\/\" \/>\n<meta property=\"og:site_name\" content=\"BRANCAIA\" \/>\n<meta property=\"article:modified_time\" content=\"2025-07-15T12:49:25+00:00\" \/>\n<meta name=\"twitter:card\" content=\"summary_large_image\" \/>\n<meta name=\"twitter:label1\" content=\"Tempo di lettura stimato\" \/>\n\t<meta name=\"twitter:data1\" content=\"2 minuti\" \/>\n<script type=\"application\/ld+json\" class=\"yoast-schema-graph\">{\"@context\":\"https:\\\/\\\/schema.org\",\"@graph\":[{\"@type\":\"WebPage\",\"@id\":\"https:\\\/\\\/brancaia.com\\\/it\\\/prodotti\\\/vini\\\/ilatraia\\\/\",\"url\":\"https:\\\/\\\/brancaia.com\\\/it\\\/prodotti\\\/vini\\\/ilatraia\\\/\",\"name\":\"ilatraia - BRANCAIA\",\"isPartOf\":{\"@id\":\"https:\\\/\\\/brancaia.com\\\/it\\\/#website\"},\"datePublished\":\"2021-01-04T17:07:30+00:00\",\"dateModified\":\"2025-07-15T12:49:25+00:00\",\"breadcrumb\":{\"@id\":\"https:\\\/\\\/brancaia.com\\\/it\\\/prodotti\\\/vini\\\/ilatraia\\\/#breadcrumb\"},\"inLanguage\":\"it-IT\",\"potentialAction\":[{\"@type\":\"ReadAction\",\"target\":[\"https:\\\/\\\/brancaia.com\\\/it\\\/prodotti\\\/vini\\\/ilatraia\\\/\"]}]},{\"@type\":\"BreadcrumbList\",\"@id\":\"https:\\\/\\\/brancaia.com\\\/it\\\/prodotti\\\/vini\\\/ilatraia\\\/#breadcrumb\",\"itemListElement\":[{\"@type\":\"ListItem\",\"position\":1,\"name\":\"Home\",\"item\":\"https:\\\/\\\/brancaia.com\\\/it\\\/home\\\/\"},{\"@type\":\"ListItem\",\"position\":2,\"name\":\"Prodotti\",\"item\":\"https:\\\/\\\/brancaia.com\\\/it\\\/prodotti\\\/\"},{\"@type\":\"ListItem\",\"position\":3,\"name\":\"Vini\",\"item\":\"https:\\\/\\\/brancaia.com\\\/it\\\/prodotti\\\/vini\\\/\"},{\"@type\":\"ListItem\",\"position\":4,\"name\":\"ilatraia\"}]},{\"@type\":\"WebSite\",\"@id\":\"https:\\\/\\\/brancaia.com\\\/it\\\/#website\",\"url\":\"https:\\\/\\\/brancaia.com\\\/it\\\/\",\"name\":\"BRANCAIA\",\"description\":\"Winery &amp; Wines\",\"potentialAction\":[{\"@type\":\"SearchAction\",\"target\":{\"@type\":\"EntryPoint\",\"urlTemplate\":\"https:\\\/\\\/brancaia.com\\\/it\\\/?s={search_term_string}\"},\"query-input\":{\"@type\":\"PropertyValueSpecification\",\"valueRequired\":true,\"valueName\":\"search_term_string\"}}],\"inLanguage\":\"it-IT\"}]}<\/script>\n<!-- \/ Yoast SEO plugin. -->","yoast_head_json":{"title":"ilatraia - BRANCAIA","robots":{"index":"index","follow":"follow","max-snippet":"max-snippet:-1","max-image-preview":"max-image-preview:large","max-video-preview":"max-video-preview:-1"},"canonical":"https:\/\/brancaia.com\/it\/prodotti\/vini\/ilatraia\/","og_locale":"it_IT","og_type":"article","og_title":"ilatraia - BRANCAIA","og_description":"ilatraia &nbsp;La potenza incontra l'eleganza L'Ilatraia \u00e8 il nostro vino di punta della Maremma: \u00e8 corposo e colpisce per la sua freschezza, precisione ed eleganza. Questo vino mostra un perfetto equilibrio tra maturit\u00e0 e finezza. \u00c8 estremamente setoso e levigato con tannini morbidi tipici della costa toscana. L'assemblaggio di 40% Petit Verdot, 40% Cabernet Sauvignon [&hellip;]","og_url":"https:\/\/brancaia.com\/it\/prodotti\/vini\/ilatraia\/","og_site_name":"BRANCAIA","article_modified_time":"2025-07-15T12:49:25+00:00","twitter_card":"summary_large_image","twitter_misc":{"Tempo di lettura stimato":"2 minuti"},"schema":{"@context":"https:\/\/schema.org","@graph":[{"@type":"WebPage","@id":"https:\/\/brancaia.com\/it\/prodotti\/vini\/ilatraia\/","url":"https:\/\/brancaia.com\/it\/prodotti\/vini\/ilatraia\/","name":"ilatraia - BRANCAIA","isPartOf":{"@id":"https:\/\/brancaia.com\/it\/#website"},"datePublished":"2021-01-04T17:07:30+00:00","dateModified":"2025-07-15T12:49:25+00:00","breadcrumb":{"@id":"https:\/\/brancaia.com\/it\/prodotti\/vini\/ilatraia\/#breadcrumb"},"inLanguage":"it-IT","potentialAction":[{"@type":"ReadAction","target":["https:\/\/brancaia.com\/it\/prodotti\/vini\/ilatraia\/"]}]},{"@type":"BreadcrumbList","@id":"https:\/\/brancaia.com\/it\/prodotti\/vini\/ilatraia\/#breadcrumb","itemListElement":[{"@type":"ListItem","position":1,"name":"Home","item":"https:\/\/brancaia.com\/it\/home\/"},{"@type":"ListItem","position":2,"name":"Prodotti","item":"https:\/\/brancaia.com\/it\/prodotti\/"},{"@type":"ListItem","position":3,"name":"Vini","item":"https:\/\/brancaia.com\/it\/prodotti\/vini\/"},{"@type":"ListItem","position":4,"name":"ilatraia"}]},{"@type":"WebSite","@id":"https:\/\/brancaia.com\/it\/#website","url":"https:\/\/brancaia.com\/it\/","name":"BRANCAIA","description":"Winery &amp; Wines","potentialAction":[{"@type":"SearchAction","target":{"@type":"EntryPoint","urlTemplate":"https:\/\/brancaia.com\/it\/?s={search_term_string}"},"query-input":{"@type":"PropertyValueSpecification","valueRequired":true,"valueName":"search_term_string"}}],"inLanguage":"it-IT"}]}},"_links":{"self":[{"href":"https:\/\/brancaia.com\/it\/wp-json\/wp\/v2\/pages\/1409","targetHints":{"allow":["GET"]}}],"collection":[{"href":"https:\/\/brancaia.com\/it\/wp-json\/wp\/v2\/pages"}],"about":[{"href":"https:\/\/brancaia.com\/it\/wp-json\/wp\/v2\/types\/page"}],"author":[{"embeddable":true,"href":"https:\/\/brancaia.com\/it\/wp-json\/wp\/v2\/users\/1"}],"replies":[{"embeddable":true,"href":"https:\/\/brancaia.com\/it\/wp-json\/wp\/v2\/comments?post=1409"}],"version-history":[{"count":49,"href":"https:\/\/brancaia.com\/it\/wp-json\/wp\/v2\/pages\/1409\/revisions"}],"predecessor-version":[{"id":19209,"href":"https:\/\/brancaia.com\/it\/wp-json\/wp\/v2\/pages\/1409\/revisions\/19209"}],"up":[{"embeddable":true,"href":"https:\/\/brancaia.com\/it\/wp-json\/wp\/v2\/pages\/922"}],"wp:attachment":[{"href":"https:\/\/brancaia.com\/it\/wp-json\/wp\/v2\/media?parent=1409"}],"curies":[{"name":"wp","href":"https:\/\/api.w.org\/{rel}","templated":true}]}}