{"id":4150,"date":"2021-02-22T09:51:44","date_gmt":"2021-02-22T08:51:44","guid":{"rendered":"https:\/\/brancaia.cyon.site\/prodotti\/30-anni-de-il-blu\/"},"modified":"2021-12-12T17:09:41","modified_gmt":"2021-12-12T16:09:41","slug":"30-anni-di-blu","status":"publish","type":"page","link":"https:\/\/brancaia.com\/it\/prodotti\/30-anni-di-blu\/","title":{"rendered":"30 anni di Blu"},"content":{"rendered":"<p>[et_pb_section fb_built=&#8221;1&#8243; fullwidth=&#8221;on&#8221; _builder_version=&#8221;4.6.6&#8243; _module_preset=&#8221;default&#8221; global_colors_info=&#8221;{}&#8221;][et_pb_fullwidth_header title=&#8221; &#8221; _builder_version=&#8221;4.9.3&#8243; _module_preset=&#8221;default&#8221; background_enable_color=&#8221;off&#8221; background_image=&#8221;https:\/\/brancaia.com\/wp-content\/uploads\/30th_anniversary_il_blu_1920x1080.jpg&#8221; global_colors_info=&#8221;{}&#8221;][\/et_pb_fullwidth_header][\/et_pb_section][et_pb_section fb_built=&#8221;1&#8243; _builder_version=&#8221;4.6.6&#8243; _module_preset=&#8221;default&#8221; global_colors_info=&#8221;{}&#8221;][et_pb_row _builder_version=&#8221;4.9.0&#8243; _module_preset=&#8221;default&#8221; global_colors_info=&#8221;{}&#8221;][et_pb_column type=&#8221;4_4&#8243; _builder_version=&#8221;4.6.6&#8243; _module_preset=&#8221;default&#8221; global_colors_info=&#8221;{}&#8221;][et_pb_text module_class=&#8221;ba-title-lead&#8221; _builder_version=&#8221;4.9.0&#8243; _module_preset=&#8221;default&#8221; global_colors_info=&#8221;{}&#8221;]<\/p>\n<h1 style=\"text-align: center;\">30 anni di Blu<\/h1>\n<h6 style=\"text-align: center;\">IL BLU \u00e8 &#8220;il vino che ha messo Brancaia sulla mappa delle pi\u00f9 famose cantine della Toscana&#8221;.<\/h6>\n<p style=\"text-align: center;\"><em>(Monica Larner per Robert Parker)<\/em><\/p>\n<p>[\/et_pb_text][\/et_pb_column][\/et_pb_row][et_pb_row column_structure=&#8221;1_2,1_2&#8243; _builder_version=&#8221;4.9.0&#8243; _module_preset=&#8221;default&#8221; global_colors_info=&#8221;{}&#8221;][et_pb_column type=&#8221;1_2&#8243; _builder_version=&#8221;4.9.0&#8243; _module_preset=&#8221;default&#8221; global_colors_info=&#8221;{}&#8221;][et_pb_text _builder_version=&#8221;4.9.2&#8243; _module_preset=&#8221;default&#8221; global_colors_info=&#8221;{}&#8221;]<\/p>\n<h6><strong>IL BLU FESTEGGIA IL SUO 30 \u00b0 COMPLEANNO<\/strong><\/h6>\n<p>Nel 1988, quando la tendenza Super Tuscan era in pieno svolgimento, la coppia svizzera Bruno e Brigitte Widmer decisero di realizzare la loro visione di un vino toscano moderno di alta qualit\u00e0 con il Brancaia IL BLU.<\/p>\n<p>Con l&#8217;annata 2018, questo vino ormai riconosciuto a livello mondiale festeggia il suo 30 \u00b0 anniversario con un anno eccezionale e in un&#8217;elegante Anniversary Edition: questo include un&#8217;etichetta festosa e una nobile scatola di legno con un logo in acciaio Corten che, come il vino, matura nel tempo e diventa ancora pi\u00f9 bella.<\/p>\n<p>IL BLU incarna perfettamente l&#8217;identit\u00e0 inconfondibile della nostra cantina e la nostra visione della vinificazione, basata su un impegno senza compromessi per la qualit\u00e0 e un grande rispetto per la natura.<\/p>\n<h6><strong>L&#8217;ANNATA 2018<\/strong><\/h6>\n<p>Il 2018 \u00e8 stato un anno fantastico che \u00e8 stato all&#8217;altezza del grande anniversario in ogni modo.<\/p>\n<p>L&#8217;estate calda e molto secca del 2017 \u00e8 stata una grande sfida per la natura e per noi. L&#8217;inverno piovoso ha fortunatamente reintegrato le riserve d&#8217;acqua gravemente ridotte. La primavera ha portato un altro grande sollievo con il germogliamento delle viti. Nonostante lo stress dell&#8217;anno precedente, le piante stavano scoppiando di forza. Prova che il nostro impegno a mettere la natura al centro dei nostri pensieri e del nostro lavoro \u00e8 assolutamente corretto. Grazie all&#8217;inverdimento naturale per tutto l&#8217;anno con piante autoctone, alla rinuncia totale a diserbanti e insetticidi, alla riduzione al minimo assoluto di tutte le preparazioni e ad un&#8217;et\u00e0 media delle viti nel Chianti Classico di 30 anni, si pu\u00f2 spiegare che l&#8217;anno estremo Il 2017 non ha quasi lasciato tracce. La fioritura e la crescita generale sono andate perfettamente. Da met\u00e0 agosto le escursioni termiche tra il giorno e la notte nel Chianti erano gi\u00e0 molto pronunciate.<\/p>\n<p>La vendemmia \u00e8 iniziata l&#8217;8 settembre con le uve Merlot e si \u00e8 conclusa il 4 ottobre con il Cabernet Sauvignon.<\/p>\n<p>Soprattutto la qualit\u00e0 del Merlot ha superato tutte le nostre aspettative e, come tante volte, ci ha fatto sognare.<\/p>\n<p>La nostra conclusione: il 2018 \u00e8 un anno eccellente!<\/p>\n<p>\u200b<\/p>\n<p>[\/et_pb_text][et_pb_image src=&#8221;https:\/\/brancaia.com\/wp-content\/uploads\/IlBlu_Reveal_Posts_06D.jpg&#8221; title_text=&#8221;IlBlu_Reveal_Posts_06D&#8221; _builder_version=&#8221;4.9.4&#8243; _module_preset=&#8221;default&#8221; global_colors_info=&#8221;{}&#8221;][\/et_pb_image][et_pb_text _builder_version=&#8221;4.9.2&#8243; _module_preset=&#8221;default&#8221; global_colors_info=&#8221;{}&#8221;]<\/p>\n<h6><strong>L&#8217;ETICHETTA <\/strong><\/h6>\n<p>Come accennato all&#8217;inizio, Bruno e Brigitte Widmer decisero nel 1988 di aggiungere un Super Tuscan al portfolio Brancaia. L&#8217;hanno subito colta come un&#8217;opportunit\u00e0 per ripensare l&#8217;intero aspetto di Brancaia. In effetti, il primo Brancaia Chianti Classico aveva un&#8217;etichetta piuttosto banale che non convinceva particolarmente. Quindi il vino nuovo doveva sicuramente avere un nuovo aspetto.<\/p>\n<p>Mancavano per\u00f2 tutti gli elementi che le cantine toscane usavano comunemente per un&#8217;etichetta. La casa in Toscana \u00e8 bellissima, ma non certo un castello. Mancavano anche uno stemma di famiglia, cos\u00ec come una lunga storia nel mondo del vino. Bruno Widmer, che ha sempre amato le sfide, ha visto in questa &#8220;carenza&#8221; un&#8217;opportunit\u00e0 per creare qualcosa di completamente nuovo. Insieme al suo art director ha creato l&#8217;etichetta blu con la capsula arancione. Un design che Brancaia non ha mai cambiato negli ultimi 30 anni. Ci\u00f2 che all&#8217;epoca era quasi scioccante per molti amanti del vino si \u00e8 ora trasformato nell&#8217;inconfondibile marchio che Brancaia utilizza oggi per tutti i vini.<\/p>\n<p>Dopo tutti questi anni, il marchio Brancaia \u00e8 ancora moderno, elegante e senza tempo. Ed \u00e8 esattamente cos\u00ec che ci vediamo come produttori di vino: modernisti classici con il massimo rispetto per il terroir.<\/p>\n<p>[\/et_pb_text][et_pb_image src=&#8221;https:\/\/brancaia.com\/wp-content\/uploads\/Brancaia_kontakt_1200x960px.jpg&#8221; title_text=&#8221;Brancaia_kontakt_1200x960px&#8221; _builder_version=&#8221;4.9.2&#8243; _module_preset=&#8221;default&#8221; global_colors_info=&#8221;{}&#8221;][\/et_pb_image][\/et_pb_column][et_pb_column type=&#8221;1_2&#8243; _builder_version=&#8221;4.9.0&#8243; _module_preset=&#8221;default&#8221; global_colors_info=&#8221;{}&#8221;][et_pb_image src=&#8221;https:\/\/brancaia.com\/wp-content\/uploads\/IlBlu_Reveal_Posts_01.jpg&#8221; alt=&#8221;Brancaia il Blu&#8221; title_text=&#8221;IlBlu_Reveal_Posts_01&#8243; _builder_version=&#8221;4.9.4&#8243; _module_preset=&#8221;default&#8221; global_colors_info=&#8221;{}&#8221;][\/et_pb_image][et_pb_text _builder_version=&#8221;4.9.2&#8243; _module_preset=&#8221;default&#8221; global_colors_info=&#8221;{}&#8221;]<\/p>\n<h6><strong>L&#8217;ASSEMBLAGGIO<\/strong><\/h6>\n<p>Dal suo debutto nel 1988, IL BLU \u00e8 stato il risultato della nostra costante ricerca della perfezione. Con tannini ultrafini e un finale morbido e pieno, questo vino corposo colpisce per la sua complessit\u00e0 ed eleganza.<\/p>\n<p>IL BLU \u00e8 ottenuto solo dalle migliori uve raccolte a mano e selezionate dei nostri due vigneti nella regione del Chianti.<\/p>\n<p>Negli ultimi 30 anni, l&#8217;assemblaggio \u00e8 cambiato da un Sangiovese originariamente a maggioranza con un po &#8216;di Merlot a un blend di Merlot-Sangiovese con proporzioni pi\u00f9 o meno uguali e un po&#8217; di Cabernet Sauvignon. Grazie alla crescente complessit\u00e0 delle nostre uve Merlot, soprattutto dei nostri vigneti a Radda in Chianti con viti dai 30 anni in su, la proporzione di Merlot \u00e8 aumentata continuamente dal 2013. L&#8217;annata 2018 \u00e8 un assemblaggio di 80% Merlot e 10% Sangiovese e Cabernet Sauvignon ciascuno.<\/p>\n<p>Ogni singolo vigneto e ogni variet\u00e0 viene maturato separatamente in barriques (due terzi nuove) per 18 mesi. Successivamente tutte le botti vengono degustate singolarmente per definire l&#8217;assemblaggio, che matura per ulteriori 3 mesi in vasche di cemento non rivestite. In questo modo il vino diventa pi\u00f9 equilibrato anche prima del lungo affinamento in bottiglia, gli aromi si integrano meglio, cos\u00ec come i tannini.<\/p>\n<p>Abbiamo sempre lavorato per perfezionare questo vino, ma allo stesso tempo abbiamo prestato grande attenzione a preservarne l&#8217;identit\u00e0. Il carattere e lo stile di IL BLU sono stati plasmati dalla continuit\u00e0 nel corso degli anni, qualcosa che vogliamo mantenere per i prossimi 30 anni.<\/p>\n<p>[\/et_pb_text][et_pb_image src=&#8221;https:\/\/brancaia.com\/wp-content\/uploads\/IlBlu_Reveal_Posts_05.jpg&#8221; title_text=&#8221;IlBlu_Reveal_Posts_05&#8243; admin_label=&#8221;Immagine&#8221; _builder_version=&#8221;4.9.4&#8243; _module_preset=&#8221;default&#8221; global_colors_info=&#8221;{}&#8221;][\/et_pb_image][et_pb_text _builder_version=&#8221;4.9.2&#8243; _module_preset=&#8221;default&#8221; global_colors_info=&#8221;{}&#8221;]<\/p>\n<h6><strong>IL NOME<\/strong><\/h6>\n<p>Il nome IL BLU \u00e8 stato aggiunto solo nel 2000. La gamma \u00e8 cresciuta e un altro vino rosso, Brancaia TRE, \u00e8 stato presto lanciato sul mercato. Era necessario un nome per evitare il rischio di incomprensioni. Siccome non volevamo scrivere nulla sull&#8217;etichetta blu, che avevamo gi\u00e0 da oltre 12 anni, ci \u00e8 venuta l&#8217;idea di chiamare semplicemente il vino IL BLU. Non ci siamo ispirati solo al colore dell&#8217;etichetta, ma anche alle note di frutta blu che caratterizzano IL BLU.<\/p>\n<p>[\/et_pb_text][et_pb_image src=&#8221;https:\/\/brancaia.com\/wp-content\/uploads\/IlBlu_Reveal_Posts_06B.jpg&#8221; title_text=&#8221;IlBlu_Reveal_Posts_06B&#8221; _builder_version=&#8221;4.9.4&#8243; _module_preset=&#8221;default&#8221; global_colors_info=&#8221;{}&#8221;][\/et_pb_image][et_pb_text _builder_version=&#8221;4.9.2&#8243; _module_preset=&#8221;default&#8221; global_colors_info=&#8221;{}&#8221;]<\/p>\n<h6><strong>LA TRADIZIONE INCONTRA L&#8217;INNOVAZIONE<\/strong><\/h6>\n<p>La nostra famiglia valorizza le tradizioni e si sente fortemente legata alla Toscana. Allo stesso tempo, non abbiamo paura di aprire nuovi orizzonti. Produciamo i migliori vini tipici della regione senza compromessi sin dal primo giorno. Siamo contenti di quello che abbiamo ottenuto, ma sappiamo anche che dobbiamo svilupparci costantemente &#8211; stare fermi significa anche tornare indietro nel business del vino. Con questo in mente, non vediamo l&#8217;ora che arrivino i prossimi 30 anni!<\/p>\n<p>[\/et_pb_text][\/et_pb_column][\/et_pb_row][\/et_pb_section]<\/p>\n","protected":false},"excerpt":{"rendered":"<p>30 anni di Blu IL BLU \u00e8 &#8220;il vino che ha messo Brancaia sulla mappa delle pi\u00f9 famose cantine della Toscana&#8221;. (Monica Larner per Robert Parker)IL BLU FESTEGGIA IL SUO 30 \u00b0 COMPLEANNO Nel 1988, quando la tendenza Super Tuscan era in pieno svolgimento, la coppia svizzera Bruno e Brigitte Widmer decisero di realizzare la [&hellip;]<\/p>\n","protected":false},"author":1,"featured_media":0,"parent":887,"menu_order":0,"comment_status":"closed","ping_status":"closed","template":"","meta":{"_et_pb_use_builder":"on","_et_pb_old_content":"","_et_gb_content_width":"","footnotes":""},"class_list":["post-4150","page","type-page","status-publish","hentry"],"yoast_head":"<!-- This site is optimized with the Yoast SEO plugin v27.5 - https:\/\/yoast.com\/product\/yoast-seo-wordpress\/ -->\n<title>30 anni di Blu - BRANCAIA<\/title>\n<meta name=\"robots\" content=\"index, follow, max-snippet:-1, max-image-preview:large, max-video-preview:-1\" \/>\n<link rel=\"canonical\" href=\"https:\/\/brancaia.com\/it\/prodotti\/30-anni-di-blu\/\" \/>\n<meta property=\"og:locale\" content=\"it_IT\" \/>\n<meta property=\"og:type\" content=\"article\" \/>\n<meta property=\"og:title\" content=\"30 anni di Blu - BRANCAIA\" \/>\n<meta property=\"og:description\" content=\"30 anni di Blu IL BLU \u00e8 &quot;il vino che ha messo Brancaia sulla mappa delle pi\u00f9 famose cantine della Toscana&quot;. (Monica Larner per Robert Parker)IL BLU FESTEGGIA IL SUO 30 \u00b0 COMPLEANNO Nel 1988, quando la tendenza Super Tuscan era in pieno svolgimento, la coppia svizzera Bruno e Brigitte Widmer decisero di realizzare la [&hellip;]\" \/>\n<meta property=\"og:url\" content=\"https:\/\/brancaia.com\/it\/prodotti\/30-anni-di-blu\/\" \/>\n<meta property=\"og:site_name\" content=\"BRANCAIA\" \/>\n<meta property=\"article:modified_time\" content=\"2021-12-12T16:09:41+00:00\" \/>\n<meta name=\"twitter:card\" content=\"summary_large_image\" \/>\n<meta name=\"twitter:label1\" content=\"Tempo di lettura stimato\" \/>\n\t<meta name=\"twitter:data1\" content=\"7 minuti\" \/>\n<script type=\"application\/ld+json\" class=\"yoast-schema-graph\">{\"@context\":\"https:\\\/\\\/schema.org\",\"@graph\":[{\"@type\":\"WebPage\",\"@id\":\"https:\\\/\\\/brancaia.com\\\/it\\\/prodotti\\\/30-anni-di-blu\\\/\",\"url\":\"https:\\\/\\\/brancaia.com\\\/it\\\/prodotti\\\/30-anni-di-blu\\\/\",\"name\":\"30 anni di Blu - BRANCAIA\",\"isPartOf\":{\"@id\":\"https:\\\/\\\/brancaia.com\\\/it\\\/#website\"},\"datePublished\":\"2021-02-22T08:51:44+00:00\",\"dateModified\":\"2021-12-12T16:09:41+00:00\",\"breadcrumb\":{\"@id\":\"https:\\\/\\\/brancaia.com\\\/it\\\/prodotti\\\/30-anni-di-blu\\\/#breadcrumb\"},\"inLanguage\":\"it-IT\",\"potentialAction\":[{\"@type\":\"ReadAction\",\"target\":[\"https:\\\/\\\/brancaia.com\\\/it\\\/prodotti\\\/30-anni-di-blu\\\/\"]}]},{\"@type\":\"BreadcrumbList\",\"@id\":\"https:\\\/\\\/brancaia.com\\\/it\\\/prodotti\\\/30-anni-di-blu\\\/#breadcrumb\",\"itemListElement\":[{\"@type\":\"ListItem\",\"position\":1,\"name\":\"Home\",\"item\":\"https:\\\/\\\/brancaia.com\\\/it\\\/home\\\/\"},{\"@type\":\"ListItem\",\"position\":2,\"name\":\"Prodotti\",\"item\":\"https:\\\/\\\/brancaia.com\\\/it\\\/prodotti\\\/\"},{\"@type\":\"ListItem\",\"position\":3,\"name\":\"30 anni di Blu\"}]},{\"@type\":\"WebSite\",\"@id\":\"https:\\\/\\\/brancaia.com\\\/it\\\/#website\",\"url\":\"https:\\\/\\\/brancaia.com\\\/it\\\/\",\"name\":\"BRANCAIA\",\"description\":\"Winery &amp; Wines\",\"potentialAction\":[{\"@type\":\"SearchAction\",\"target\":{\"@type\":\"EntryPoint\",\"urlTemplate\":\"https:\\\/\\\/brancaia.com\\\/it\\\/?s={search_term_string}\"},\"query-input\":{\"@type\":\"PropertyValueSpecification\",\"valueRequired\":true,\"valueName\":\"search_term_string\"}}],\"inLanguage\":\"it-IT\"}]}<\/script>\n<!-- \/ Yoast SEO plugin. -->","yoast_head_json":{"title":"30 anni di Blu - BRANCAIA","robots":{"index":"index","follow":"follow","max-snippet":"max-snippet:-1","max-image-preview":"max-image-preview:large","max-video-preview":"max-video-preview:-1"},"canonical":"https:\/\/brancaia.com\/it\/prodotti\/30-anni-di-blu\/","og_locale":"it_IT","og_type":"article","og_title":"30 anni di Blu - BRANCAIA","og_description":"30 anni di Blu IL BLU \u00e8 \"il vino che ha messo Brancaia sulla mappa delle pi\u00f9 famose cantine della Toscana\". (Monica Larner per Robert Parker)IL BLU FESTEGGIA IL SUO 30 \u00b0 COMPLEANNO Nel 1988, quando la tendenza Super Tuscan era in pieno svolgimento, la coppia svizzera Bruno e Brigitte Widmer decisero di realizzare la [&hellip;]","og_url":"https:\/\/brancaia.com\/it\/prodotti\/30-anni-di-blu\/","og_site_name":"BRANCAIA","article_modified_time":"2021-12-12T16:09:41+00:00","twitter_card":"summary_large_image","twitter_misc":{"Tempo di lettura stimato":"7 minuti"},"schema":{"@context":"https:\/\/schema.org","@graph":[{"@type":"WebPage","@id":"https:\/\/brancaia.com\/it\/prodotti\/30-anni-di-blu\/","url":"https:\/\/brancaia.com\/it\/prodotti\/30-anni-di-blu\/","name":"30 anni di Blu - BRANCAIA","isPartOf":{"@id":"https:\/\/brancaia.com\/it\/#website"},"datePublished":"2021-02-22T08:51:44+00:00","dateModified":"2021-12-12T16:09:41+00:00","breadcrumb":{"@id":"https:\/\/brancaia.com\/it\/prodotti\/30-anni-di-blu\/#breadcrumb"},"inLanguage":"it-IT","potentialAction":[{"@type":"ReadAction","target":["https:\/\/brancaia.com\/it\/prodotti\/30-anni-di-blu\/"]}]},{"@type":"BreadcrumbList","@id":"https:\/\/brancaia.com\/it\/prodotti\/30-anni-di-blu\/#breadcrumb","itemListElement":[{"@type":"ListItem","position":1,"name":"Home","item":"https:\/\/brancaia.com\/it\/home\/"},{"@type":"ListItem","position":2,"name":"Prodotti","item":"https:\/\/brancaia.com\/it\/prodotti\/"},{"@type":"ListItem","position":3,"name":"30 anni di Blu"}]},{"@type":"WebSite","@id":"https:\/\/brancaia.com\/it\/#website","url":"https:\/\/brancaia.com\/it\/","name":"BRANCAIA","description":"Winery &amp; Wines","potentialAction":[{"@type":"SearchAction","target":{"@type":"EntryPoint","urlTemplate":"https:\/\/brancaia.com\/it\/?s={search_term_string}"},"query-input":{"@type":"PropertyValueSpecification","valueRequired":true,"valueName":"search_term_string"}}],"inLanguage":"it-IT"}]}},"_links":{"self":[{"href":"https:\/\/brancaia.com\/it\/wp-json\/wp\/v2\/pages\/4150","targetHints":{"allow":["GET"]}}],"collection":[{"href":"https:\/\/brancaia.com\/it\/wp-json\/wp\/v2\/pages"}],"about":[{"href":"https:\/\/brancaia.com\/it\/wp-json\/wp\/v2\/types\/page"}],"author":[{"embeddable":true,"href":"https:\/\/brancaia.com\/it\/wp-json\/wp\/v2\/users\/1"}],"replies":[{"embeddable":true,"href":"https:\/\/brancaia.com\/it\/wp-json\/wp\/v2\/comments?post=4150"}],"version-history":[{"count":36,"href":"https:\/\/brancaia.com\/it\/wp-json\/wp\/v2\/pages\/4150\/revisions"}],"predecessor-version":[{"id":9007,"href":"https:\/\/brancaia.com\/it\/wp-json\/wp\/v2\/pages\/4150\/revisions\/9007"}],"up":[{"embeddable":true,"href":"https:\/\/brancaia.com\/it\/wp-json\/wp\/v2\/pages\/887"}],"wp:attachment":[{"href":"https:\/\/brancaia.com\/it\/wp-json\/wp\/v2\/media?parent=4150"}],"curies":[{"name":"wp","href":"https:\/\/api.w.org\/{rel}","templated":true}]}}