{"id":8951,"date":"2021-12-06T10:30:22","date_gmt":"2021-12-06T09:30:22","guid":{"rendered":"https:\/\/brancaia.com\/prodotti\/brancaia-collection\/"},"modified":"2025-09-12T15:11:25","modified_gmt":"2025-09-12T13:11:25","slug":"brancaia-collection","status":"publish","type":"page","link":"https:\/\/brancaia.com\/it\/prodotti\/brancaia-collection\/","title":{"rendered":"Brancaia Collection"},"content":{"rendered":"<p>[et_pb_section fb_built=&#8221;1&#8243; _builder_version=&#8221;4.16&#8243; _module_preset=&#8221;default&#8221; global_colors_info=&#8221;{}&#8221;][et_pb_row _builder_version=&#8221;4.16&#8243; _module_preset=&#8221;default&#8221; global_colors_info=&#8221;{}&#8221;][et_pb_column type=&#8221;4_4&#8243; _builder_version=&#8221;4.16&#8243; _module_preset=&#8221;default&#8221; global_colors_info=&#8221;{}&#8221;][et_pb_text admin_label=&#8221;Text&#8221; module_class=&#8221;ba-title-lead&#8221; _builder_version=&#8221;4.27.0&#8243; _module_preset=&#8221;default&#8221; global_colors_info=&#8221;{}&#8221;]<\/p>\n<h1 style=\"text-align: center;\">Brancaia Collection<\/h1>\n<p style=\"text-align: center;\">La Brancaia Collection \u00e8 un&#8217;edizione limitata con 6 diverse etichette che combinano il piacere del vino e l&#8217;arte.<\/p>\n<p>[\/et_pb_text][\/et_pb_column][\/et_pb_row][et_pb_row column_structure=&#8221;1_2,1_2&#8243; admin_label=&#8221;Il compito&#8221; _builder_version=&#8221;4.16&#8243; _module_preset=&#8221;default&#8221; global_colors_info=&#8221;{}&#8221;][et_pb_column type=&#8221;1_2&#8243; _builder_version=&#8221;4.16&#8243; _module_preset=&#8221;default&#8221; global_colors_info=&#8221;{}&#8221;][et_pb_image src=&#8221;https:\/\/brancaia.com\/wp-content\/uploads\/2025\/07\/4-collections.jpg&#8221; alt=&#8221;Etichetta della Brancaia Collection&#8221; title_text=&#8221;4 collections&#8221; _builder_version=&#8221;4.27.4&#8243; _module_preset=&#8221;default&#8221; global_colors_info=&#8221;{}&#8221;][\/et_pb_image][\/et_pb_column][et_pb_column type=&#8221;1_2&#8243; _builder_version=&#8221;4.16&#8243; _module_preset=&#8221;default&#8221; global_colors_info=&#8221;{}&#8221;][et_pb_text _builder_version=&#8221;4.27.0&#8243; _module_preset=&#8221;default&#8221; global_colors_info=&#8221;{}&#8221;]<\/p>\n<p>Si tratta di una sfida artistica annuale che viene trasmessa a un artista di un paese sempre diverso.<\/p>\n<p>Il compito consiste nel progettare sei diverse etichette Brancaia in serie, con l&#8217;unico requisito di mantenere il layout quadrato dell&#8217;iconico logo.<\/p>\n<p>[\/et_pb_text][\/et_pb_column][\/et_pb_row][et_pb_row column_structure=&#8221;1_2,1_2&#8243; admin_label=&#8221;2025&#8243; _builder_version=&#8221;4.27.4&#8243; _module_preset=&#8221;default&#8221; background_color=&#8221;#e2e2e2&#8243; global_colors_info=&#8221;{}&#8221;][et_pb_column type=&#8221;1_2&#8243; _builder_version=&#8221;4.16&#8243; _module_preset=&#8221;default&#8221; global_colors_info=&#8221;{}&#8221;][et_pb_text _builder_version=&#8221;4.27.4&#8243; _module_preset=&#8221;default&#8221; background_color=&#8221;RGBA(255,255,255,0)&#8221; hover_enabled=&#8221;0&#8243; global_colors_info=&#8221;{}&#8221; sticky_enabled=&#8221;0&#8243;]<\/p>\n<h3>La nuova collezione \u00e8 arrivata!<\/h3>\n<p>Per l&#8217;ultima edizione, la scultrice toscana <strong>Viola Granucci<\/strong> ha reinterpretato il suo linguaggio artistico nelle etichette del vino TRE.<\/p>\n<p>[\/et_pb_text][et_pb_button button_url=&#8221;@ET-DC@eyJkeW5hbWljIjp0cnVlLCJjb250ZW50IjoicG9zdF9saW5rX3VybF9wYWdlIiwic2V0dGluZ3MiOnsicG9zdF9pZCI6IjE5OTk3IiwiZW5hYmxlX2h0bWwiOiJvZmYifX0=@&#8221; url_new_window=&#8221;on&#8221; button_text=&#8221;Scopri di pi\u00f9  &#8221; _builder_version=&#8221;4.27.4&#8243; _dynamic_attributes=&#8221;button_url&#8221; _module_preset=&#8221;default&#8221; hover_enabled=&#8221;0&#8243; global_colors_info=&#8221;{}&#8221; sticky_enabled=&#8221;0&#8243;][\/et_pb_button][\/et_pb_column][et_pb_column type=&#8221;1_2&#8243; _builder_version=&#8221;4.27.4&#8243; _module_preset=&#8221;default&#8221; global_colors_info=&#8221;{}&#8221;][et_pb_image src=&#8221;https:\/\/brancaia.com\/wp-content\/uploads\/2025\/08\/4-collections-1.jpg&#8221; alt=&#8221;Etichetta della Brancaia Collection&#8221; title_text=&#8221;Collezione Brancaia 2025 Viola Granucci&#8221; module_class=&#8221;cb-switch-columns-on-mobile&#8221; _builder_version=&#8221;4.27.4&#8243; _module_preset=&#8221;default&#8221; global_colors_info=&#8221;{}&#8221;][\/et_pb_image][\/et_pb_column][\/et_pb_row][et_pb_row _builder_version=&#8221;4.27.4&#8243; _module_preset=&#8221;default&#8221; width=&#8221;auto&#8221; global_colors_info=&#8221;{}&#8221;][et_pb_column type=&#8221;4_4&#8243; _builder_version=&#8221;4.16&#8243; _module_preset=&#8221;default&#8221; global_colors_info=&#8221;{}&#8221;][et_pb_text module_class=&#8221;cb-h2-collection&#8221; _builder_version=&#8221;4.27.0&#8243; _module_preset=&#8221;default&#8221; global_colors_info=&#8221;{}&#8221;]<\/p>\n<h2 style=\"text-align: center;\">Il contesto del progetto<\/h2>\n<p>[\/et_pb_text][\/et_pb_column][\/et_pb_row][et_pb_row column_structure=&#8221;1_2,1_2&#8243; admin_label=&#8221;Idea &#8211; Regalo&#8221; module_class=&#8221;cb-switch-columns-on-mobile&#8221; _builder_version=&#8221;4.16&#8243; _module_preset=&#8221;default&#8221; global_colors_info=&#8221;{}&#8221;][et_pb_column type=&#8221;1_2&#8243; _builder_version=&#8221;4.16&#8243; _module_preset=&#8221;default&#8221; global_colors_info=&#8221;{}&#8221;][et_pb_text _builder_version=&#8221;4.27.0&#8243; _module_preset=&#8221;default&#8221; global_colors_info=&#8221;{}&#8221;]<\/p>\n<p>La Brancaia Collection \u00e8 nata come idea per il regalo in occasione dell&#8217;80\u00b0 compleanno di Brigitte e Bruno Widmer nel 2021.<\/p>\n<p>Oltre ad essere i fondatori dell&#8217;azienda, hanno anche dato vita all&#8217;iconico logo di Brancaia, il quale fu proprio disegnato dall&#8217;agenzia pubblicitaria di Bruno Widmer nel 1988.<\/p>\n<p>L&#8217;idea della Collection nasce quindi come tributo alla loro eredit\u00e0 a Brancaia.<\/p>\n<p>&nbsp;<\/p>\n<p>[\/et_pb_text][\/et_pb_column][et_pb_column type=&#8221;1_2&#8243; _builder_version=&#8221;4.16&#8243; _module_preset=&#8221;default&#8221; global_colors_info=&#8221;{}&#8221;][et_pb_image src=&#8221;https:\/\/brancaia.com\/wp-content\/uploads\/bruno_brigitte_widmer_800x800.jpg&#8221; alt=&#8221;Brigitte e Bruno Widmer&#8221; title_text=&#8221;Brigitte e Bruno Widmer&#8221; _builder_version=&#8221;4.16&#8243; _module_preset=&#8221;default&#8221; global_colors_info=&#8221;{}&#8221;][\/et_pb_image][\/et_pb_column][\/et_pb_row][et_pb_row column_structure=&#8221;1_2,1_2&#8243; _builder_version=&#8221;4.16&#8243; _module_preset=&#8221;default&#8221; global_colors_info=&#8221;{}&#8221;][et_pb_column type=&#8221;1_2&#8243; _builder_version=&#8221;4.16&#8243; _module_preset=&#8221;default&#8221; global_colors_info=&#8221;{}&#8221;][et_pb_image src=&#8221;https:\/\/brancaia.com\/wp-content\/uploads\/close3coll.jpg&#8221; alt=&#8221;Etichetta della Brancaia Collection&#8221; title_text=&#8221;Close Up TRE&#8221; _builder_version=&#8221;4.24.0&#8243; _module_preset=&#8221;default&#8221; global_colors_info=&#8221;{}&#8221;][\/et_pb_image][\/et_pb_column][et_pb_column type=&#8221;1_2&#8243; _builder_version=&#8221;4.16&#8243; _module_preset=&#8221;default&#8221; global_colors_info=&#8221;{}&#8221;][et_pb_text _builder_version=&#8221;4.24.0&#8243; _module_preset=&#8221;default&#8221; global_colors_info=&#8221;{}&#8221;]<\/p>\n<p>La Collezione Brancaia trasforma il nostro marchio in una tela e in una piattaforma per un artista. Una mostra d&#8217;arte nel suo genere, per cos\u00ec dire.<\/p>\n<p>&nbsp;<\/p>\n<p>[\/et_pb_text][\/et_pb_column][\/et_pb_row][et_pb_row column_structure=&#8221;1_2,1_2&#8243; module_class=&#8221;cb-switch-columns-on-mobile&#8221; _builder_version=&#8221;4.27.0&#8243; _module_preset=&#8221;default&#8221; global_colors_info=&#8221;{}&#8221;][et_pb_column type=&#8221;1_2&#8243; _builder_version=&#8221;4.16&#8243; _module_preset=&#8221;default&#8221; global_colors_info=&#8221;{}&#8221;][et_pb_text _builder_version=&#8221;4.24.0&#8243; _module_preset=&#8221;default&#8221; global_colors_info=&#8221;{}&#8221;]<\/p>\n<p>Quando si \u00e8 trattato di decidere quale dei nostri vini scegliere per le etichette degli artisti, siamo stati subito d&#8217;accordo che TRE fosse il vino ideale. Si tratta di un vino dalle grande versatilit\u00e0, un elemento diventato indispensabile nel mondo enologico di oggi.<\/p>\n<p>Crediamo fermamente che l&#8217;arte e il vino di qualit\u00e0 dovrebbero essere accessibili a tutti. Non c&#8217;\u00e8 niente di meglio che poter godere nella vita di tutti i giorni dell&#8217;arte in tutte le sue forme.<\/p>\n<p>[\/et_pb_text][et_pb_button button_url=&#8221;@ET-DC@eyJkeW5hbWljIjp0cnVlLCJjb250ZW50IjoicG9zdF9saW5rX3VybF9wYWdlIiwic2V0dGluZ3MiOnsicG9zdF9pZCI6IjEzNjMiLCJlbmFibGVfaHRtbCI6Im9mZiJ9fQ==@&#8221; button_text=&#8221;Per saperne di pi\u00f9 su TRE&#8221; _builder_version=&#8221;4.27.4&#8243; _dynamic_attributes=&#8221;button_url&#8221; _module_preset=&#8221;default&#8221; global_colors_info=&#8221;{}&#8221;][\/et_pb_button][\/et_pb_column][et_pb_column type=&#8221;1_2&#8243; _builder_version=&#8221;4.16&#8243; _module_preset=&#8221;default&#8221; global_colors_info=&#8221;{}&#8221;][et_pb_image src=&#8221;https:\/\/brancaia.com\/wp-content\/uploads\/Tre_Close_Up.jpg&#8221; alt=&#8221;Etichetta della Brancaia Collection&#8221; title_text=&#8221;Tre_Close_Up&#8221; _builder_version=&#8221;4.24.0&#8243; _module_preset=&#8221;default&#8221; global_colors_info=&#8221;{}&#8221;][\/et_pb_image][\/et_pb_column][\/et_pb_row][et_pb_row _builder_version=&#8221;4.16&#8243; _module_preset=&#8221;default&#8221; global_colors_info=&#8221;{}&#8221;][et_pb_column type=&#8221;4_4&#8243; _builder_version=&#8221;4.16&#8243; _module_preset=&#8221;default&#8221; global_colors_info=&#8221;{}&#8221;][et_pb_text module_class=&#8221;cb-h2-collection&#8221; _builder_version=&#8221;4.27.0&#8243; _module_preset=&#8221;default&#8221; global_colors_info=&#8221;{}&#8221;]<\/p>\n<h2 style=\"text-align: center;\">Le edizioni passate<\/h2>\n<p>[\/et_pb_text][\/et_pb_column][\/et_pb_row][et_pb_row column_structure=&#8221;1_2,1_2&#8243; admin_label=&#8221;2024&#8243; _builder_version=&#8221;4.27.4&#8243; _module_preset=&#8221;default&#8221; background_enable_color=&#8221;off&#8221; global_colors_info=&#8221;{}&#8221;][et_pb_column type=&#8221;1_2&#8243; _builder_version=&#8221;4.16&#8243; _module_preset=&#8221;default&#8221; global_colors_info=&#8221;{}&#8221;][et_pb_image src=&#8221;https:\/\/brancaia.com\/wp-content\/uploads\/Foto-per-sito-7.png&#8221; alt=&#8221;Etichetta della Brancaia Collection&#8221; title_text=&#8221;Collection 2024&#8243; _builder_version=&#8221;4.27.2&#8243; _module_preset=&#8221;default&#8221; global_colors_info=&#8221;{}&#8221;][\/et_pb_image][\/et_pb_column][et_pb_column type=&#8221;1_2&#8243; _builder_version=&#8221;4.27.4&#8243; _module_preset=&#8221;default&#8221; global_colors_info=&#8221;{}&#8221;][et_pb_text _builder_version=&#8221;4.27.4&#8243; _module_preset=&#8221;default&#8221; background_color=&#8221;RGBA(255,255,255,0)&#8221; hover_enabled=&#8221;0&#8243; global_colors_info=&#8221;{}&#8221; sticky_enabled=&#8221;0&#8243;]<\/p>\n<h3>Jeanette Innala, Svezia<\/h3>\n<p>La Collection 2024 \u00e8 stata realizzata per Brancaia dall\u2019artista e pittrice svedese Jeanette Innala. Le sue etichette superano i confini tra diversi media e tecniche, invitando l\u2019osservatore a intraprendere un viaggio interiore oltre il mondo tangibile.<\/p>\n<p>&nbsp;<\/p>\n<p>[\/et_pb_text][et_pb_button button_url=&#8221;@ET-DC@eyJkeW5hbWljIjp0cnVlLCJjb250ZW50IjoicG9zdF9saW5rX3VybF9wYWdlIiwic2V0dGluZ3MiOnsicG9zdF9pZCI6IjE1MzI0IiwiZW5hYmxlX2h0bWwiOiJvZmYifX0=@&#8221; url_new_window=&#8221;on&#8221; button_text=&#8221;Scopri di pi\u00f9&#8221; _builder_version=&#8221;4.27.4&#8243; _dynamic_attributes=&#8221;button_url&#8221; _module_preset=&#8221;default&#8221; global_colors_info=&#8221;{}&#8221;][\/et_pb_button][et_pb_button button_url=&#8221;mailto:%20brancaia@brancaia.it&#8221; url_new_window=&#8221;on&#8221; button_text=&#8221;Collezione di riserva 2024&#8243; _builder_version=&#8221;4.27.4&#8243; _module_preset=&#8221;default&#8221; global_colors_info=&#8221;{}&#8221;][\/et_pb_button][\/et_pb_column][\/et_pb_row][et_pb_row column_structure=&#8221;1_2,1_2&#8243; admin_label=&#8221;2023&#8243; module_class=&#8221;cb-switch-columns-on-mobile&#8221; _builder_version=&#8221;4.16&#8243; _module_preset=&#8221;default&#8221; global_colors_info=&#8221;{}&#8221;][et_pb_column type=&#8221;1_2&#8243; _builder_version=&#8221;4.16&#8243; _module_preset=&#8221;default&#8221; global_colors_info=&#8221;{}&#8221;][et_pb_text _builder_version=&#8221;4.27.4&#8243; _module_preset=&#8221;default&#8221; hover_enabled=&#8221;0&#8243; global_colors_info=&#8221;{}&#8221; sticky_enabled=&#8221;0&#8243;]<\/p>\n<h3>Yeji Jun, Corea del Sud  <\/h3>\n<p>Yeji Jun \u00e8 nata in Corea del Sud. Attualmente l&#8217;artista vive e lavora a New York e a Seoul. Espone da anni le sue opere a livello internazionale. Il lavoro di Yeji Jun \u00e8 un&#8217;esplorazione del s\u00e9. La sua arte rivela i pensieri quotidiani dell&#8217;artista e scava nella sua immaginazione per rivelare il suo personale stato d&#8217;animo.<\/p>\n<p>[\/et_pb_text][\/et_pb_column][et_pb_column type=&#8221;1_2&#8243; _builder_version=&#8221;4.16&#8243; _module_preset=&#8221;default&#8221; global_colors_info=&#8221;{}&#8221;][et_pb_image src=&#8221;https:\/\/brancaia.com\/wp-content\/uploads\/Collection_Yeji_Jun.jpg&#8221; alt=&#8221;Etichetta della Brancaia Collection&#8221; title_text=&#8221;Collection_Yeji_Jun&#8221; _builder_version=&#8221;4.27.0&#8243; _module_preset=&#8221;default&#8221; global_colors_info=&#8221;{}&#8221;][\/et_pb_image][\/et_pb_column][\/et_pb_row][et_pb_row column_structure=&#8221;1_2,1_2&#8243; admin_label=&#8221;2022&#8243; _builder_version=&#8221;4.27.0&#8243; _module_preset=&#8221;default&#8221; global_colors_info=&#8221;{}&#8221;][et_pb_column type=&#8221;1_2&#8243; _builder_version=&#8221;4.16&#8243; _module_preset=&#8221;default&#8221; global_colors_info=&#8221;{}&#8221;][et_pb_image src=&#8221;https:\/\/brancaia.com\/wp-content\/uploads\/Collection_22.jpg&#8221; alt=&#8221;Etichetta della Brancaia Collection&#8221; title_text=&#8221;Collezione_22&#8243; _builder_version=&#8221;4.27.0&#8243; _module_preset=&#8221;default&#8221; global_colors_info=&#8221;{}&#8221;][\/et_pb_image][\/et_pb_column][et_pb_column type=&#8221;1_2&#8243; _builder_version=&#8221;4.16&#8243; _module_preset=&#8221;default&#8221; global_colors_info=&#8221;{}&#8221;][et_pb_text _builder_version=&#8221;4.27.4&#8243; _module_preset=&#8221;default&#8221; hover_enabled=&#8221;0&#8243; global_colors_info=&#8221;{}&#8221; sticky_enabled=&#8221;0&#8243;]<\/p>\n<h3>Sergiy Maidukov, Ucraina<\/h3>\n<p>Sergiy Maidukov, 42 anni, \u00e8 nato e cresciuto a Donetsk, nell&#8217;Ucraina orientale, dove ha studiato economia. Trasferirsi a Kiev nel 2007 gli ha dato l&#8217;opportunit\u00e0 di approfondire i suoi studi di disegno classico mentre lavorava come designer.<br \/>La sua famiglia \u00e8 fuggita dalla citt\u00e0 dopo l&#8217;inizio dell&#8217;invasione russa, ma lui ha deciso di rimanere. <em>&#8220;Innanzitutto perch\u00e9 amo Kiev e poi perch\u00e9 voglio aiutare<\/em>&#8220;, dice l&#8217;illustratore, <em>&#8220;Darei qualsiasi cosa per vivere in un&#8217;Ucraina libera e democratica<\/em>&#8220;.<\/p>\n<p>[\/et_pb_text][\/et_pb_column][\/et_pb_row][et_pb_row column_structure=&#8221;1_2,1_2&#8243; admin_label=&#8221;2021&#8243; module_class=&#8221;cb-switch-columns-on-mobile&#8221; _builder_version=&#8221;4.16&#8243; _module_preset=&#8221;default&#8221; global_colors_info=&#8221;{}&#8221;][et_pb_column type=&#8221;1_2&#8243; _builder_version=&#8221;4.16&#8243; _module_preset=&#8221;default&#8221; global_colors_info=&#8221;{}&#8221;][et_pb_text _builder_version=&#8221;4.27.4&#8243; _module_preset=&#8221;default&#8221; hover_enabled=&#8221;0&#8243; global_colors_info=&#8221;{}&#8221; sticky_enabled=&#8221;0&#8243;]<\/p>\n<h3>Niels Blaesi, Svizzera<\/h3>\n<p>Niels Blaesi \u00e8 un illustratore e designer freelance svizzero. Forme geometriche di base e forti composizioni di colori caratterizzano il suo stile chiaro e minimalista. Il suo interesse per la ripetizione, il ritmo e la composizione influenzano il suo linguaggio visivo.<\/p>\n<p>&nbsp;<\/p>\n<p>[\/et_pb_text][\/et_pb_column][et_pb_column type=&#8221;1_2&#8243; _builder_version=&#8221;4.16&#8243; _module_preset=&#8221;default&#8221; global_colors_info=&#8221;{}&#8221;][et_pb_image src=&#8221;https:\/\/brancaia.com\/wp-content\/uploads\/Collection_Niels_Blaesi.jpg&#8221; alt=&#8221;Etichetta della Brancaia Collection&#8221; title_text=&#8221;Collection_Niels_Blaesi&#8221; _builder_version=&#8221;4.27.0&#8243; _module_preset=&#8221;default&#8221; global_colors_info=&#8221;{}&#8221;][\/et_pb_image][\/et_pb_column][\/et_pb_row][\/et_pb_section][et_pb_section fb_built=&#8221;1&#8243; _builder_version=&#8221;4.23.1&#8243; _module_preset=&#8221;default&#8221; global_colors_info=&#8221;{}&#8221;][\/et_pb_section]<\/p>\n","protected":false},"excerpt":{"rendered":"<p>Brancaia Collection La Brancaia Collection \u00e8 un&#8217;edizione limitata con 6 diverse etichette che combinano il piacere del vino e l&#8217;arte.Si tratta di una sfida artistica annuale che viene trasmessa a un artista di un paese sempre diverso. Il compito consiste nel progettare sei diverse etichette Brancaia in serie, con l&#8217;unico requisito di mantenere il layout [&hellip;]<\/p>\n","protected":false},"author":1,"featured_media":0,"parent":887,"menu_order":0,"comment_status":"closed","ping_status":"closed","template":"","meta":{"_et_pb_use_builder":"on","_et_pb_old_content":"","_et_gb_content_width":"","footnotes":""},"class_list":["post-8951","page","type-page","status-publish","hentry"],"yoast_head":"<!-- This site is optimized with the Yoast SEO plugin v27.5 - https:\/\/yoast.com\/product\/yoast-seo-wordpress\/ -->\n<title>Brancaia Collection - BRANCAIA<\/title>\n<meta name=\"description\" content=\"Ogni anno, un artista internazionale disegna 6 etichette in edizione limitata per Brancaia TRE, unendo arte e vino in una collezione unica.\" \/>\n<meta name=\"robots\" content=\"index, follow, max-snippet:-1, max-image-preview:large, max-video-preview:-1\" \/>\n<link rel=\"canonical\" href=\"https:\/\/brancaia.com\/it\/prodotti\/brancaia-collection\/\" \/>\n<meta property=\"og:locale\" content=\"it_IT\" \/>\n<meta property=\"og:type\" content=\"article\" \/>\n<meta property=\"og:title\" content=\"Brancaia Collection - BRANCAIA\" \/>\n<meta property=\"og:description\" content=\"Ogni anno, un artista internazionale disegna 6 etichette in edizione limitata per Brancaia TRE, unendo arte e vino in una collezione unica.\" \/>\n<meta property=\"og:url\" content=\"https:\/\/brancaia.com\/it\/prodotti\/brancaia-collection\/\" \/>\n<meta property=\"og:site_name\" content=\"BRANCAIA\" \/>\n<meta property=\"article:modified_time\" content=\"2025-09-12T13:11:25+00:00\" \/>\n<meta name=\"twitter:card\" content=\"summary_large_image\" \/>\n<meta name=\"twitter:label1\" content=\"Tempo di lettura stimato\" \/>\n\t<meta name=\"twitter:data1\" content=\"9 minuti\" \/>\n<script type=\"application\/ld+json\" class=\"yoast-schema-graph\">{\"@context\":\"https:\\\/\\\/schema.org\",\"@graph\":[{\"@type\":\"WebPage\",\"@id\":\"https:\\\/\\\/brancaia.com\\\/it\\\/prodotti\\\/brancaia-collection\\\/\",\"url\":\"https:\\\/\\\/brancaia.com\\\/it\\\/prodotti\\\/brancaia-collection\\\/\",\"name\":\"Brancaia Collection - BRANCAIA\",\"isPartOf\":{\"@id\":\"https:\\\/\\\/brancaia.com\\\/it\\\/#website\"},\"datePublished\":\"2021-12-06T09:30:22+00:00\",\"dateModified\":\"2025-09-12T13:11:25+00:00\",\"description\":\"Ogni anno, un artista internazionale disegna 6 etichette in edizione limitata per Brancaia TRE, unendo arte e vino in una collezione unica.\",\"breadcrumb\":{\"@id\":\"https:\\\/\\\/brancaia.com\\\/it\\\/prodotti\\\/brancaia-collection\\\/#breadcrumb\"},\"inLanguage\":\"it-IT\",\"potentialAction\":[{\"@type\":\"ReadAction\",\"target\":[\"https:\\\/\\\/brancaia.com\\\/it\\\/prodotti\\\/brancaia-collection\\\/\"]}]},{\"@type\":\"BreadcrumbList\",\"@id\":\"https:\\\/\\\/brancaia.com\\\/it\\\/prodotti\\\/brancaia-collection\\\/#breadcrumb\",\"itemListElement\":[{\"@type\":\"ListItem\",\"position\":1,\"name\":\"Home\",\"item\":\"https:\\\/\\\/brancaia.com\\\/it\\\/home\\\/\"},{\"@type\":\"ListItem\",\"position\":2,\"name\":\"Prodotti\",\"item\":\"https:\\\/\\\/brancaia.com\\\/it\\\/prodotti\\\/\"},{\"@type\":\"ListItem\",\"position\":3,\"name\":\"Brancaia Collection\"}]},{\"@type\":\"WebSite\",\"@id\":\"https:\\\/\\\/brancaia.com\\\/it\\\/#website\",\"url\":\"https:\\\/\\\/brancaia.com\\\/it\\\/\",\"name\":\"BRANCAIA\",\"description\":\"Winery &amp; Wines\",\"potentialAction\":[{\"@type\":\"SearchAction\",\"target\":{\"@type\":\"EntryPoint\",\"urlTemplate\":\"https:\\\/\\\/brancaia.com\\\/it\\\/?s={search_term_string}\"},\"query-input\":{\"@type\":\"PropertyValueSpecification\",\"valueRequired\":true,\"valueName\":\"search_term_string\"}}],\"inLanguage\":\"it-IT\"}]}<\/script>\n<!-- \/ Yoast SEO plugin. -->","yoast_head_json":{"title":"Brancaia Collection - BRANCAIA","description":"Ogni anno, un artista internazionale disegna 6 etichette in edizione limitata per Brancaia TRE, unendo arte e vino in una collezione unica.","robots":{"index":"index","follow":"follow","max-snippet":"max-snippet:-1","max-image-preview":"max-image-preview:large","max-video-preview":"max-video-preview:-1"},"canonical":"https:\/\/brancaia.com\/it\/prodotti\/brancaia-collection\/","og_locale":"it_IT","og_type":"article","og_title":"Brancaia Collection - BRANCAIA","og_description":"Ogni anno, un artista internazionale disegna 6 etichette in edizione limitata per Brancaia TRE, unendo arte e vino in una collezione unica.","og_url":"https:\/\/brancaia.com\/it\/prodotti\/brancaia-collection\/","og_site_name":"BRANCAIA","article_modified_time":"2025-09-12T13:11:25+00:00","twitter_card":"summary_large_image","twitter_misc":{"Tempo di lettura stimato":"9 minuti"},"schema":{"@context":"https:\/\/schema.org","@graph":[{"@type":"WebPage","@id":"https:\/\/brancaia.com\/it\/prodotti\/brancaia-collection\/","url":"https:\/\/brancaia.com\/it\/prodotti\/brancaia-collection\/","name":"Brancaia Collection - BRANCAIA","isPartOf":{"@id":"https:\/\/brancaia.com\/it\/#website"},"datePublished":"2021-12-06T09:30:22+00:00","dateModified":"2025-09-12T13:11:25+00:00","description":"Ogni anno, un artista internazionale disegna 6 etichette in edizione limitata per Brancaia TRE, unendo arte e vino in una collezione unica.","breadcrumb":{"@id":"https:\/\/brancaia.com\/it\/prodotti\/brancaia-collection\/#breadcrumb"},"inLanguage":"it-IT","potentialAction":[{"@type":"ReadAction","target":["https:\/\/brancaia.com\/it\/prodotti\/brancaia-collection\/"]}]},{"@type":"BreadcrumbList","@id":"https:\/\/brancaia.com\/it\/prodotti\/brancaia-collection\/#breadcrumb","itemListElement":[{"@type":"ListItem","position":1,"name":"Home","item":"https:\/\/brancaia.com\/it\/home\/"},{"@type":"ListItem","position":2,"name":"Prodotti","item":"https:\/\/brancaia.com\/it\/prodotti\/"},{"@type":"ListItem","position":3,"name":"Brancaia Collection"}]},{"@type":"WebSite","@id":"https:\/\/brancaia.com\/it\/#website","url":"https:\/\/brancaia.com\/it\/","name":"BRANCAIA","description":"Winery &amp; Wines","potentialAction":[{"@type":"SearchAction","target":{"@type":"EntryPoint","urlTemplate":"https:\/\/brancaia.com\/it\/?s={search_term_string}"},"query-input":{"@type":"PropertyValueSpecification","valueRequired":true,"valueName":"search_term_string"}}],"inLanguage":"it-IT"}]}},"_links":{"self":[{"href":"https:\/\/brancaia.com\/it\/wp-json\/wp\/v2\/pages\/8951","targetHints":{"allow":["GET"]}}],"collection":[{"href":"https:\/\/brancaia.com\/it\/wp-json\/wp\/v2\/pages"}],"about":[{"href":"https:\/\/brancaia.com\/it\/wp-json\/wp\/v2\/types\/page"}],"author":[{"embeddable":true,"href":"https:\/\/brancaia.com\/it\/wp-json\/wp\/v2\/users\/1"}],"replies":[{"embeddable":true,"href":"https:\/\/brancaia.com\/it\/wp-json\/wp\/v2\/comments?post=8951"}],"version-history":[{"count":52,"href":"https:\/\/brancaia.com\/it\/wp-json\/wp\/v2\/pages\/8951\/revisions"}],"predecessor-version":[{"id":20437,"href":"https:\/\/brancaia.com\/it\/wp-json\/wp\/v2\/pages\/8951\/revisions\/20437"}],"up":[{"embeddable":true,"href":"https:\/\/brancaia.com\/it\/wp-json\/wp\/v2\/pages\/887"}],"wp:attachment":[{"href":"https:\/\/brancaia.com\/it\/wp-json\/wp\/v2\/media?parent=8951"}],"curies":[{"name":"wp","href":"https:\/\/api.w.org\/{rel}","templated":true}]}}